{"id":6179,"date":"2026-07-30T12:17:58","date_gmt":"2026-07-30T12:17:58","guid":{"rendered":"https:\/\/vidrocerto.org.br\/vc-novo\/?page_id=6179"},"modified":"2026-07-30T14:41:16","modified_gmt":"2026-07-30T14:41:16","slug":"download-folder","status":"publish","type":"page","link":"https:\/\/vidrocerto.org.br\/vc-novo\/download-folder\/","title":{"rendered":"Download &#8211; Folder"},"content":{"rendered":"\t\t<div data-elementor-type=\"wp-page\" data-elementor-id=\"6179\" class=\"elementor elementor-6179\" data-elementor-settings=\"{&quot;ha_cmc_init_switcher&quot;:&quot;no&quot;}\">\n\t\t\t\t\t\t<section class=\"elementor-section elementor-top-section elementor-element elementor-element-6979fec elementor-section-stretched elementor-section-boxed elementor-section-height-default elementor-section-height-default wpr-particle-no wpr-jarallax-no wpr-parallax-no wpr-sticky-section-no wpr-column-slider-no wpr-equal-height-no\" data-id=\"6979fec\" data-element_type=\"section\" data-e-type=\"section\" data-settings=\"{&quot;stretch_section&quot;:&quot;section-stretched&quot;,&quot;background_background&quot;:&quot;classic&quot;,&quot;_ha_eqh_enable&quot;:false}\">\n\t\t\t\t\t\t\t<div class=\"elementor-background-overlay\"><\/div>\n\t\t\t\t\t\t\t<div class=\"elementor-container elementor-column-gap-no\">\n\t\t\t\t\t<div class=\"elementor-column elementor-col-50 elementor-top-column elementor-element elementor-element-6ffcc3d\" data-id=\"6ffcc3d\" data-element_type=\"column\" data-e-type=\"column\">\n\t\t\t<div class=\"elementor-widget-wrap elementor-element-populated\">\n\t\t\t\t\t\t<div class=\"elementor-element elementor-element-6651196 elementor-widget elementor-widget-spacer\" data-id=\"6651196\" data-element_type=\"widget\" data-e-type=\"widget\" data-widget_type=\"spacer.default\">\n\t\t\t\t<div class=\"elementor-widget-container\">\n\t\t\t\t\t\t\t<div class=\"elementor-spacer\">\n\t\t\t<div class=\"elementor-spacer-inner\"><\/div>\n\t\t<\/div>\n\t\t\t\t\t\t<\/div>\n\t\t\t\t<\/div>\n\t\t\t\t<div class=\"elementor-element elementor-element-da93087 elementor-invisible elementor-widget elementor-widget-heading\" data-id=\"da93087\" data-element_type=\"widget\" data-e-type=\"widget\" data-settings=\"{&quot;_animation&quot;:&quot;fadeIn&quot;}\" data-widget_type=\"heading.default\">\n\t\t\t\t<div class=\"elementor-widget-container\">\n\t\t\t\t\t<h2 class=\"elementor-heading-title elementor-size-default\">Folder <br> <strong> Benef\u00edcios do vidro!<\/h2>\t\t\t\t<\/div>\n\t\t\t\t<\/div>\n\t\t\t\t<div class=\"elementor-element elementor-element-c346b81 elementor-widget elementor-widget-text-editor\" data-id=\"c346b81\" data-element_type=\"widget\" data-e-type=\"widget\" data-widget_type=\"text-editor.default\">\n\t\t\t\t<div class=\"elementor-widget-container\">\n\t\t\t\t\t\t\t\t\t<p class=\"pf0\">Neste material visual, voc\u00ea poder\u00e1 explorar toda a cadeia vidreira e o vidro na Constru\u00e7\u00e3o Civil. Em um mapa \u00fanico que simula diversas aplica\u00e7\u00f5es e os benef\u00edcios que s\u00f3 o vidro pode trazer para elas.\u00a0<\/p><p><!--EndFragment --><\/p>\t\t\t\t\t\t\t\t<\/div>\n\t\t\t\t<\/div>\n\t\t\t\t<div class=\"elementor-element elementor-element-1e1524d elementor-align-left elementor-widget elementor-widget-button\" data-id=\"1e1524d\" data-element_type=\"widget\" data-e-type=\"widget\" data-widget_type=\"button.default\">\n\t\t\t\t<div class=\"elementor-widget-container\">\n\t\t\t\t\t\t\t\t\t<div class=\"elementor-button-wrapper\">\n\t\t\t\t\t<a class=\"elementor-button elementor-button-link elementor-size-sm elementor-animation-shrink\" href=\"#materiais\" id=\"conheca-hero\">\n\t\t\t\t\t\t<span class=\"elementor-button-content-wrapper\">\n\t\t\t\t\t\t\t\t\t<span class=\"elementor-button-text\">Baixar material<\/span>\n\t\t\t\t\t<\/span>\n\t\t\t\t\t<\/a>\n\t\t\t\t<\/div>\n\t\t\t\t\t\t\t\t<\/div>\n\t\t\t\t<\/div>\n\t\t\t\t<div class=\"elementor-element elementor-element-52435c9 elementor-align-left elementor-widget elementor-widget-button\" data-id=\"52435c9\" data-element_type=\"widget\" data-e-type=\"widget\" data-widget_type=\"button.default\">\n\t\t\t\t<div class=\"elementor-widget-container\">\n\t\t\t\t\t\t\t\t\t<div class=\"elementor-button-wrapper\">\n\t\t\t\t\t<a class=\"elementor-button elementor-button-link elementor-size-sm elementor-animation-shrink\" href=\"#beneficios\" id=\"conheca-hero\">\n\t\t\t\t\t\t<span class=\"elementor-button-content-wrapper\">\n\t\t\t\t\t\t\t\t\t<span class=\"elementor-button-text\">Conhe\u00e7a mais<\/span>\n\t\t\t\t\t<\/span>\n\t\t\t\t\t<\/a>\n\t\t\t\t<\/div>\n\t\t\t\t\t\t\t\t<\/div>\n\t\t\t\t<\/div>\n\t\t\t\t<div class=\"elementor-element elementor-element-a18c24e elementor-hidden-mobile elementor-widget elementor-widget-spacer\" data-id=\"a18c24e\" data-element_type=\"widget\" data-e-type=\"widget\" data-widget_type=\"spacer.default\">\n\t\t\t\t<div class=\"elementor-widget-container\">\n\t\t\t\t\t\t\t<div class=\"elementor-spacer\">\n\t\t\t<div class=\"elementor-spacer-inner\"><\/div>\n\t\t<\/div>\n\t\t\t\t\t\t<\/div>\n\t\t\t\t<\/div>\n\t\t\t\t\t<\/div>\n\t\t<\/div>\n\t\t\t\t<div class=\"elementor-column elementor-col-50 elementor-top-column elementor-element elementor-element-0989128\" data-id=\"0989128\" data-element_type=\"column\" data-e-type=\"column\">\n\t\t\t<div class=\"elementor-widget-wrap elementor-element-populated\">\n\t\t\t\t\t\t<div class=\"elementor-element elementor-element-ddddfa7 elementor-widget elementor-widget-spacer\" data-id=\"ddddfa7\" data-element_type=\"widget\" data-e-type=\"widget\" data-widget_type=\"spacer.default\">\n\t\t\t\t<div class=\"elementor-widget-container\">\n\t\t\t\t\t\t\t<div class=\"elementor-spacer\">\n\t\t\t<div class=\"elementor-spacer-inner\"><\/div>\n\t\t<\/div>\n\t\t\t\t\t\t<\/div>\n\t\t\t\t<\/div>\n\t\t\t\t\t<\/div>\n\t\t<\/div>\n\t\t\t\t\t<\/div>\n\t\t<\/section>\n\t\t\t\t<section class=\"elementor-section elementor-top-section elementor-element elementor-element-285e9b4 elementor-section-boxed elementor-section-height-default elementor-section-height-default wpr-particle-no wpr-jarallax-no wpr-parallax-no wpr-sticky-section-no wpr-column-slider-no wpr-equal-height-no\" data-id=\"285e9b4\" data-element_type=\"section\" data-e-type=\"section\" data-settings=\"{&quot;background_background&quot;:&quot;classic&quot;,&quot;shape_divider_top&quot;:&quot;tilt&quot;,&quot;_ha_eqh_enable&quot;:false}\">\n\t\t\t\t\t<div class=\"elementor-shape elementor-shape-top\" aria-hidden=\"true\" data-negative=\"false\">\n\t\t\t<svg xmlns=\"http:\/\/www.w3.org\/2000\/svg\" viewBox=\"0 0 1000 100\" preserveAspectRatio=\"none\">\n\t<path class=\"elementor-shape-fill\" d=\"M0,6V0h1000v100L0,6z\"\/>\n<\/svg>\t\t<\/div>\n\t\t\t\t\t<div class=\"elementor-container elementor-column-gap-default\">\n\t\t\t\t\t<div class=\"elementor-column elementor-col-50 elementor-top-column elementor-element elementor-element-10a5f9f\" data-id=\"10a5f9f\" data-element_type=\"column\" data-e-type=\"column\">\n\t\t\t<div class=\"elementor-widget-wrap elementor-element-populated\">\n\t\t\t\t\t\t<div class=\"elementor-element elementor-element-a1a2aaf elementor-hidden-mobile elementor-widget elementor-widget-spacer\" data-id=\"a1a2aaf\" data-element_type=\"widget\" data-e-type=\"widget\" data-widget_type=\"spacer.default\">\n\t\t\t\t<div class=\"elementor-widget-container\">\n\t\t\t\t\t\t\t<div class=\"elementor-spacer\">\n\t\t\t<div class=\"elementor-spacer-inner\"><\/div>\n\t\t<\/div>\n\t\t\t\t\t\t<\/div>\n\t\t\t\t<\/div>\n\t\t\t\t<div class=\"elementor-element elementor-element-4a1cf37 elementor-widget elementor-widget-menu-anchor\" data-id=\"4a1cf37\" data-element_type=\"widget\" data-e-type=\"widget\" data-widget_type=\"menu-anchor.default\">\n\t\t\t\t<div class=\"elementor-widget-container\">\n\t\t\t\t\t\t\t<div class=\"elementor-menu-anchor\" id=\"beneficios\"><\/div>\n\t\t\t\t\t\t<\/div>\n\t\t\t\t<\/div>\n\t\t\t\t<div class=\"elementor-element elementor-element-90f99a2 elementor-invisible elementor-widget elementor-widget-heading\" data-id=\"90f99a2\" data-element_type=\"widget\" data-e-type=\"widget\" data-settings=\"{&quot;_animation&quot;:&quot;fadeIn&quot;}\" data-widget_type=\"heading.default\">\n\t\t\t\t<div class=\"elementor-widget-container\">\n\t\t\t\t\t<h2 class=\"elementor-heading-title elementor-size-default\">Vidro como escolha certa!<\/h2>\t\t\t\t<\/div>\n\t\t\t\t<\/div>\n\t\t\t\t<div class=\"elementor-element elementor-element-5858066 animated-slow elementor-invisible elementor-widget elementor-widget-text-editor\" data-id=\"5858066\" data-element_type=\"widget\" data-e-type=\"widget\" data-settings=\"{&quot;_animation&quot;:&quot;fadeIn&quot;}\" data-widget_type=\"text-editor.default\">\n\t\t\t\t<div class=\"elementor-widget-container\">\n\t\t\t\t\t\t\t\t\t<p>Existem diversas aplica\u00e7\u00f5es de vidro na Constru\u00e7\u00e3o Civil as quais milh\u00f5es de pessoas interagem dia a dia. E, para cada uma dessas aplica\u00e7\u00f5es existem o tipo de vidro certo. Neste material, trouxemos uma vis\u00e3o n\u00e3o s\u00f3 da aplica\u00e7\u00e3o como dos benef\u00edcios que o vidro traz para cada uma delas.\u00a0<\/p>\t\t\t\t\t\t\t\t<\/div>\n\t\t\t\t<\/div>\n\t\t\t\t<div class=\"elementor-element elementor-element-fefdcf5 elementor-align-left elementor-mobile-align-justify elementor-widget elementor-widget-button\" data-id=\"fefdcf5\" data-element_type=\"widget\" data-e-type=\"widget\" data-widget_type=\"button.default\">\n\t\t\t\t<div class=\"elementor-widget-container\">\n\t\t\t\t\t\t\t\t\t<div class=\"elementor-button-wrapper\">\n\t\t\t\t\t<a class=\"elementor-button elementor-button-link elementor-size-sm elementor-animation-shrink\" href=\"#faq\" id=\"ver-materiais\">\n\t\t\t\t\t\t<span class=\"elementor-button-content-wrapper\">\n\t\t\t\t\t\t\t\t\t<span class=\"elementor-button-text\">Ver d\u00favidas frequentes<\/span>\n\t\t\t\t\t<\/span>\n\t\t\t\t\t<\/a>\n\t\t\t\t<\/div>\n\t\t\t\t\t\t\t\t<\/div>\n\t\t\t\t<\/div>\n\t\t\t\t\t<\/div>\n\t\t<\/div>\n\t\t\t\t<div class=\"elementor-column elementor-col-50 elementor-top-column elementor-element elementor-element-7936579\" data-id=\"7936579\" data-element_type=\"column\" data-e-type=\"column\">\n\t\t\t<div class=\"elementor-widget-wrap elementor-element-populated\">\n\t\t\t\t\t\t<div class=\"elementor-element elementor-element-210614c elementor-widget__width-inherit elementor-widget elementor-widget-image\" data-id=\"210614c\" data-element_type=\"widget\" data-e-type=\"widget\" data-widget_type=\"image.default\">\n\t\t\t\t<div class=\"elementor-widget-container\">\n\t\t\t\t\t\t\t\t\t\t\t\t\t\t\t<img fetchpriority=\"high\" decoding=\"async\" width=\"580\" height=\"580\" src=\"https:\/\/vidrocerto.org.br\/vc-novo\/wp-content\/uploads\/2026\/07\/Sub-banner.webp\" class=\"attachment-large size-large wp-image-6186\" alt=\"\" srcset=\"https:\/\/vidrocerto.org.br\/vc-novo\/wp-content\/uploads\/2026\/07\/Sub-banner.webp 900w, https:\/\/vidrocerto.org.br\/vc-novo\/wp-content\/uploads\/2026\/07\/Sub-banner-300x300.webp 300w, https:\/\/vidrocerto.org.br\/vc-novo\/wp-content\/uploads\/2026\/07\/Sub-banner-150x150.webp 150w, https:\/\/vidrocerto.org.br\/vc-novo\/wp-content\/uploads\/2026\/07\/Sub-banner-768x768.webp 768w, https:\/\/vidrocerto.org.br\/vc-novo\/wp-content\/uploads\/2026\/07\/Sub-banner-200x200.webp 200w\" sizes=\"(max-width: 580px) 100vw, 580px\" \/>\t\t\t\t\t\t\t\t\t\t\t\t\t\t\t<\/div>\n\t\t\t\t<\/div>\n\t\t\t\t\t<\/div>\n\t\t<\/div>\n\t\t\t\t\t<\/div>\n\t\t<\/section>\n\t\t\t\t<section class=\"elementor-section elementor-top-section elementor-element elementor-element-13661af elementor-section-boxed elementor-section-height-default elementor-section-height-default wpr-particle-no wpr-jarallax-no wpr-parallax-no wpr-sticky-section-no wpr-column-slider-no wpr-equal-height-no\" data-id=\"13661af\" data-element_type=\"section\" data-e-type=\"section\" data-settings=\"{&quot;background_background&quot;:&quot;classic&quot;,&quot;_ha_eqh_enable&quot;:false}\">\n\t\t\t\t\t\t<div class=\"elementor-container elementor-column-gap-default\">\n\t\t\t\t\t<div class=\"elementor-column elementor-col-100 elementor-top-column elementor-element elementor-element-ae36fa2\" data-id=\"ae36fa2\" data-element_type=\"column\" data-e-type=\"column\">\n\t\t\t<div class=\"elementor-widget-wrap elementor-element-populated\">\n\t\t\t\t\t\t<div class=\"elementor-element elementor-element-49c7398 elementor-widget elementor-widget-menu-anchor\" data-id=\"49c7398\" data-element_type=\"widget\" data-e-type=\"widget\" data-widget_type=\"menu-anchor.default\">\n\t\t\t\t<div class=\"elementor-widget-container\">\n\t\t\t\t\t\t\t<div class=\"elementor-menu-anchor\" id=\"materiais\"><\/div>\n\t\t\t\t\t\t<\/div>\n\t\t\t\t<\/div>\n\t\t\t\t<div class=\"elementor-element elementor-element-b604216 elementor-widget elementor-widget-heading\" data-id=\"b604216\" data-element_type=\"widget\" data-e-type=\"widget\" data-widget_type=\"heading.default\">\n\t\t\t\t<div class=\"elementor-widget-container\">\n\t\t\t\t\t<h2 class=\"elementor-heading-title elementor-size-default\">Clique e veja melhor!<\/h2>\t\t\t\t<\/div>\n\t\t\t\t<\/div>\n\t\t\t\t<div class=\"elementor-element elementor-element-2d0f037 elementor-widget elementor-widget-text-editor\" data-id=\"2d0f037\" data-element_type=\"widget\" data-e-type=\"widget\" data-widget_type=\"text-editor.default\">\n\t\t\t\t<div class=\"elementor-widget-container\">\n\t\t\t\t\t\t\t\t\t<p>Clicando no folder voc\u00ea pode visualizar melhor todas as informa\u00e7\u00f5es do mapa.<\/p>\t\t\t\t\t\t\t\t<\/div>\n\t\t\t\t<\/div>\n\t\t\t\t<div class=\"elementor-element elementor-element-87610e7 elementor-widget elementor-widget-image\" data-id=\"87610e7\" data-element_type=\"widget\" data-e-type=\"widget\" data-widget_type=\"image.default\">\n\t\t\t\t<div class=\"elementor-widget-container\">\n\t\t\t\t\t\t\t\t\t\t\t\t\t\t\t\t<a href=\"https:\/\/vidrocerto.org.br\/vc-novo\/wp-content\/uploads\/2026\/07\/Folder-completo.webp\" data-elementor-open-lightbox=\"yes\" data-elementor-lightbox-title=\"Folder completo\" data-e-action-hash=\"#elementor-action%3Aaction%3Dlightbox%26settings%3DeyJpZCI6NjI0MywidXJsIjoiaHR0cHM6XC9cL3ZpZHJvY2VydG8ub3JnLmJyXC92Yy1ub3ZvXC93cC1jb250ZW50XC91cGxvYWRzXC8yMDI2XC8wN1wvRm9sZGVyLWNvbXBsZXRvLndlYnAifQ%3D%3D\">\n\t\t\t\t\t\t\t<img decoding=\"async\" width=\"2367\" height=\"840\" src=\"https:\/\/vidrocerto.org.br\/vc-novo\/wp-content\/uploads\/2026\/07\/Folder-completo.webp\" class=\"attachment-full size-full wp-image-6243\" alt=\"\" srcset=\"https:\/\/vidrocerto.org.br\/vc-novo\/wp-content\/uploads\/2026\/07\/Folder-completo.webp 2367w, https:\/\/vidrocerto.org.br\/vc-novo\/wp-content\/uploads\/2026\/07\/Folder-completo-300x106.webp 300w, https:\/\/vidrocerto.org.br\/vc-novo\/wp-content\/uploads\/2026\/07\/Folder-completo-1024x363.webp 1024w, https:\/\/vidrocerto.org.br\/vc-novo\/wp-content\/uploads\/2026\/07\/Folder-completo-768x273.webp 768w, https:\/\/vidrocerto.org.br\/vc-novo\/wp-content\/uploads\/2026\/07\/Folder-completo-1536x545.webp 1536w, https:\/\/vidrocerto.org.br\/vc-novo\/wp-content\/uploads\/2026\/07\/Folder-completo-2048x727.webp 2048w, https:\/\/vidrocerto.org.br\/vc-novo\/wp-content\/uploads\/2026\/07\/Folder-completo-200x71.webp 200w, https:\/\/vidrocerto.org.br\/vc-novo\/wp-content\/uploads\/2026\/07\/Folder-completo-1200x426.webp 1200w, https:\/\/vidrocerto.org.br\/vc-novo\/wp-content\/uploads\/2026\/07\/Folder-completo-1980x703.webp 1980w\" sizes=\"(max-width: 2367px) 100vw, 2367px\" \/>\t\t\t\t\t\t\t\t<\/a>\n\t\t\t\t\t\t\t\t\t\t\t\t\t\t\t<\/div>\n\t\t\t\t<\/div>\n\t\t\t\t<div class=\"elementor-element elementor-element-f3b53f8 elementor-widget elementor-widget-heading\" data-id=\"f3b53f8\" data-element_type=\"widget\" data-e-type=\"widget\" data-widget_type=\"heading.default\">\n\t\t\t\t<div class=\"elementor-widget-container\">\n\t\t\t\t\t<h2 class=\"elementor-heading-title elementor-size-default\">Gostou? Baixe o material<\/h2>\t\t\t\t<\/div>\n\t\t\t\t<\/div>\n\t\t\t\t<div class=\"elementor-element elementor-element-5439c01 elementor-widget elementor-widget-text-editor\" data-id=\"5439c01\" data-element_type=\"widget\" data-e-type=\"widget\" data-widget_type=\"text-editor.default\">\n\t\t\t\t<div class=\"elementor-widget-container\">\n\t\t\t\t\t\t\t\t\t<p>Preencha o formul\u00e1rio abaixo e receba o folder direto no email cadastrado.\u00a0<\/p>\t\t\t\t\t\t\t\t<\/div>\n\t\t\t\t<\/div>\n\t\t\t\t<div class=\"elementor-element elementor-element-9320831 ha-has-bg-overlay elementor-widget elementor-widget-shortcode\" data-id=\"9320831\" data-element_type=\"widget\" data-e-type=\"widget\" data-widget_type=\"shortcode.default\">\n\t\t\t\t<div class=\"elementor-widget-container\">\n\t\t\t\t\t\t\t<div class=\"elementor-shortcode\"><div class=\"forminator-ui forminator-custom-form forminator-custom-form-6185 forminator-design--material  forminator_ajax\" data-forminator-render=\"0\" data-form=\"forminator-module-6185\" data-uid=\"6a9d26f8d1287\"><br\/><\/div><form\n\t\t\t\tid=\"forminator-module-6185\"\n\t\t\t\tclass=\"forminator-ui forminator-custom-form forminator-custom-form-6185 forminator-design--material  forminator_ajax\"\n\t\t\t\tmethod=\"post\"\n\t\t\t\tdata-forminator-render=\"0\"\n\t\t\t\tdata-form-id=\"6185\"\n\t\t\t\t data-color-option=\"default\" data-design=\"material\" data-grid=\"open\" style=\"display: none;\"\n\t\t\t\tdata-uid=\"6a9d26f8d1287\"\n\t\t\t><div role=\"alert\" aria-live=\"polite\" class=\"forminator-response-message forminator-error\" aria-hidden=\"true\"><\/div><div class=\"forminator-row\"><div id=\"name-1\" class=\"forminator-field-name forminator-col forminator-col-6 \"><div class=\"forminator-field\"><label for=\"forminator-field-name-1_6a9d26f8d1287\" id=\"forminator-field-name-1_6a9d26f8d1287-label\" class=\"forminator-label\">Nome<\/label><input type=\"text\" name=\"name-1\" value=\"\" placeholder=\"\" id=\"forminator-field-name-1_6a9d26f8d1287\" class=\"forminator-input forminator-name--field\" aria-required=\"false\" autocomplete=\"name\" \/><\/div><\/div><div id=\"email-1\" class=\"forminator-field-email forminator-col forminator-col-6 \"><div class=\"forminator-field\"><label for=\"forminator-field-email-1_6a9d26f8d1287\" id=\"forminator-field-email-1_6a9d26f8d1287-label\" class=\"forminator-label\">E-mail <span class=\"forminator-required\">*<\/span><\/label><input type=\"email\" name=\"email-1\" value=\"\" placeholder=\"\" id=\"forminator-field-email-1_6a9d26f8d1287\" class=\"forminator-input forminator-email--field\" data-required=\"1\" aria-required=\"true\" autocomplete=\"email\" \/><\/div><\/div><\/div><div class=\"forminator-row\"><div id=\"select-1\" class=\"forminator-field-select forminator-col forminator-col-12 \"><div class=\"forminator-field\"><label for=\"forminator-form-6185__field--select-1_6a9d26f8d1287\" id=\"forminator-form-6185__field--select-1_6a9d26f8d1287-label\" class=\"forminator-label\">Sua profiss\u00e3o<\/label><select  id=\"forminator-form-6185__field--select-1_6a9d26f8d1287\" class=\"forminator-select--field forminator-select2 forminator-select2-multiple\" data-required=\"\" name=\"select-1\" data-default-value=\"\" data-hidden-behavior=\"zero\" data-placeholder=\"\" data-search=\"false\" data-search-placeholder=\"\" data-checkbox=\"false\" data-allow-clear=\"false\" aria-labelledby=\"forminator-form-6185__field--select-1_6a9d26f8d1287-label\"><option value=\"one\"  data-calculation=\"0\">Arquiteta \/ Arquiteto<\/option><option value=\"two\"  data-calculation=\"0\">Caixilheiro<\/option><option value=\"Designer-de-Interiores\"  data-calculation=\"0\">Designer de Interiores<\/option><option value=\"Engenheira---Engenheiro\"  data-calculation=\"0\">Engenheira \/ Engenheiro<\/option><option value=\"Sistemista\"  data-calculation=\"0\">Sistemista<\/option><option value=\"Vidraceiro\"  data-calculation=\"0\">Vidraceiro<\/option><option value=\"Outro\"  data-calculation=\"0\">Outro<\/option><\/select><\/div><\/div><\/div><div class=\"forminator-row\"><div id=\"name-2\" class=\"forminator-field-name forminator-col forminator-col-12 \"><div class=\"forminator-field\"><label for=\"forminator-field-name-2_6a9d26f8d1287\" id=\"forminator-field-name-2_6a9d26f8d1287-label\" class=\"forminator-label\">Qual?<\/label><input type=\"text\" name=\"name-2\" value=\"\" placeholder=\"\" id=\"forminator-field-name-2_6a9d26f8d1287\" class=\"forminator-input forminator-name--field\" aria-required=\"false\" autocomplete=\"name\" \/><\/div><\/div><\/div><input type=\"hidden\" name=\"referer_url\" value=\"\" \/><div class=\"forminator-row forminator-row-last\"><div class=\"forminator-col\"><div class=\"forminator-field\"><button class=\"forminator-button forminator-button-submit\"><span>Baixar Guia<\/span><span aria-hidden=\"true\"><\/span><\/button><\/div><\/div><\/div><input type=\"hidden\" id=\"forminator_nonce\" name=\"forminator_nonce\" value=\"0318ddd974\" \/><input type=\"hidden\" name=\"_wp_http_referer\" value=\"\/vc-novo\/wp-json\/wp\/v2\/pages\/6179\" \/><input type=\"hidden\" name=\"form_id\" value=\"6185\"><input type=\"hidden\" name=\"page_id\" value=\"6179\"><input type=\"hidden\" name=\"form_type\" value=\"default\"><input type=\"hidden\" name=\"current_url\" value=\"https:\/\/vidrocerto.org.br\/vc-novo\/download-folder\/\"><input type=\"hidden\" name=\"render_id\" value=\"0\"><input type=\"hidden\" name=\"action\" value=\"forminator_submit_form_custom-forms\"><\/form><\/div>\n\t\t\t\t\t\t<\/div>\n\t\t\t\t<\/div>\n\t\t\t\t\t<\/div>\n\t\t<\/div>\n\t\t\t\t\t<\/div>\n\t\t<\/section>\n\t\t\t\t<section class=\"elementor-section elementor-top-section elementor-element elementor-element-b9529ae elementor-section-boxed elementor-section-height-default elementor-section-height-default wpr-particle-no wpr-jarallax-no wpr-parallax-no wpr-sticky-section-no wpr-column-slider-no wpr-equal-height-no\" data-id=\"b9529ae\" data-element_type=\"section\" data-e-type=\"section\" data-settings=\"{&quot;_ha_eqh_enable&quot;:false}\">\n\t\t\t\t\t\t<div class=\"elementor-container elementor-column-gap-default\">\n\t\t\t\t\t<div class=\"elementor-column elementor-col-100 elementor-top-column elementor-element elementor-element-d73b0c3\" data-id=\"d73b0c3\" data-element_type=\"column\" data-e-type=\"column\">\n\t\t\t<div class=\"elementor-widget-wrap elementor-element-populated\">\n\t\t\t\t\t\t<div class=\"elementor-element elementor-element-a84ac21 elementor-invisible elementor-widget elementor-widget-heading\" data-id=\"a84ac21\" data-element_type=\"widget\" data-e-type=\"widget\" data-settings=\"{&quot;_animation&quot;:&quot;fadeIn&quot;}\" data-widget_type=\"heading.default\">\n\t\t\t\t<div class=\"elementor-widget-container\">\n\t\t\t\t\t<h2 class=\"elementor-heading-title elementor-size-default\">D\u00daVIDAS FREQUENTES<\/h2>\t\t\t\t<\/div>\n\t\t\t\t<\/div>\n\t\t\t\t<div class=\"elementor-element elementor-element-e884b95 elementor-widget elementor-widget-text-editor\" data-id=\"e884b95\" data-element_type=\"widget\" data-e-type=\"widget\" data-widget_type=\"text-editor.default\">\n\t\t\t\t<div class=\"elementor-widget-container\">\n\t\t\t\t\t\t\t\t\t<p>Sobre os vidros de seguran\u00e7a<\/p>\t\t\t\t\t\t\t\t<\/div>\n\t\t\t\t<\/div>\n\t\t\t\t<div class=\"elementor-element elementor-element-56d1f0b elementor-widget elementor-widget-toggle\" data-id=\"56d1f0b\" data-element_type=\"widget\" data-e-type=\"widget\" data-widget_type=\"toggle.default\">\n\t\t\t\t<div class=\"elementor-widget-container\">\n\t\t\t\t\t\t\t<div class=\"elementor-toggle\">\n\t\t\t\t\t\t\t<div class=\"elementor-toggle-item\">\n\t\t\t\t\t<div id=\"elementor-tab-title-9101\" class=\"elementor-tab-title\" data-tab=\"1\" role=\"button\" aria-controls=\"elementor-tab-content-9101\" aria-expanded=\"false\">\n\t\t\t\t\t\t\t\t\t\t\t\t<span class=\"elementor-toggle-icon elementor-toggle-icon-right\" aria-hidden=\"true\">\n\t\t\t\t\t\t\t\t\t\t\t\t\t\t\t<span class=\"elementor-toggle-icon-closed\"><i class=\"fas fa-caret-right\"><\/i><\/span>\n\t\t\t\t\t\t\t\t<span class=\"elementor-toggle-icon-opened\"><i class=\"elementor-toggle-icon-opened fas fa-caret-up\"><\/i><\/span>\n\t\t\t\t\t\t\t\t\t\t\t\t\t<\/span>\n\t\t\t\t\t\t\t\t\t\t\t\t<a class=\"elementor-toggle-title\" tabindex=\"0\">Qual a norma que define a seguran\u00e7a no vidro usado nas constru\u00e7\u00f5es?<\/a>\n\t\t\t\t\t<\/div>\n\n\t\t\t\t\t<div id=\"elementor-tab-content-9101\" class=\"elementor-tab-content elementor-clearfix\" data-tab=\"1\" role=\"region\" aria-labelledby=\"elementor-tab-title-9101\"><p>\u00c9 a norma ABNT NBR 7199. Ela descreve os vidros m\u00ednimos aceit\u00e1veis para cada tipo de aplica\u00e7\u00e3o na constru\u00e7\u00e3o civil.<\/p><\/div>\n\t\t\t\t<\/div>\n\t\t\t\t\t\t\t<div class=\"elementor-toggle-item\">\n\t\t\t\t\t<div id=\"elementor-tab-title-9102\" class=\"elementor-tab-title\" data-tab=\"2\" role=\"button\" aria-controls=\"elementor-tab-content-9102\" aria-expanded=\"false\">\n\t\t\t\t\t\t\t\t\t\t\t\t<span class=\"elementor-toggle-icon elementor-toggle-icon-right\" aria-hidden=\"true\">\n\t\t\t\t\t\t\t\t\t\t\t\t\t\t\t<span class=\"elementor-toggle-icon-closed\"><i class=\"fas fa-caret-right\"><\/i><\/span>\n\t\t\t\t\t\t\t\t<span class=\"elementor-toggle-icon-opened\"><i class=\"elementor-toggle-icon-opened fas fa-caret-up\"><\/i><\/span>\n\t\t\t\t\t\t\t\t\t\t\t\t\t<\/span>\n\t\t\t\t\t\t\t\t\t\t\t\t<a class=\"elementor-toggle-title\" tabindex=\"0\">Por que a ABNT NBR 7199 est\u00e1 sendo atualizada em 2025?<\/a>\n\t\t\t\t\t<\/div>\n\n\t\t\t\t\t<div id=\"elementor-tab-content-9102\" class=\"elementor-tab-content elementor-clearfix\" data-tab=\"2\" role=\"region\" aria-labelledby=\"elementor-tab-title-9102\"><p>Atualiza\u00e7\u00e3o de norma \u00e9 o habitual em todo lugar do mundo e \u00e9 motivada por mudan\u00e7as no produto ou no uso dele. Por exemplo:<\/p><p>Existe um aumento significativo na \u00e1rea envidra\u00e7ada das constru\u00e7\u00f5es colocando os usu\u00e1rios mais pr\u00f3ximos do vidro. Com isso \u00e9 adequado revisar os tipos de vidro para garantir a seguran\u00e7a e conforto dos usu\u00e1rios das edifica\u00e7\u00f5es.<\/p><p>Outro exemplo importante \u00e9 quando existem mudan\u00e7as de tecnologia ou custo de produ\u00e7\u00e3o para determinados produtos. Este \u00e9 o caso do vidro aramado que era largamente utilizado como um vidro de seguran\u00e7a nas constru\u00e7\u00f5es, mas que est\u00e1 sendo substitu\u00eddo por vidros laminados de seguran\u00e7a que s\u00e3o mais facilmente encontrados h\u00e1 custos muito inferiores do que eram h\u00e1 uma d\u00e9cada.<\/p><\/div>\n\t\t\t\t<\/div>\n\t\t\t\t\t\t\t<div class=\"elementor-toggle-item\">\n\t\t\t\t\t<div id=\"elementor-tab-title-9103\" class=\"elementor-tab-title\" data-tab=\"3\" role=\"button\" aria-controls=\"elementor-tab-content-9103\" aria-expanded=\"false\">\n\t\t\t\t\t\t\t\t\t\t\t\t<span class=\"elementor-toggle-icon elementor-toggle-icon-right\" aria-hidden=\"true\">\n\t\t\t\t\t\t\t\t\t\t\t\t\t\t\t<span class=\"elementor-toggle-icon-closed\"><i class=\"fas fa-caret-right\"><\/i><\/span>\n\t\t\t\t\t\t\t\t<span class=\"elementor-toggle-icon-opened\"><i class=\"elementor-toggle-icon-opened fas fa-caret-up\"><\/i><\/span>\n\t\t\t\t\t\t\t\t\t\t\t\t\t<\/span>\n\t\t\t\t\t\t\t\t\t\t\t\t<a class=\"elementor-toggle-title\" tabindex=\"0\">A nova vers\u00e3o da norma 7199 incorporou um conceito de ambientes de uso especial. Por que desta mudan\u00e7a? <\/a>\n\t\t\t\t\t<\/div>\n\n\t\t\t\t\t<div id=\"elementor-tab-content-9103\" class=\"elementor-tab-content elementor-clearfix\" data-tab=\"3\" role=\"region\" aria-labelledby=\"elementor-tab-title-9103\"><p>O grupo t\u00e9cnico discutiu a revis\u00e3o da norma percebeu que algumas identifica\u00e7\u00f5es t\u00eam usos muito distintos do usual, em especial quando seus usu\u00e1rios s\u00e3o majoritariamente idosos ou crian\u00e7as, ou quando as atividades demandam deslocamentos mais r\u00e1pido em situa\u00e7\u00f5es at\u00edpicas. Assim, a nova vers\u00e3o da norma orienta uso somente de vidros de seguran\u00e7a nestes e ambientes Como col\u00e9gio, escolas, creches, videotecas, academias de gin\u00e1stica, quadras esportivas, hospitais, postos de sa\u00fade, cl\u00ednicas, asilos sal\u00e3o de festas, bares, delegacias, sauna, piscinas, esta\u00e7\u00f5es atl\u00e9ticas, vesti\u00e1rios e outros ambientes com caracter\u00edsticas similares a estes.<\/p><\/div>\n\t\t\t\t<\/div>\n\t\t\t\t\t\t\t<div class=\"elementor-toggle-item\">\n\t\t\t\t\t<div id=\"elementor-tab-title-9104\" class=\"elementor-tab-title\" data-tab=\"4\" role=\"button\" aria-controls=\"elementor-tab-content-9104\" aria-expanded=\"false\">\n\t\t\t\t\t\t\t\t\t\t\t\t<span class=\"elementor-toggle-icon elementor-toggle-icon-right\" aria-hidden=\"true\">\n\t\t\t\t\t\t\t\t\t\t\t\t\t\t\t<span class=\"elementor-toggle-icon-closed\"><i class=\"fas fa-caret-right\"><\/i><\/span>\n\t\t\t\t\t\t\t\t<span class=\"elementor-toggle-icon-opened\"><i class=\"elementor-toggle-icon-opened fas fa-caret-up\"><\/i><\/span>\n\t\t\t\t\t\t\t\t\t\t\t\t\t<\/span>\n\t\t\t\t\t\t\t\t\t\t\t\t<a class=\"elementor-toggle-title\" tabindex=\"0\">O que s\u00e3o ambientes de grande concentra\u00e7\u00e3o de p\u00fablico? E por que os vidros destes locais devem ser de seguran\u00e7a?<\/a>\n\t\t\t\t\t<\/div>\n\n\t\t\t\t\t<div id=\"elementor-tab-content-9104\" class=\"elementor-tab-content elementor-clearfix\" data-tab=\"4\" role=\"region\" aria-labelledby=\"elementor-tab-title-9104\"><p>Esta \u00e9 uma denomina\u00e7\u00e3o gen\u00e9rica para locais como terminais de passageiros em geral, <em>shopping centers<\/em>, pra\u00e7as de alimenta\u00e7\u00e3o, audit\u00f3rios, \u00e1reas de circula\u00e7\u00e3o, <em>lobbies<\/em>, centros de conven\u00e7\u00f5es, templos religiosos, museus, restaurantes, tribunais, supermercados, lojas de varejo, universidades, locais de entretenimento onde se prev\u00ea aglomera\u00e7\u00f5es.<\/p><p>Com grande p\u00fablico pode haver situa\u00e7\u00f5es muito diferentes de ambientes dom\u00e9stico ou empresariais. Imaginem protestos, demonstra\u00e7\u00f5es, inc\u00eandios por exemplo. Nestes casos os vidros precisam ser refor\u00e7ados para aguentar impactos n\u00e3o esperados em outras situa\u00e7\u00f5es.<\/p><\/div>\n\t\t\t\t<\/div>\n\t\t\t\t\t\t\t<div class=\"elementor-toggle-item\">\n\t\t\t\t\t<div id=\"elementor-tab-title-9105\" class=\"elementor-tab-title\" data-tab=\"5\" role=\"button\" aria-controls=\"elementor-tab-content-9105\" aria-expanded=\"false\">\n\t\t\t\t\t\t\t\t\t\t\t\t<span class=\"elementor-toggle-icon elementor-toggle-icon-right\" aria-hidden=\"true\">\n\t\t\t\t\t\t\t\t\t\t\t\t\t\t\t<span class=\"elementor-toggle-icon-closed\"><i class=\"fas fa-caret-right\"><\/i><\/span>\n\t\t\t\t\t\t\t\t<span class=\"elementor-toggle-icon-opened\"><i class=\"elementor-toggle-icon-opened fas fa-caret-up\"><\/i><\/span>\n\t\t\t\t\t\t\t\t\t\t\t\t\t<\/span>\n\t\t\t\t\t\t\t\t\t\t\t\t<a class=\"elementor-toggle-title\" tabindex=\"0\">Quanto mais resistente o vidro temperado \u00e9 em rela\u00e7\u00e3o ao vidro comum?<\/a>\n\t\t\t\t\t<\/div>\n\n\t\t\t\t\t<div id=\"elementor-tab-content-9105\" class=\"elementor-tab-content elementor-clearfix\" data-tab=\"5\" role=\"region\" aria-labelledby=\"elementor-tab-title-9105\"><p>Em geral podemos assumir que o vidro temperado, de mesma espessura do vidro comum, \u00e9 entre 4 e 5 vezes mais resistente a impactos. Mas n\u00e3o \u00e9 somente esse crit\u00e9rio que classifica o vidro temperado como um vidro de seguran\u00e7a. Outro aspecto relevante \u00e9 a maneira que o vidro temperado se quebra deixando poucas arestas cortantes quando comparado h\u00e1 um vidro comum (float ou recozido).<\/p><\/div>\n\t\t\t\t<\/div>\n\t\t\t\t\t\t\t<div class=\"elementor-toggle-item\">\n\t\t\t\t\t<div id=\"elementor-tab-title-9106\" class=\"elementor-tab-title\" data-tab=\"6\" role=\"button\" aria-controls=\"elementor-tab-content-9106\" aria-expanded=\"false\">\n\t\t\t\t\t\t\t\t\t\t\t\t<span class=\"elementor-toggle-icon elementor-toggle-icon-right\" aria-hidden=\"true\">\n\t\t\t\t\t\t\t\t\t\t\t\t\t\t\t<span class=\"elementor-toggle-icon-closed\"><i class=\"fas fa-caret-right\"><\/i><\/span>\n\t\t\t\t\t\t\t\t<span class=\"elementor-toggle-icon-opened\"><i class=\"elementor-toggle-icon-opened fas fa-caret-up\"><\/i><\/span>\n\t\t\t\t\t\t\t\t\t\t\t\t\t<\/span>\n\t\t\t\t\t\t\t\t\t\t\t\t<a class=\"elementor-toggle-title\" tabindex=\"0\">O vidro insulado (ou duplo) \u00e9 mais seguro que os demais?<\/a>\n\t\t\t\t\t<\/div>\n\n\t\t\t\t\t<div id=\"elementor-tab-content-9106\" class=\"elementor-tab-content elementor-clearfix\" data-tab=\"6\" role=\"region\" aria-labelledby=\"elementor-tab-title-9106\"><p>N\u00e3o necessariamente! O vidro insulado \u00e9 uma combina\u00e7\u00e3o de vidros que busca maximizar sua performance nas edifica\u00e7\u00f5es. Ele combina caracter\u00edsticas de produtos como prote\u00e7\u00e3o solar, efici\u00eancia energ\u00e9tica, controle de ru\u00eddos entre outros, sempre considerando a seguran\u00e7a da aplica\u00e7\u00e3o.<\/p><p>Ou seja, uma ou todas as chapas de vidro dever\u00e3o atender o quesito de seguran\u00e7a estabelecido na norma 7199 conforme o uso do conjunto. Exemplo: Se o vidro duplo est\u00e1 instalado em uma fachada em uma posi\u00e7\u00e3o abaixo de 1,10 do piso do andar. A pe\u00e7a de vidro interna dever\u00e1 ser um vidro laminado de seguran\u00e7a.<\/p><p>\u00c9 comum que, ao se aproximarem de portas e v\u00e3os, pessoas confundam a entrada com outras pe\u00e7as de vidro fixas ao redor, como laterais ou divis\u00f3rias, podendo causar acidentes. Por este motivo, para proteger os usu\u00e1rios e evitar riscos, as normas de seguran\u00e7a recomendam que todas as partes de vidro pr\u00f3ximas \u00e0 porta sejam feitas com vidro de seguran\u00e7a reduzindo o risco de ferimentos graves.<\/p><\/div>\n\t\t\t\t<\/div>\n\t\t\t\t\t\t\t<div class=\"elementor-toggle-item\">\n\t\t\t\t\t<div id=\"elementor-tab-title-9107\" class=\"elementor-tab-title\" data-tab=\"7\" role=\"button\" aria-controls=\"elementor-tab-content-9107\" aria-expanded=\"false\">\n\t\t\t\t\t\t\t\t\t\t\t\t<span class=\"elementor-toggle-icon elementor-toggle-icon-right\" aria-hidden=\"true\">\n\t\t\t\t\t\t\t\t\t\t\t\t\t\t\t<span class=\"elementor-toggle-icon-closed\"><i class=\"fas fa-caret-right\"><\/i><\/span>\n\t\t\t\t\t\t\t\t<span class=\"elementor-toggle-icon-opened\"><i class=\"elementor-toggle-icon-opened fas fa-caret-up\"><\/i><\/span>\n\t\t\t\t\t\t\t\t\t\t\t\t\t<\/span>\n\t\t\t\t\t\t\t\t\t\t\t\t<a class=\"elementor-toggle-title\" tabindex=\"0\">Quais as vantagens de comprar um vidro laminado?<\/a>\n\t\t\t\t\t<\/div>\n\n\t\t\t\t\t<div id=\"elementor-tab-content-9107\" class=\"elementor-tab-content elementor-clearfix\" data-tab=\"7\" role=\"region\" aria-labelledby=\"elementor-tab-title-9107\"><p>Normalmente o vidro laminado \u00e9 procurado por quest\u00f5es relacionadas \u00e0 seguran\u00e7a que ele proporciona. Por\u00e9m, junto a este quesito o cliente leva \u201cde gra\u00e7a\u201d mais efici\u00eancia energ\u00e9tica, economizando na conta de ar-condicionado ou aquecimento, ambientes mais tranquilos, as camadas de vidro laminado tendem a absorver parte dos ru\u00eddos externos e aumentam a vida \u00fatil da decora\u00e7\u00e3o pois o vidro laminado reduz a entrada de raios solares que deterioram tecidos e pisos.<\/p><p>Nestas situa\u00e7\u00f5es \u00e9 prov\u00e1vel que o propriet\u00e1rio do im\u00f3vel e outros participantes na especifica\u00e7\u00e3o, constru\u00e7\u00e3o e aprova\u00e7\u00e3o da obra sejam responsabilizados.<\/p><p>Ou seja, a responsabilidade \u00e9 compartilhada por todos os envolvidos na especifica\u00e7\u00e3o sele\u00e7\u00e3o, produ\u00e7\u00e3o e instala\u00e7\u00e3o dos vidros que tenham causado o acidente.<\/p><\/div>\n\t\t\t\t<\/div>\n\t\t\t\t\t\t\t<div class=\"elementor-toggle-item\">\n\t\t\t\t\t<div id=\"elementor-tab-title-9108\" class=\"elementor-tab-title\" data-tab=\"8\" role=\"button\" aria-controls=\"elementor-tab-content-9108\" aria-expanded=\"false\">\n\t\t\t\t\t\t\t\t\t\t\t\t<span class=\"elementor-toggle-icon elementor-toggle-icon-right\" aria-hidden=\"true\">\n\t\t\t\t\t\t\t\t\t\t\t\t\t\t\t<span class=\"elementor-toggle-icon-closed\"><i class=\"fas fa-caret-right\"><\/i><\/span>\n\t\t\t\t\t\t\t\t<span class=\"elementor-toggle-icon-opened\"><i class=\"elementor-toggle-icon-opened fas fa-caret-up\"><\/i><\/span>\n\t\t\t\t\t\t\t\t\t\t\t\t\t<\/span>\n\t\t\t\t\t\t\t\t\t\t\t\t<a class=\"elementor-toggle-title\" tabindex=\"0\">Por que muitas vezes encontramos o vidro instalado sem cumprir os requisitos de seguran\u00e7a das normas t\u00e9cnicas?<\/a>\n\t\t\t\t\t<\/div>\n\n\t\t\t\t\t<div id=\"elementor-tab-content-9108\" class=\"elementor-tab-content elementor-clearfix\" data-tab=\"8\" role=\"region\" aria-labelledby=\"elementor-tab-title-9108\"><p>Existem 2 grandes motivos primeiro desconhecimento sobre as normas relativas \u00e0 aplica\u00e7\u00e3o de vidro e segundo o Receio de perder uma venda de um produto especificado corretamente para um concorrente que de venda um produto fora de norma para aplica\u00e7\u00e3o que seria mais barato.<\/p><p>Acreditamos que o principal motivo \u00e9 o desconhecimento sobre as exist\u00eancia das normas que definem que vidro usar, mas n\u00e3o podemos descarar a possibilidade de usos de vidros fora de norma que tem custos menores.<\/p><\/div>\n\t\t\t\t<\/div>\n\t\t\t\t\t\t\t<div class=\"elementor-toggle-item\">\n\t\t\t\t\t<div id=\"elementor-tab-title-9109\" class=\"elementor-tab-title\" data-tab=\"9\" role=\"button\" aria-controls=\"elementor-tab-content-9109\" aria-expanded=\"false\">\n\t\t\t\t\t\t\t\t\t\t\t\t<span class=\"elementor-toggle-icon elementor-toggle-icon-right\" aria-hidden=\"true\">\n\t\t\t\t\t\t\t\t\t\t\t\t\t\t\t<span class=\"elementor-toggle-icon-closed\"><i class=\"fas fa-caret-right\"><\/i><\/span>\n\t\t\t\t\t\t\t\t<span class=\"elementor-toggle-icon-opened\"><i class=\"elementor-toggle-icon-opened fas fa-caret-up\"><\/i><\/span>\n\t\t\t\t\t\t\t\t\t\t\t\t\t<\/span>\n\t\t\t\t\t\t\t\t\t\t\t\t<a class=\"elementor-toggle-title\" tabindex=\"0\">Houve alguma mudan\u00e7a nos vidros das portas?<\/a>\n\t\t\t\t\t<\/div>\n\n\t\t\t\t\t<div id=\"elementor-tab-content-9109\" class=\"elementor-tab-content elementor-clearfix\" data-tab=\"9\" role=\"region\" aria-labelledby=\"elementor-tab-title-9109\"><p style=\"text-align: left;\">Sim! At\u00e9 ent\u00e3o as portas poderiam ter vidro comum acima de 1,10m do piso. A revis\u00e3o da norma estabelece que todos os vidros das portas e \u00e1rea adjacentes (at\u00e9 60cm) sejam de seguran\u00e7a.<\/p><p><img decoding=\"async\" class=\"wp-image-5692 alignleft\" src=\"https:\/\/vidrocerto.org.br\/vc-novo\/wp-content\/uploads\/2025\/07\/portas.png\" alt=\"\" width=\"371\" height=\"348\" srcset=\"https:\/\/vidrocerto.org.br\/vc-novo\/wp-content\/uploads\/2025\/07\/portas.png 264w, https:\/\/vidrocerto.org.br\/vc-novo\/wp-content\/uploads\/2025\/07\/portas-200x188.png 200w\" sizes=\"(max-width: 371px) 100vw, 371px\" \/><\/p><p>Isso n\u00e3o \u00e9 uma tarefa muito simples! A norma estabelece crit\u00e9rios t\u00e9cnicos e f\u00f3rmulas para c\u00e1lculo da espessura do vidro a ser usado em diversas aplica\u00e7\u00f5es. Estes c\u00e1lculos consideram aspectos como a dimens\u00e3o da pe\u00e7a, seu formato, tipo de fixa\u00e7\u00e3o, onde ficar\u00e1 exposto, entre v\u00e1rios outros quesitos! Ou seja, \u00e9 um c\u00e1lculo o t\u00e9cnico feito por especialistas. No portal <a href=\"http:\/\/www.vidrocerto.org.br\">www.vidrocerto.org.br<\/a> voc\u00ea pode encontrar o link para calcular os vidros mais usados. Mas sempre recomendamos consultar um especialista em situa\u00e7\u00f5es mais complexas.<\/p><\/div>\n\t\t\t\t<\/div>\n\t\t\t\t\t\t\t<div class=\"elementor-toggle-item\">\n\t\t\t\t\t<div id=\"elementor-tab-title-91010\" class=\"elementor-tab-title\" data-tab=\"10\" role=\"button\" aria-controls=\"elementor-tab-content-91010\" aria-expanded=\"false\">\n\t\t\t\t\t\t\t\t\t\t\t\t<span class=\"elementor-toggle-icon elementor-toggle-icon-right\" aria-hidden=\"true\">\n\t\t\t\t\t\t\t\t\t\t\t\t\t\t\t<span class=\"elementor-toggle-icon-closed\"><i class=\"fas fa-caret-right\"><\/i><\/span>\n\t\t\t\t\t\t\t\t<span class=\"elementor-toggle-icon-opened\"><i class=\"elementor-toggle-icon-opened fas fa-caret-up\"><\/i><\/span>\n\t\t\t\t\t\t\t\t\t\t\t\t\t<\/span>\n\t\t\t\t\t\t\t\t\t\t\t\t<a class=\"elementor-toggle-title\" tabindex=\"0\">Por que mudaram as configura\u00e7\u00f5es dos vidros pr\u00f3ximos \u00e0s portas para vidros de seguran\u00e7a?<\/a>\n\t\t\t\t\t<\/div>\n\n\t\t\t\t\t<div id=\"elementor-tab-content-91010\" class=\"elementor-tab-content elementor-clearfix\" data-tab=\"10\" role=\"region\" aria-labelledby=\"elementor-tab-title-91010\"><p>Em v\u00e1rios lugares do mundo essa mudan\u00e7a j\u00e1 foi feita depois entendemos que as pessoas caminh\u00e3o caminham em dire\u00e7\u00e3o \u00e0 porta e podem confundir que muitas vezes confundem uma porta de vidro com Barreiras fixas que est\u00e3o anexas as mesmas. Assim, por seguran\u00e7a, a norma prop\u00f5e que todas as pe\u00e7as de vidro pr\u00f3ximas elas sejam de seguran\u00e7a.<\/p><\/div>\n\t\t\t\t<\/div>\n\t\t\t\t\t\t\t<div class=\"elementor-toggle-item\">\n\t\t\t\t\t<div id=\"elementor-tab-title-91011\" class=\"elementor-tab-title\" data-tab=\"11\" role=\"button\" aria-controls=\"elementor-tab-content-91011\" aria-expanded=\"false\">\n\t\t\t\t\t\t\t\t\t\t\t\t<span class=\"elementor-toggle-icon elementor-toggle-icon-right\" aria-hidden=\"true\">\n\t\t\t\t\t\t\t\t\t\t\t\t\t\t\t<span class=\"elementor-toggle-icon-closed\"><i class=\"fas fa-caret-right\"><\/i><\/span>\n\t\t\t\t\t\t\t\t<span class=\"elementor-toggle-icon-opened\"><i class=\"elementor-toggle-icon-opened fas fa-caret-up\"><\/i><\/span>\n\t\t\t\t\t\t\t\t\t\t\t\t\t<\/span>\n\t\t\t\t\t\t\t\t\t\t\t\t<a class=\"elementor-toggle-title\" tabindex=\"0\">Existe alguma exig\u00eancia especial para uso de vidro em escadas?   <\/a>\n\t\t\t\t\t<\/div>\n\n\t\t\t\t\t<div id=\"elementor-tab-content-91011\" class=\"elementor-tab-content elementor-clearfix\" data-tab=\"11\" role=\"region\" aria-labelledby=\"elementor-tab-title-91011\"><p>Sim! Existe! E s\u00e3o algumas! Vamos tentar resumir:<\/p><ul><li>Se os vidros est\u00e3o na lateral da escada, sem guarda corpo, todas as chapas que fiquem a menos que 1,5m de altura de cada degrau deve ser de vidro laminado de seguran\u00e7a. (A1)<\/li><\/ul><p><img loading=\"lazy\" decoding=\"async\" class=\"alignnone size-medium wp-image-5694\" src=\"https:\/\/vidrocerto.org.br\/vc-novo\/wp-content\/uploads\/2025\/07\/Escada-01-300x208.png\" alt=\"\" width=\"300\" height=\"208\" srcset=\"https:\/\/vidrocerto.org.br\/vc-novo\/wp-content\/uploads\/2025\/07\/Escada-01-300x208.png 300w, https:\/\/vidrocerto.org.br\/vc-novo\/wp-content\/uploads\/2025\/07\/Escada-01-200x138.png 200w, https:\/\/vidrocerto.org.br\/vc-novo\/wp-content\/uploads\/2025\/07\/Escada-01.png 621w\" sizes=\"(max-width: 300px) 100vw, 300px\" \/><\/p><ul><li>Em patamares e no piso inferior todas as pe\u00e7as de vidro que estejam a menos de 1,5m dos degras tamb\u00e9m devem ser vidros de seguran\u00e7a.<\/li><\/ul><p><img loading=\"lazy\" decoding=\"async\" class=\"alignnone size-medium wp-image-5695\" src=\"https:\/\/vidrocerto.org.br\/vc-novo\/wp-content\/uploads\/2025\/07\/Escada-02-300x217.png\" alt=\"\" width=\"300\" height=\"217\" srcset=\"https:\/\/vidrocerto.org.br\/vc-novo\/wp-content\/uploads\/2025\/07\/Escada-02-300x217.png 300w, https:\/\/vidrocerto.org.br\/vc-novo\/wp-content\/uploads\/2025\/07\/Escada-02-200x145.png 200w, https:\/\/vidrocerto.org.br\/vc-novo\/wp-content\/uploads\/2025\/07\/Escada-02.png 557w\" sizes=\"(max-width: 300px) 100vw, 300px\" \/><\/p><p>Alguns ambientes tem usos espec\u00edficos que podem aumentar a chance de um contato mais frequente ou exigir que o vidro seja mais resistente que o uso convencional. Buscando antecipar este risco a nova vers\u00e3o da norma orienta uso somente de vidros de seguran\u00e7a at\u00e9 a altura de 1,80m do piso em locais como col\u00e9gios, escolas, creches, videotecas, academias de gin\u00e1stica, quadras esportivas, hospitais, postos de sa\u00fade, cl\u00ednicas, asilos sal\u00e3o de festas, bares, delegacias, sauna, piscinas, esta\u00e7\u00f5es atl\u00e9ticas, vesti\u00e1rios e outros ambientes com caracter\u00edsticas similares a estes.<\/p><\/div>\n\t\t\t\t<\/div>\n\t\t\t\t\t\t\t<div class=\"elementor-toggle-item\">\n\t\t\t\t\t<div id=\"elementor-tab-title-91012\" class=\"elementor-tab-title\" data-tab=\"12\" role=\"button\" aria-controls=\"elementor-tab-content-91012\" aria-expanded=\"false\">\n\t\t\t\t\t\t\t\t\t\t\t\t<span class=\"elementor-toggle-icon elementor-toggle-icon-right\" aria-hidden=\"true\">\n\t\t\t\t\t\t\t\t\t\t\t\t\t\t\t<span class=\"elementor-toggle-icon-closed\"><i class=\"fas fa-caret-right\"><\/i><\/span>\n\t\t\t\t\t\t\t\t<span class=\"elementor-toggle-icon-opened\"><i class=\"elementor-toggle-icon-opened fas fa-caret-up\"><\/i><\/span>\n\t\t\t\t\t\t\t\t\t\t\t\t\t<\/span>\n\t\t\t\t\t\t\t\t\t\t\t\t<a class=\"elementor-toggle-title\" tabindex=\"0\">Como posso saber se o vidro instalado est\u00e1 de acordo com a norma?<\/a>\n\t\t\t\t\t<\/div>\n\n\t\t\t\t\t<div id=\"elementor-tab-content-91012\" class=\"elementor-tab-content elementor-clearfix\" data-tab=\"12\" role=\"region\" aria-labelledby=\"elementor-tab-title-91012\"><p>Essa \u00e9 uma \u00f3tima pergunta \u2014 e a explica\u00e7\u00e3o \u00e9 simples!<br \/>O vidro temperado \u00e9 de fato mais resistente ao impacto do que o vidro laminado. No entanto, quando ele se quebra, fragmenta-se deixando o v\u00e3o aberto. Em aplica\u00e7\u00f5es como guarda-corpos, pisos e coberturas, isso representa um grande risco, pois o v\u00e3o desprotegido pode causar quedas ou permitir que os estilha\u00e7os atinjam pessoas em n\u00edveis inferiores.<\/p><p>J\u00e1 o vidro laminado de seguran\u00e7a \u00e9 formado por duas ou mais chapas unidas por uma pel\u00edcula intermedi\u00e1ria. Quando ele quebra, os fragmentos ficam presos na pel\u00edcula, mantendo o v\u00e3o fechado e oferecendo prote\u00e7\u00e3o at\u00e9 que o vidro possa ser substitu\u00eddo com seguran\u00e7a. Isso evita tanto quedas quanto acidentes com os pr\u00f3prios estilha\u00e7os.<\/p><p>Para situa\u00e7\u00f5es que exigem alta resist\u00eancia ao impacto e manuten\u00e7\u00e3o da barreira de prote\u00e7\u00e3o, como \u00e9 o caso de pisos de vidro ou guarda-corpos em locais de grande circula\u00e7\u00e3o, existe ainda a op\u00e7\u00e3o dos vidros laminados compostos por chapas temperadas. Essa combina\u00e7\u00e3o oferece o melhor dos dois tipos de vidro: resist\u00eancia mec\u00e2nica e prote\u00e7\u00e3o em caso de quebra.<\/p><p><strong>Voc\u00ea pode:<\/strong><\/p><p><strong>\u2022 Solicitar o laudo t\u00e9cnico ou certificado de conformidade do vidro ao fornecedor;<\/strong><\/p><p><strong>\u2022 Verificar se o vidro \u00e9 temperado ou laminado (vidros de seguran\u00e7a);<\/strong><\/p><p><strong>\u2022 Conferir o manual do fabricante ou consultar um especialista.<\/strong><\/p><p>\u00a0<\/p><\/div>\n\t\t\t\t<\/div>\n\t\t\t\t\t\t\t<div class=\"elementor-toggle-item\">\n\t\t\t\t\t<div id=\"elementor-tab-title-91013\" class=\"elementor-tab-title\" data-tab=\"13\" role=\"button\" aria-controls=\"elementor-tab-content-91013\" aria-expanded=\"false\">\n\t\t\t\t\t\t\t\t\t\t\t\t<span class=\"elementor-toggle-icon elementor-toggle-icon-right\" aria-hidden=\"true\">\n\t\t\t\t\t\t\t\t\t\t\t\t\t\t\t<span class=\"elementor-toggle-icon-closed\"><i class=\"fas fa-caret-right\"><\/i><\/span>\n\t\t\t\t\t\t\t\t<span class=\"elementor-toggle-icon-opened\"><i class=\"elementor-toggle-icon-opened fas fa-caret-up\"><\/i><\/span>\n\t\t\t\t\t\t\t\t\t\t\t\t\t<\/span>\n\t\t\t\t\t\t\t\t\t\t\t\t<a class=\"elementor-toggle-title\" tabindex=\"0\">O vidro \u00e9 um produto seguro?<\/a>\n\t\t\t\t\t<\/div>\n\n\t\t\t\t\t<div id=\"elementor-tab-content-91013\" class=\"elementor-tab-content elementor-clearfix\" data-tab=\"13\" role=\"region\" aria-labelledby=\"elementor-tab-title-91013\"><p>Sim! Quando bem especificado!<\/p><p>N\u00e3o \u00e9 \u00e0 toa que o vidro est\u00e1 nos para-brisas de carros, blindados e portas de bancos etc.<\/p><p>O que percebemos \u00e9 que muitas vezes s\u00e3o colocados vidros fora de norma para aplica\u00e7\u00f5es gerando risco para os usu\u00e1rios.<\/p><p>Consulte o portal Vidro Certo e exijam que or\u00e7amentos mencionem quais normas o produto que voc\u00ea est\u00e1 comprando atende.<\/p><\/div>\n\t\t\t\t<\/div>\n\t\t\t\t\t\t\t<div class=\"elementor-toggle-item\">\n\t\t\t\t\t<div id=\"elementor-tab-title-91014\" class=\"elementor-tab-title\" data-tab=\"14\" role=\"button\" aria-controls=\"elementor-tab-content-91014\" aria-expanded=\"false\">\n\t\t\t\t\t\t\t\t\t\t\t\t<span class=\"elementor-toggle-icon elementor-toggle-icon-right\" aria-hidden=\"true\">\n\t\t\t\t\t\t\t\t\t\t\t\t\t\t\t<span class=\"elementor-toggle-icon-closed\"><i class=\"fas fa-caret-right\"><\/i><\/span>\n\t\t\t\t\t\t\t\t<span class=\"elementor-toggle-icon-opened\"><i class=\"elementor-toggle-icon-opened fas fa-caret-up\"><\/i><\/span>\n\t\t\t\t\t\t\t\t\t\t\t\t\t<\/span>\n\t\t\t\t\t\t\t\t\t\t\t\t<a class=\"elementor-toggle-title\" tabindex=\"0\">Com a mudan\u00e7a da norma eu tenho que trocar os vidros da minha casa\/com\u00e9rcio?<\/a>\n\t\t\t\t\t<\/div>\n\n\t\t\t\t\t<div id=\"elementor-tab-content-91014\" class=\"elementor-tab-content elementor-clearfix\" data-tab=\"14\" role=\"region\" aria-labelledby=\"elementor-tab-title-91014\"><p>N\u00e3o! A nova vers\u00e3o da norma ser\u00e1 obrigat\u00f3ria para novas constru\u00e7\u00f5es ou reformas registradas\/iniciadas 180 dias ap\u00f3s a publica\u00e7\u00e3o da norma &#8211; 1 de Janeiro de 2026. Por\u00e9m, \u00e9 importante que os usu\u00e1rios e propriet\u00e1rios de im\u00f3veis avaliem a substitui\u00e7\u00e3o de vidros existentes por outros mais seguros para cada aplica\u00e7\u00e3o independente da obrigatoriedade.<\/p><p>Exemplo: \u00e1reas de grande passagem de p\u00fablico como portarias de edif\u00edcios, com\u00e9rcio, locais de pr\u00e1ticas esportivas, academias, sal\u00f5es de festas etc. s\u00e3o \u00e1reas de maior risco onde o investimento em vidros mais seguros faz sentido.<\/p><p>A melhor forma \u00e9 chamar um especialista que identificar\u00e1 seus vidros nas diversas aplica\u00e7\u00f5es e comparar\u00e1 com as exig\u00eancias da norma.<br \/>Vidros temperados devem sempre ter uma identifica\u00e7ao do produtor e vidros laminados, usualmente \u00e9 poss\u00edvel identificar se tem mais de uma l\u00e2mina pela borda.<\/p><p>O ideal \u00e9 receber um laudo da construtora com os dados dos vidros e informa\u00e7\u00f5es de fabricantes.<\/p><\/div>\n\t\t\t\t<\/div>\n\t\t\t\t\t\t\t<div class=\"elementor-toggle-item\">\n\t\t\t\t\t<div id=\"elementor-tab-title-91015\" class=\"elementor-tab-title\" data-tab=\"15\" role=\"button\" aria-controls=\"elementor-tab-content-91015\" aria-expanded=\"false\">\n\t\t\t\t\t\t\t\t\t\t\t\t<span class=\"elementor-toggle-icon elementor-toggle-icon-right\" aria-hidden=\"true\">\n\t\t\t\t\t\t\t\t\t\t\t\t\t\t\t<span class=\"elementor-toggle-icon-closed\"><i class=\"fas fa-caret-right\"><\/i><\/span>\n\t\t\t\t\t\t\t\t<span class=\"elementor-toggle-icon-opened\"><i class=\"elementor-toggle-icon-opened fas fa-caret-up\"><\/i><\/span>\n\t\t\t\t\t\t\t\t\t\t\t\t\t<\/span>\n\t\t\t\t\t\t\t\t\t\t\t\t<a class=\"elementor-toggle-title\" tabindex=\"0\">Qual a regra para seguran\u00e7a em fachadas todas de vidro?<\/a>\n\t\t\t\t\t<\/div>\n\n\t\t\t\t\t<div id=\"elementor-tab-content-91015\" class=\"elementor-tab-content elementor-clearfix\" data-tab=\"15\" role=\"region\" aria-labelledby=\"elementor-tab-title-91015\"><p>A avalia\u00e7\u00e3o come\u00e7a com o tipo e uso das edifica\u00e7\u00f5es \/ ambiente para avaliar se s\u00e3o consideradas como de uso especial e como de grande concentra\u00e7\u00e3o de p\u00fablico onde todos os vidros devem ser de seguran\u00e7a.<\/p><p>De qualquer forma, as principais regras para este tipo de fachada s\u00e3o semelhantes \u00e0s regras para guarda-corpos, portas e janelas. Em resumo, todo vidro que possa, com sua quebra, ocasionar a queda em uma pessoa de altura maior que 1m deve ser laminado de seguran\u00e7a. Portas e \u00e1reas adjacentes a elas tamb\u00e9m devem ser de seguran\u00e7a, coberturas e pisos sempre s\u00e3o vidros de seguran\u00e7a.<\/p><p>Olhe a tabela de aplica\u00e7\u00f5es da norma ou da pr\u00e1tica recomendada que indicar\u00e1 corretamente o vidro mais adequado.<\/p><\/div>\n\t\t\t\t<\/div>\n\t\t\t\t\t\t\t<div class=\"elementor-toggle-item\">\n\t\t\t\t\t<div id=\"elementor-tab-title-91016\" class=\"elementor-tab-title\" data-tab=\"16\" role=\"button\" aria-controls=\"elementor-tab-content-91016\" aria-expanded=\"false\">\n\t\t\t\t\t\t\t\t\t\t\t\t<span class=\"elementor-toggle-icon elementor-toggle-icon-right\" aria-hidden=\"true\">\n\t\t\t\t\t\t\t\t\t\t\t\t\t\t\t<span class=\"elementor-toggle-icon-closed\"><i class=\"fas fa-caret-right\"><\/i><\/span>\n\t\t\t\t\t\t\t\t<span class=\"elementor-toggle-icon-opened\"><i class=\"elementor-toggle-icon-opened fas fa-caret-up\"><\/i><\/span>\n\t\t\t\t\t\t\t\t\t\t\t\t\t<\/span>\n\t\t\t\t\t\t\t\t\t\t\t\t<a class=\"elementor-toggle-title\" tabindex=\"0\">Se o vidro temperado \u00e9 mais resistente a impacto que o vidro laminado por que dizem que o laminado \u00e9 mais seguro?<\/a>\n\t\t\t\t\t<\/div>\n\n\t\t\t\t\t<div id=\"elementor-tab-content-91016\" class=\"elementor-tab-content elementor-clearfix\" data-tab=\"16\" role=\"region\" aria-labelledby=\"elementor-tab-title-91016\"><p>Essa \u00e9 uma boa pergunta, mas \u00e9 f\u00e1cil entender! O vidro temperado \u00e9 mais resistente ao impacto, mas quando ele quebra ele deixa aberto o v\u00e3o aonde estava instalado. Imagina o caso de um guarda corpo. Com a quebra do vidro temperado o v\u00e3o criado pode ocasionar a queda do usu\u00e1rio de uma grande altura. O vidro laminado de seguran\u00e7a, mesmo quebrando, manter ao v\u00e3o seguro contra quedas at\u00e9 a sua substitui\u00e7\u00e3o evitando tamb\u00e9m que o pr\u00f3prio vidro caia no andar inferior causando danos e ferimentos<\/p><p>Em casos em que sejam necess\u00e1rios resist\u00eancia a impactos, dureza e ainda a necessidade de manter o v\u00e3o fechado, existe a possibilidade de usar vidros laminados de chapas temperadas. Este tipo de combina\u00e7\u00e3o \u00e9 muito usado em pisos de vidro.<\/p><\/div>\n\t\t\t\t<\/div>\n\t\t\t\t\t\t\t<div class=\"elementor-toggle-item\">\n\t\t\t\t\t<div id=\"elementor-tab-title-91017\" class=\"elementor-tab-title\" data-tab=\"17\" role=\"button\" aria-controls=\"elementor-tab-content-91017\" aria-expanded=\"false\">\n\t\t\t\t\t\t\t\t\t\t\t\t<span class=\"elementor-toggle-icon elementor-toggle-icon-right\" aria-hidden=\"true\">\n\t\t\t\t\t\t\t\t\t\t\t\t\t\t\t<span class=\"elementor-toggle-icon-closed\"><i class=\"fas fa-caret-right\"><\/i><\/span>\n\t\t\t\t\t\t\t\t<span class=\"elementor-toggle-icon-opened\"><i class=\"elementor-toggle-icon-opened fas fa-caret-up\"><\/i><\/span>\n\t\t\t\t\t\t\t\t\t\t\t\t\t<\/span>\n\t\t\t\t\t\t\t\t\t\t\t\t<a class=\"elementor-toggle-title\" tabindex=\"0\">Por que a norma de vidro fala de sistemas e de esquadrias?<\/a>\n\t\t\t\t\t<\/div>\n\n\t\t\t\t\t<div id=\"elementor-tab-content-91017\" class=\"elementor-tab-content elementor-clearfix\" data-tab=\"17\" role=\"region\" aria-labelledby=\"elementor-tab-title-91017\"><p>O vidro raramente \u00e9 instalado nas edifica\u00e7\u00f5es sem esquadrias ou sistemas de fixa\u00e7\u00e3o. Assim, vidros mais seguros devem vir acompanhados de sistemas de fixa\u00e7\u00e3o tamb\u00e9m mais seguros.<\/p><p>Exemplo: N\u00e3o adianta eu ter um vidro laminado de seguran\u00e7a no guarda corpo e a pe\u00e7a met\u00e1lica que o suporta n\u00e3o ter um bom sistema de fixa\u00e7\u00e3o. No caso de esfor\u00e7o todo o conjunto ceder\u00e1 \u00e0 press\u00e3o.<\/p><\/div>\n\t\t\t\t<\/div>\n\t\t\t\t\t\t\t<div class=\"elementor-toggle-item\">\n\t\t\t\t\t<div id=\"elementor-tab-title-91018\" class=\"elementor-tab-title\" data-tab=\"18\" role=\"button\" aria-controls=\"elementor-tab-content-91018\" aria-expanded=\"false\">\n\t\t\t\t\t\t\t\t\t\t\t\t<span class=\"elementor-toggle-icon elementor-toggle-icon-right\" aria-hidden=\"true\">\n\t\t\t\t\t\t\t\t\t\t\t\t\t\t\t<span class=\"elementor-toggle-icon-closed\"><i class=\"fas fa-caret-right\"><\/i><\/span>\n\t\t\t\t\t\t\t\t<span class=\"elementor-toggle-icon-opened\"><i class=\"elementor-toggle-icon-opened fas fa-caret-up\"><\/i><\/span>\n\t\t\t\t\t\t\t\t\t\t\t\t\t<\/span>\n\t\t\t\t\t\t\t\t\t\t\t\t<a class=\"elementor-toggle-title\" tabindex=\"0\">A norma indica o vidro certo para uso em todos os casos?<\/a>\n\t\t\t\t\t<\/div>\n\n\t\t\t\t\t<div id=\"elementor-tab-content-91018\" class=\"elementor-tab-content elementor-clearfix\" data-tab=\"18\" role=\"region\" aria-labelledby=\"elementor-tab-title-91018\"><p>As normas indicam o requerimento m\u00ednimo poss\u00edvel a ser utilizado considerando o uso habitual dos ambientes considerando quest\u00f5es de seguran\u00e7a, disponibilidade e custos. Assim, recomendamos que os usu\u00e1rios sempre avaliem especificar vidros mais seguros que os especificados pelas normas. Em diversas situa\u00e7\u00f5es percebemos que com um pequeno investimento adicional o cliente recebe mais seguran\u00e7a, efici\u00eancia energ\u00e9tica, est\u00e9tica, controle de ru\u00eddos e outros atributos que justificam este valor.<\/p><\/div>\n\t\t\t\t<\/div>\n\t\t\t\t\t\t\t<div class=\"elementor-toggle-item\">\n\t\t\t\t\t<div id=\"elementor-tab-title-91019\" class=\"elementor-tab-title\" data-tab=\"19\" role=\"button\" aria-controls=\"elementor-tab-content-91019\" aria-expanded=\"false\">\n\t\t\t\t\t\t\t\t\t\t\t\t<span class=\"elementor-toggle-icon elementor-toggle-icon-right\" aria-hidden=\"true\">\n\t\t\t\t\t\t\t\t\t\t\t\t\t\t\t<span class=\"elementor-toggle-icon-closed\"><i class=\"fas fa-caret-right\"><\/i><\/span>\n\t\t\t\t\t\t\t\t<span class=\"elementor-toggle-icon-opened\"><i class=\"elementor-toggle-icon-opened fas fa-caret-up\"><\/i><\/span>\n\t\t\t\t\t\t\t\t\t\t\t\t\t<\/span>\n\t\t\t\t\t\t\t\t\t\t\t\t<a class=\"elementor-toggle-title\" tabindex=\"0\">Como \u00e9 definida a espessura do vidro a ser utilizada em cada aplica\u00e7\u00e3o?<\/a>\n\t\t\t\t\t<\/div>\n\n\t\t\t\t\t<div id=\"elementor-tab-content-91019\" class=\"elementor-tab-content elementor-clearfix\" data-tab=\"19\" role=\"region\" aria-labelledby=\"elementor-tab-title-91019\"><p>Isso n\u00e3o \u00e9 uma tarefa muito simples! A norma estabelece crit\u00e9rios t\u00e9cnicos e f\u00f3rmulas para c\u00e1lculo da espessura de seguran\u00e7a de diversos tipos de aplica\u00e7\u00f5es em vidro considerando entre outros aspectos a dimens\u00e3o, o formato da pe\u00e7a a sua aplica\u00e7\u00e3o, tipo de fixa\u00e7\u00e3o, onde ficar\u00e1 exposto, entre v\u00e1rios outros quesitos! Ou seja, \u00e9 um c\u00e1lculo o t\u00e9cnico feito por especialistas. No portal www.vidrocerto.org.br voc\u00ea pode encontrar o link para calculadoras existentes para diversos tipos de aplica\u00e7\u00e3o. Mas sempre recomendamos consultar um especialista em situa\u00e7\u00f5es mais complexas.<\/p><\/div>\n\t\t\t\t<\/div>\n\t\t\t\t\t\t\t<div class=\"elementor-toggle-item\">\n\t\t\t\t\t<div id=\"elementor-tab-title-91020\" class=\"elementor-tab-title\" data-tab=\"20\" role=\"button\" aria-controls=\"elementor-tab-content-91020\" aria-expanded=\"false\">\n\t\t\t\t\t\t\t\t\t\t\t\t<span class=\"elementor-toggle-icon elementor-toggle-icon-right\" aria-hidden=\"true\">\n\t\t\t\t\t\t\t\t\t\t\t\t\t\t\t<span class=\"elementor-toggle-icon-closed\"><i class=\"fas fa-caret-right\"><\/i><\/span>\n\t\t\t\t\t\t\t\t<span class=\"elementor-toggle-icon-opened\"><i class=\"elementor-toggle-icon-opened fas fa-caret-up\"><\/i><\/span>\n\t\t\t\t\t\t\t\t\t\t\t\t\t<\/span>\n\t\t\t\t\t\t\t\t\t\t\t\t<a class=\"elementor-toggle-title\" tabindex=\"0\">Como eu sei se recebi um vidro temperado?<\/a>\n\t\t\t\t\t<\/div>\n\n\t\t\t\t\t<div id=\"elementor-tab-content-91020\" class=\"elementor-tab-content elementor-clearfix\" data-tab=\"20\" role=\"region\" aria-labelledby=\"elementor-tab-title-91020\"><p>A norma brasileira exige que todo vidro temperado apresente a marca da empresa que o produziu! Ou seja, se voc\u00ea receber um vidro temperado que n\u00e3o esteja identificado esta pe\u00e7a n\u00e3o atende a norma. Partindo desta premissa recomendamos devolver ao fornecedor e pedir uma nova pe\u00e7a com a identifica\u00e7\u00e3o de quem fez a t\u00eampera.<\/p><p>\u00a0<\/p><\/div>\n\t\t\t\t<\/div>\n\t\t\t\t\t\t\t<div class=\"elementor-toggle-item\">\n\t\t\t\t\t<div id=\"elementor-tab-title-91021\" class=\"elementor-tab-title\" data-tab=\"21\" role=\"button\" aria-controls=\"elementor-tab-content-91021\" aria-expanded=\"false\">\n\t\t\t\t\t\t\t\t\t\t\t\t<span class=\"elementor-toggle-icon elementor-toggle-icon-right\" aria-hidden=\"true\">\n\t\t\t\t\t\t\t\t\t\t\t\t\t\t\t<span class=\"elementor-toggle-icon-closed\"><i class=\"fas fa-caret-right\"><\/i><\/span>\n\t\t\t\t\t\t\t\t<span class=\"elementor-toggle-icon-opened\"><i class=\"elementor-toggle-icon-opened fas fa-caret-up\"><\/i><\/span>\n\t\t\t\t\t\t\t\t\t\t\t\t\t<\/span>\n\t\t\t\t\t\t\t\t\t\t\t\t<a class=\"elementor-toggle-title\" tabindex=\"0\">Existe ferramenta para calcular o vidro certo para cada situa\u00e7\u00e3o?<\/a>\n\t\t\t\t\t<\/div>\n\n\t\t\t\t\t<div id=\"elementor-tab-content-91021\" class=\"elementor-tab-content elementor-clearfix\" data-tab=\"21\" role=\"region\" aria-labelledby=\"elementor-tab-title-91021\"><p>Sim. O portal <strong><a href=\"http:\/\/www.vidrocerto.org.br\">www.vidrocerto.org.br<\/a><\/strong> disponibiliza calculadoras t\u00e9cnicas gratuitas para aplica\u00e7\u00f5es comuns. Mas para projetos especiais, \u00e9 indispens\u00e1vel consultar um profissional habilitado.<\/p><p>Vidro temperado \u00e9 mais seguro que vidro laminado?<\/p><p>Depende da aplica\u00e7\u00e3o:<\/p><p>\u2022 <strong>O vidro temperado \u00e9 mais resistente a impacto, mas quando quebra, se desintegra e deixa o v\u00e3o aberto;<\/strong><\/p><p><strong>\u2022 O vidro laminado, mesmo quebrado, continua no lugar, o que evita quedas ou entrada indevida, sendo essencial em sacadas, guarda-corpos e coberturas;<\/strong><\/p><p><strong>\u2022 Para aplica\u00e7\u00f5es que exigem os dois benef\u00edcios, pode-se usar laminado com chapas temperadas.<\/strong><\/p><\/div>\n\t\t\t\t<\/div>\n\t\t\t\t\t\t\t<div class=\"elementor-toggle-item\">\n\t\t\t\t\t<div id=\"elementor-tab-title-91022\" class=\"elementor-tab-title\" data-tab=\"22\" role=\"button\" aria-controls=\"elementor-tab-content-91022\" aria-expanded=\"false\">\n\t\t\t\t\t\t\t\t\t\t\t\t<span class=\"elementor-toggle-icon elementor-toggle-icon-right\" aria-hidden=\"true\">\n\t\t\t\t\t\t\t\t\t\t\t\t\t\t\t<span class=\"elementor-toggle-icon-closed\"><i class=\"fas fa-caret-right\"><\/i><\/span>\n\t\t\t\t\t\t\t\t<span class=\"elementor-toggle-icon-opened\"><i class=\"elementor-toggle-icon-opened fas fa-caret-up\"><\/i><\/span>\n\t\t\t\t\t\t\t\t\t\t\t\t\t<\/span>\n\t\t\t\t\t\t\t\t\t\t\t\t<a class=\"elementor-toggle-title\" tabindex=\"0\">Existe alguma situa\u00e7\u00e3o em que os vidros de guarda-corpo podem ser temperados ao inv\u00e9s de laminados de seguran\u00e7a? <\/a>\n\t\t\t\t\t<\/div>\n\n\t\t\t\t\t<div id=\"elementor-tab-content-91022\" class=\"elementor-tab-content elementor-clearfix\" data-tab=\"22\" role=\"region\" aria-labelledby=\"elementor-tab-title-91022\"><p>Sim! A exig\u00eancia de vidros laminados de seguran\u00e7a em guarda corpos \u00e9 para desn\u00edveis superiores a 1 metro.<\/p><p>Mas sempre recomendamos avaliar o investimento adicional pois pode justificar ter um vidro mais seguro.<\/p><p><img loading=\"lazy\" decoding=\"async\" class=\"alignnone size-medium wp-image-5696\" src=\"https:\/\/vidrocerto.org.br\/vc-novo\/wp-content\/uploads\/2025\/07\/Guarda-corpo-300x217.png\" alt=\"\" width=\"300\" height=\"217\" srcset=\"https:\/\/vidrocerto.org.br\/vc-novo\/wp-content\/uploads\/2025\/07\/Guarda-corpo-300x217.png 300w, https:\/\/vidrocerto.org.br\/vc-novo\/wp-content\/uploads\/2025\/07\/Guarda-corpo-200x145.png 200w, https:\/\/vidrocerto.org.br\/vc-novo\/wp-content\/uploads\/2025\/07\/Guarda-corpo.png 603w\" sizes=\"(max-width: 300px) 100vw, 300px\" \/><\/p><\/div>\n\t\t\t\t<\/div>\n\t\t\t\t\t\t\t<div class=\"elementor-toggle-item\">\n\t\t\t\t\t<div id=\"elementor-tab-title-91023\" class=\"elementor-tab-title\" data-tab=\"23\" role=\"button\" aria-controls=\"elementor-tab-content-91023\" aria-expanded=\"false\">\n\t\t\t\t\t\t\t\t\t\t\t\t<span class=\"elementor-toggle-icon elementor-toggle-icon-right\" aria-hidden=\"true\">\n\t\t\t\t\t\t\t\t\t\t\t\t\t\t\t<span class=\"elementor-toggle-icon-closed\"><i class=\"fas fa-caret-right\"><\/i><\/span>\n\t\t\t\t\t\t\t\t<span class=\"elementor-toggle-icon-opened\"><i class=\"elementor-toggle-icon-opened fas fa-caret-up\"><\/i><\/span>\n\t\t\t\t\t\t\t\t\t\t\t\t\t<\/span>\n\t\t\t\t\t\t\t\t\t\t\t\t<a class=\"elementor-toggle-title\" tabindex=\"0\">Quem \u00e9 respons\u00e1vel quando acontece um acidente com vidro aplicado fora de norma em uma constru\u00e7\u00e3o?<\/a>\n\t\t\t\t\t<\/div>\n\n\t\t\t\t\t<div id=\"elementor-tab-content-91023\" class=\"elementor-tab-content elementor-clearfix\" data-tab=\"23\" role=\"region\" aria-labelledby=\"elementor-tab-title-91023\"><p>Em um acidente grave com vidros \u00e9 comum que o propriet\u00e1rio do im\u00f3vel e todos os envolvidos na sele\u00e7\u00e3o e instala\u00e7\u00e3o dos vidros sejam envolvidos no processo que investigar\u00e1 sua causa. Constatando que o vidro foi instalado sem seguir a normas t\u00e9cnicas a responsabiliza\u00e7\u00e3o dever\u00e1 ser feita aos respons\u00e1veis t\u00e9cnicos pela constru\u00e7\u00e3o e especialistas envolvidos. Ou seja, a responsabilidade \u00e9 compartilhada por todos os envolvidos na especifica\u00e7\u00e3o sele\u00e7\u00e3o, produ\u00e7\u00e3o e instala\u00e7\u00e3o dos vidros que tenham causado o acidente.<\/p><p>Como exemplo, temos o caso ocorrido em Caxias do Sul em mar\u00e7o de 2025 em uma academia de gin\u00e1stica. Ap\u00f3s a investiga\u00e7\u00e3o a pol\u00edcia indiciou o dono da academia, o arquiteto respons\u00e1vel pela constru\u00e7\u00e3o e servidores p\u00fablicos envolvidos com a aprova\u00e7\u00e3o e fiscaliza\u00e7\u00e3o da obra.<\/p><p>\u00c9 por isso que a responsabilidade deve ser compartilhada e baseada em informa\u00e7\u00f5es t\u00e9cnicas e produtos certificados.<\/p><\/div>\n\t\t\t\t<\/div>\n\t\t\t\t\t\t\t<div class=\"elementor-toggle-item\">\n\t\t\t\t\t<div id=\"elementor-tab-title-91024\" class=\"elementor-tab-title\" data-tab=\"24\" role=\"button\" aria-controls=\"elementor-tab-content-91024\" aria-expanded=\"false\">\n\t\t\t\t\t\t\t\t\t\t\t\t<span class=\"elementor-toggle-icon elementor-toggle-icon-right\" aria-hidden=\"true\">\n\t\t\t\t\t\t\t\t\t\t\t\t\t\t\t<span class=\"elementor-toggle-icon-closed\"><i class=\"fas fa-caret-right\"><\/i><\/span>\n\t\t\t\t\t\t\t\t<span class=\"elementor-toggle-icon-opened\"><i class=\"elementor-toggle-icon-opened fas fa-caret-up\"><\/i><\/span>\n\t\t\t\t\t\t\t\t\t\t\t\t\t<\/span>\n\t\t\t\t\t\t\t\t\t\t\t\t<a class=\"elementor-toggle-title\" tabindex=\"0\">Qual o papel do vidraceiro, engenheiro ou arquiteto nesse processo?<\/a>\n\t\t\t\t\t<\/div>\n\n\t\t\t\t\t<div id=\"elementor-tab-content-91024\" class=\"elementor-tab-content elementor-clearfix\" data-tab=\"24\" role=\"region\" aria-labelledby=\"elementor-tab-title-91024\"><p>Cada um tem sua responsabilidade:<\/p><ul><li><strong>Arquiteto\/Engenheiro<\/strong>: espec\u00edfica corretamente os tipos de vidro conforme normas.<\/li><li><strong>Fornecedor<\/strong>: entrega produto com rastreabilidade e documenta\u00e7\u00e3o.<\/li><li><strong>Instalador (vidraceiro)<\/strong>: executa conforme especifica\u00e7\u00f5es t\u00e9cnicas.<\/li><li><strong>Propriet\u00e1rio\/cliente<\/strong>: deve exigir comprova\u00e7\u00e3o do cumprimento das normas.<\/li><\/ul><\/div>\n\t\t\t\t<\/div>\n\t\t\t\t\t\t\t<div class=\"elementor-toggle-item\">\n\t\t\t\t\t<div id=\"elementor-tab-title-91025\" class=\"elementor-tab-title\" data-tab=\"25\" role=\"button\" aria-controls=\"elementor-tab-content-91025\" aria-expanded=\"false\">\n\t\t\t\t\t\t\t\t\t\t\t\t<span class=\"elementor-toggle-icon elementor-toggle-icon-right\" aria-hidden=\"true\">\n\t\t\t\t\t\t\t\t\t\t\t\t\t\t\t<span class=\"elementor-toggle-icon-closed\"><i class=\"fas fa-caret-right\"><\/i><\/span>\n\t\t\t\t\t\t\t\t<span class=\"elementor-toggle-icon-opened\"><i class=\"elementor-toggle-icon-opened fas fa-caret-up\"><\/i><\/span>\n\t\t\t\t\t\t\t\t\t\t\t\t\t<\/span>\n\t\t\t\t\t\t\t\t\t\t\t\t<a class=\"elementor-toggle-title\" tabindex=\"0\">Por que o vidro \u00e9 aramado deixou de ser um vidro de seguran\u00e7a? Ele \u00e9 perigoso?<\/a>\n\t\t\t\t\t<\/div>\n\n\t\t\t\t\t<div id=\"elementor-tab-content-91025\" class=\"elementor-tab-content elementor-clearfix\" data-tab=\"25\" role=\"region\" aria-labelledby=\"elementor-tab-title-91025\"><p>Por muitos anos o vidro aramado foi considerado como vidro de seguran\u00e7a em todo o mundo, tend\u00eancia que come\u00e7ou a mudar na \u00faltima d\u00e9cada em fun\u00e7\u00e3o de acidentes onde o arame foi um fator de aumento das feridas nos usu\u00e1rios. Com a maior disponibilidade do vidro laminado de seguran\u00e7a \u00e9 natural que as normas passem a indicar este produto em substitui\u00e7\u00e3o do vidro armado.<\/p><\/div>\n\t\t\t\t<\/div>\n\t\t\t\t\t\t\t<div class=\"elementor-toggle-item\">\n\t\t\t\t\t<div id=\"elementor-tab-title-91026\" class=\"elementor-tab-title\" data-tab=\"26\" role=\"button\" aria-controls=\"elementor-tab-content-91026\" aria-expanded=\"false\">\n\t\t\t\t\t\t\t\t\t\t\t\t<span class=\"elementor-toggle-icon elementor-toggle-icon-right\" aria-hidden=\"true\">\n\t\t\t\t\t\t\t\t\t\t\t\t\t\t\t<span class=\"elementor-toggle-icon-closed\"><i class=\"fas fa-caret-right\"><\/i><\/span>\n\t\t\t\t\t\t\t\t<span class=\"elementor-toggle-icon-opened\"><i class=\"elementor-toggle-icon-opened fas fa-caret-up\"><\/i><\/span>\n\t\t\t\t\t\t\t\t\t\t\t\t\t<\/span>\n\t\t\t\t\t\t\t\t\t\t\t\t<a class=\"elementor-toggle-title\" tabindex=\"0\">Por que existem v\u00e1rias normas de vidro? N\u00e3o seria mais f\u00e1cil ter somente uma?<\/a>\n\t\t\t\t\t<\/div>\n\n\t\t\t\t\t<div id=\"elementor-tab-content-91026\" class=\"elementor-tab-content elementor-clearfix\" data-tab=\"26\" role=\"region\" aria-labelledby=\"elementor-tab-title-91026\"><p>Esta \u00e9 uma pergunta usual! Costumamos dizer que a principal norma sobre o uso de vidros em edifica\u00e7\u00f5es \u00e9 a 7199 pois ela foca nas aplica\u00e7\u00f5es mais usuais. As outras normas s\u00e3o normalmente voltadas para caracter\u00edsticas de produ\u00e7\u00e3o do vidro e aplica\u00e7\u00f5es menos utilizadas como vidros resistentes ao fogo, fechamento de sacadas, prote\u00e7\u00e3o ac\u00fastica, entre outros.<\/p><\/div>\n\t\t\t\t<\/div>\n\t\t\t\t\t\t\t<div class=\"elementor-toggle-item\">\n\t\t\t\t\t<div id=\"elementor-tab-title-91027\" class=\"elementor-tab-title\" data-tab=\"27\" role=\"button\" aria-controls=\"elementor-tab-content-91027\" aria-expanded=\"false\">\n\t\t\t\t\t\t\t\t\t\t\t\t<span class=\"elementor-toggle-icon elementor-toggle-icon-right\" aria-hidden=\"true\">\n\t\t\t\t\t\t\t\t\t\t\t\t\t\t\t<span class=\"elementor-toggle-icon-closed\"><i class=\"fas fa-caret-right\"><\/i><\/span>\n\t\t\t\t\t\t\t\t<span class=\"elementor-toggle-icon-opened\"><i class=\"elementor-toggle-icon-opened fas fa-caret-up\"><\/i><\/span>\n\t\t\t\t\t\t\t\t\t\t\t\t\t<\/span>\n\t\t\t\t\t\t\t\t\t\t\t\t<a class=\"elementor-toggle-title\" tabindex=\"0\">E se meu vidro for importado ou artesanal? Ele precisa seguir a norma tamb\u00e9m?<\/a>\n\t\t\t\t\t<\/div>\n\n\t\t\t\t\t<div id=\"elementor-tab-content-91027\" class=\"elementor-tab-content elementor-clearfix\" data-tab=\"27\" role=\"region\" aria-labelledby=\"elementor-tab-title-91027\"><p>Sim. <strong>Todo vidro usado em edifica\u00e7\u00f5es no Brasil precisa seguir as normas da ABNT<\/strong>, <strong>independente da origem.<\/strong> Importar ou usar vidros fora da norma pode gerar <strong>riscos e responsabiliza\u00e7\u00f5es legais.<\/strong><\/p><\/div>\n\t\t\t\t<\/div>\n\t\t\t\t\t\t\t<div class=\"elementor-toggle-item\">\n\t\t\t\t\t<div id=\"elementor-tab-title-91028\" class=\"elementor-tab-title\" data-tab=\"28\" role=\"button\" aria-controls=\"elementor-tab-content-91028\" aria-expanded=\"false\">\n\t\t\t\t\t\t\t\t\t\t\t\t<span class=\"elementor-toggle-icon elementor-toggle-icon-right\" aria-hidden=\"true\">\n\t\t\t\t\t\t\t\t\t\t\t\t\t\t\t<span class=\"elementor-toggle-icon-closed\"><i class=\"fas fa-caret-right\"><\/i><\/span>\n\t\t\t\t\t\t\t\t<span class=\"elementor-toggle-icon-opened\"><i class=\"elementor-toggle-icon-opened fas fa-caret-up\"><\/i><\/span>\n\t\t\t\t\t\t\t\t\t\t\t\t\t<\/span>\n\t\t\t\t\t\t\t\t\t\t\t\t<a class=\"elementor-toggle-title\" tabindex=\"0\">Todo vidro temperado \u00e9 igual? <\/a>\n\t\t\t\t\t<\/div>\n\n\t\t\t\t\t<div id=\"elementor-tab-content-91028\" class=\"elementor-tab-content elementor-clearfix\" data-tab=\"28\" role=\"region\" aria-labelledby=\"elementor-tab-title-91028\"><p>N\u00e3o! Existem algumas diferen\u00e7as!<\/p><p>A mais importante, para n\u00f3s, \u00e9 a certifica\u00e7\u00e3o do processo produtivo! Empresas certificadas tem maior controle de seus equipamentos e processos internos evitando erros e falhas de produ\u00e7\u00e3o que s\u00f3 ser\u00e3o descobertas no caso de um acidente.<\/p><p>Existem ainda algumas formas diferentes de produzir o vidro temperado onde as mais usuais est\u00e3o relacionadas ao tipo de forno horizontal e vertical.<\/p><\/div>\n\t\t\t\t<\/div>\n\t\t\t\t\t\t\t<div class=\"elementor-toggle-item\">\n\t\t\t\t\t<div id=\"elementor-tab-title-91029\" class=\"elementor-tab-title\" data-tab=\"29\" role=\"button\" aria-controls=\"elementor-tab-content-91029\" aria-expanded=\"false\">\n\t\t\t\t\t\t\t\t\t\t\t\t<span class=\"elementor-toggle-icon elementor-toggle-icon-right\" aria-hidden=\"true\">\n\t\t\t\t\t\t\t\t\t\t\t\t\t\t\t<span class=\"elementor-toggle-icon-closed\"><i class=\"fas fa-caret-right\"><\/i><\/span>\n\t\t\t\t\t\t\t\t<span class=\"elementor-toggle-icon-opened\"><i class=\"elementor-toggle-icon-opened fas fa-caret-up\"><\/i><\/span>\n\t\t\t\t\t\t\t\t\t\t\t\t\t<\/span>\n\t\t\t\t\t\t\t\t\t\t\t\t<a class=\"elementor-toggle-title\" tabindex=\"0\">Vidro temperado \u00e9 mais seguro que vidro laminado?<\/a>\n\t\t\t\t\t<\/div>\n\n\t\t\t\t\t<div id=\"elementor-tab-content-91029\" class=\"elementor-tab-content elementor-clearfix\" data-tab=\"29\" role=\"region\" aria-labelledby=\"elementor-tab-title-91029\"><p>Depende da aplica\u00e7\u00e3o:<\/p><p>O vidro temperado \u00e9 mais resistente a impacto, mas quando quebra, se desintegra e deixa o v\u00e3o aberto.<\/p><p>O vidro laminado, mesmo quebrado, continua no lugar, o que evita quedas ou entrada indevida, sendo essencial em sacadas, guarda-corpos e coberturas.<\/p><p>Para aplica\u00e7\u00f5es que exigem os dois benef\u00edcios, pode-se usar laminado com chapas temperadas.<\/p><\/div>\n\t\t\t\t<\/div>\n\t\t\t\t\t\t\t\t<\/div>\n\t\t\t\t\t\t<\/div>\n\t\t\t\t<\/div>\n\t\t\t\t\t<\/div>\n\t\t<\/div>\n\t\t\t\t\t<\/div>\n\t\t<\/section>\n\t\t\t\t<section class=\"elementor-section elementor-top-section elementor-element elementor-element-16847be elementor-section-boxed elementor-section-height-default elementor-section-height-default wpr-particle-no wpr-jarallax-no wpr-parallax-no wpr-sticky-section-no wpr-column-slider-no wpr-equal-height-no\" data-id=\"16847be\" data-element_type=\"section\" data-e-type=\"section\" data-settings=\"{&quot;background_background&quot;:&quot;classic&quot;,&quot;_ha_eqh_enable&quot;:false}\">\n\t\t\t\t\t\t<div class=\"elementor-container elementor-column-gap-default\">\n\t\t\t\t\t<div class=\"elementor-column elementor-col-50 elementor-top-column elementor-element elementor-element-9db3a7f\" data-id=\"9db3a7f\" data-element_type=\"column\" data-e-type=\"column\">\n\t\t\t<div class=\"elementor-widget-wrap elementor-element-populated\">\n\t\t\t\t\t\t<div class=\"elementor-element elementor-element-8b7ad15 elementor-widget elementor-widget-image\" data-id=\"8b7ad15\" data-element_type=\"widget\" data-e-type=\"widget\" data-widget_type=\"image.default\">\n\t\t\t\t<div class=\"elementor-widget-container\">\n\t\t\t\t\t\t\t\t\t\t\t\t\t\t\t<img decoding=\"async\" src=\"https:\/\/vidrocerto.org.br\/vc-novo\/wp-content\/uploads\/elementor\/thumbs\/logo_vidro_certo_300x300-q1kt6a779a4neds9zxvedav8opa3byfvepo9s4hxw0.png\" title=\"logo_vidro_certo_300x300\" alt=\"logo_vidro_certo_300x300\" loading=\"lazy\" \/>\t\t\t\t\t\t\t\t\t\t\t\t\t\t\t<\/div>\n\t\t\t\t<\/div>\n\t\t\t\t<div class=\"elementor-element elementor-element-eefe140 elementor-shape-square elementor-grid-0 e-grid-align-center elementor-widget elementor-widget-social-icons\" data-id=\"eefe140\" data-element_type=\"widget\" data-e-type=\"widget\" data-widget_type=\"social-icons.default\">\n\t\t\t\t<div class=\"elementor-widget-container\">\n\t\t\t\t\t\t\t<div class=\"elementor-social-icons-wrapper elementor-grid\" role=\"list\">\n\t\t\t\t\t\t\t<span class=\"elementor-grid-item\" role=\"listitem\">\n\t\t\t\t\t<a class=\"elementor-icon elementor-social-icon elementor-social-icon-facebook elementor-animation-grow elementor-repeater-item-e7ce608\" href=\"https:\/\/www.facebook.com\/Portal-Vidro-Certo-102213554940748\" target=\"_blank\">\n\t\t\t\t\t\t<span class=\"elementor-screen-only\">Facebook<\/span>\n\t\t\t\t\t\t<i aria-hidden=\"true\" class=\"fab fa-facebook\"><\/i>\t\t\t\t\t<\/a>\n\t\t\t\t<\/span>\n\t\t\t\t\t\t\t<span class=\"elementor-grid-item\" role=\"listitem\">\n\t\t\t\t\t<a class=\"elementor-icon elementor-social-icon elementor-social-icon-instagram elementor-animation-grow elementor-repeater-item-eca31ca\" href=\"https:\/\/www.instagram.com\/portal_vidro_certo\/\" target=\"_blank\">\n\t\t\t\t\t\t<span class=\"elementor-screen-only\">Instagram<\/span>\n\t\t\t\t\t\t<i aria-hidden=\"true\" class=\"fab fa-instagram\"><\/i>\t\t\t\t\t<\/a>\n\t\t\t\t<\/span>\n\t\t\t\t\t\t\t<span class=\"elementor-grid-item\" role=\"listitem\">\n\t\t\t\t\t<a class=\"elementor-icon elementor-social-icon elementor-social-icon-youtube elementor-animation-grow elementor-repeater-item-5cbb56a\" href=\"https:\/\/www.youtube.com\/channel\/UCa3dLbcf0VEyUZq6uoRqDjg\" target=\"_blank\">\n\t\t\t\t\t\t<span class=\"elementor-screen-only\">Youtube<\/span>\n\t\t\t\t\t\t<i aria-hidden=\"true\" class=\"fab fa-youtube\"><\/i>\t\t\t\t\t<\/a>\n\t\t\t\t<\/span>\n\t\t\t\t\t\t\t<span class=\"elementor-grid-item\" role=\"listitem\">\n\t\t\t\t\t<a class=\"elementor-icon elementor-social-icon elementor-social-icon-linkedin elementor-animation-grow elementor-repeater-item-6bc9cf4\" href=\"https:\/\/www.linkedin.com\/company\/portal-vidro-certo\/\" target=\"_blank\">\n\t\t\t\t\t\t<span class=\"elementor-screen-only\">Linkedin<\/span>\n\t\t\t\t\t\t<i aria-hidden=\"true\" class=\"fab fa-linkedin\"><\/i>\t\t\t\t\t<\/a>\n\t\t\t\t<\/span>\n\t\t\t\t\t<\/div>\n\t\t\t\t\t\t<\/div>\n\t\t\t\t<\/div>\n\t\t\t\t\t<\/div>\n\t\t<\/div>\n\t\t\t\t<div class=\"elementor-column elementor-col-50 elementor-top-column elementor-element elementor-element-15dafa2\" data-id=\"15dafa2\" data-element_type=\"column\" data-e-type=\"column\">\n\t\t\t<div class=\"elementor-widget-wrap elementor-element-populated\">\n\t\t\t\t\t\t<div class=\"elementor-element elementor-element-19c94b5 elementor-widget elementor-widget-text-editor\" data-id=\"19c94b5\" data-element_type=\"widget\" data-e-type=\"widget\" data-widget_type=\"text-editor.default\">\n\t\t\t\t<div class=\"elementor-widget-container\">\n\t\t\t\t\t\t\t\t\t<p>O portal Vidro Certo \u00e9 uma iniciativa da <a href=\"https:\/\/abividro.org.br\/\">ABIVIDRO<\/a>, e segue suas diretrizes de <a href=\"https:\/\/abividro.org.br\/politica-de-privacidade\/\">Pol\u00edtica de Privacidade.<\/a><\/p><div class=\"wpb_text_column wpb_content_element text-legal\"><div class=\"wpb_wrapper\"><p>O conte\u00fado fornecido para esta p\u00e1gina est\u00e1 dispon\u00edvel somente para fins informativos. A Abividro n\u00e3o se responsabiliza pelo conte\u00fado dos sites vinculados, bem como por suas pr\u00e1ticas individuais. Os sites cujos links s\u00e3o fornecidos em nossas p\u00e1ginas possuem seus pr\u00f3prios termos e condi\u00e7\u00f5es e pol\u00edticas de privacidade, e devem ser avaliados individualmente.\u00a0<a href=\"https:\/\/abividro.org.br\/abividro\/codigo-de-conduta\/\">Clique aqui<\/a>\u00a0e leia nosso C\u00f3digo de Conduta.<\/p><\/div><\/div>\t\t\t\t\t\t\t\t<\/div>\n\t\t\t\t<\/div>\n\t\t\t\t\t<\/div>\n\t\t<\/div>\n\t\t\t\t\t<\/div>\n\t\t<\/section>\n\t\t\t\t<section class=\"elementor-section elementor-top-section elementor-element elementor-element-c480642 elementor-section-boxed elementor-section-height-default elementor-section-height-default wpr-particle-no wpr-jarallax-no wpr-parallax-no wpr-sticky-section-no wpr-column-slider-no wpr-equal-height-no\" data-id=\"c480642\" data-element_type=\"section\" data-e-type=\"section\" data-settings=\"{&quot;_ha_eqh_enable&quot;:false}\">\n\t\t\t\t\t\t<div class=\"elementor-container elementor-column-gap-default\">\n\t\t\t\t\t<div class=\"elementor-column elementor-col-100 elementor-top-column elementor-element elementor-element-4239a10\" data-id=\"4239a10\" data-element_type=\"column\" data-e-type=\"column\">\n\t\t\t<div class=\"elementor-widget-wrap\">\n\t\t\t\t\t\t\t<\/div>\n\t\t<\/div>\n\t\t\t\t\t<\/div>\n\t\t<\/section>\n\t\t\t\t<\/div>\n\t\t","protected":false},"excerpt":{"rendered":"<p>Folder Benef\u00edcios do vidro! Neste material visual, voc\u00ea poder\u00e1 explorar toda a cadeia vidreira e o vidro na Constru\u00e7\u00e3o Civil. Em um mapa \u00fanico que simula diversas aplica\u00e7\u00f5es e os benef\u00edcios que s\u00f3 o vidro pode trazer para elas.\u00a0 Baixar material Conhe\u00e7a mais Vidro como escolha certa! Existem diversas aplica\u00e7\u00f5es de vidro na Constru\u00e7\u00e3o Civil as quais milh\u00f5es de pessoas interagem dia a dia. E, para cada uma dessas aplica\u00e7\u00f5es existem o tipo de vidro certo. Neste material, trouxemos uma vis\u00e3o n\u00e3o s\u00f3 da aplica\u00e7\u00e3o como dos benef\u00edcios que o vidro traz para cada uma delas.\u00a0 Ver d\u00favidas frequentes Clique e veja melhor! Clicando no folder voc\u00ea pode visualizar melhor todas as informa\u00e7\u00f5es do mapa. Gostou? Baixe o material Preencha o formul\u00e1rio abaixo e receba o folder direto no email cadastrado.\u00a0 D\u00daVIDAS FREQUENTES Sobre os vidros de seguran\u00e7a Qual a norma que define a seguran\u00e7a no vidro usado nas constru\u00e7\u00f5es? \u00c9 a norma ABNT NBR 7199. Ela descreve os vidros m\u00ednimos aceit\u00e1veis para cada tipo de aplica\u00e7\u00e3o na constru\u00e7\u00e3o civil. Por que a ABNT NBR 7199 est\u00e1 sendo atualizada em 2025? Atualiza\u00e7\u00e3o de norma \u00e9 o habitual em todo lugar do mundo e \u00e9 motivada por mudan\u00e7as no produto ou no uso dele. Por exemplo: Existe um aumento significativo na \u00e1rea envidra\u00e7ada das constru\u00e7\u00f5es colocando os usu\u00e1rios mais pr\u00f3ximos do vidro. Com isso \u00e9 adequado revisar os tipos de vidro para garantir a seguran\u00e7a e conforto dos usu\u00e1rios das edifica\u00e7\u00f5es. Outro exemplo importante \u00e9 quando existem mudan\u00e7as de tecnologia ou custo de produ\u00e7\u00e3o para determinados produtos. Este \u00e9 o caso do vidro aramado que era largamente utilizado como um vidro de seguran\u00e7a nas constru\u00e7\u00f5es, mas que est\u00e1 sendo substitu\u00eddo por vidros laminados de seguran\u00e7a que s\u00e3o mais facilmente encontrados h\u00e1 custos muito inferiores do que eram h\u00e1 uma d\u00e9cada. A nova vers\u00e3o da norma 7199 incorporou um conceito de ambientes de uso especial. Por que desta mudan\u00e7a? O grupo t\u00e9cnico discutiu a revis\u00e3o da norma percebeu que algumas identifica\u00e7\u00f5es t\u00eam usos muito distintos do usual, em especial quando seus usu\u00e1rios s\u00e3o majoritariamente idosos ou crian\u00e7as, ou quando as atividades demandam deslocamentos mais r\u00e1pido em situa\u00e7\u00f5es at\u00edpicas. Assim, a nova vers\u00e3o da norma orienta uso somente de vidros de seguran\u00e7a nestes e ambientes Como col\u00e9gio, escolas, creches, videotecas, academias de gin\u00e1stica, quadras esportivas, hospitais, postos de sa\u00fade, cl\u00ednicas, asilos sal\u00e3o de festas, bares, delegacias, sauna, piscinas, esta\u00e7\u00f5es atl\u00e9ticas, vesti\u00e1rios e outros ambientes com caracter\u00edsticas similares a estes. O que s\u00e3o ambientes de grande concentra\u00e7\u00e3o de p\u00fablico? E por que os vidros destes locais devem ser de seguran\u00e7a? Esta \u00e9 uma denomina\u00e7\u00e3o gen\u00e9rica para locais como terminais de passageiros em geral, shopping centers, pra\u00e7as de alimenta\u00e7\u00e3o, audit\u00f3rios, \u00e1reas de circula\u00e7\u00e3o, lobbies, centros de conven\u00e7\u00f5es, templos religiosos, museus, restaurantes, tribunais, supermercados, lojas de varejo, universidades, locais de entretenimento onde se prev\u00ea aglomera\u00e7\u00f5es. Com grande p\u00fablico pode haver situa\u00e7\u00f5es muito diferentes de ambientes dom\u00e9stico ou empresariais. Imaginem protestos, demonstra\u00e7\u00f5es, inc\u00eandios por exemplo. Nestes casos os vidros precisam ser refor\u00e7ados para aguentar impactos n\u00e3o esperados em outras situa\u00e7\u00f5es. Quanto mais resistente o vidro temperado \u00e9 em rela\u00e7\u00e3o ao vidro comum? Em geral podemos assumir que o vidro temperado, de mesma espessura do vidro comum, \u00e9 entre 4 e 5 vezes mais resistente a impactos. Mas n\u00e3o \u00e9 somente esse crit\u00e9rio que classifica o vidro temperado como um vidro de seguran\u00e7a. Outro aspecto relevante \u00e9 a maneira que o vidro temperado se quebra deixando poucas arestas cortantes quando comparado h\u00e1 um vidro comum (float ou recozido). O vidro insulado (ou duplo) \u00e9 mais seguro que os demais? N\u00e3o necessariamente! O vidro insulado \u00e9 uma combina\u00e7\u00e3o de vidros que busca maximizar sua performance nas edifica\u00e7\u00f5es. Ele combina caracter\u00edsticas de produtos como prote\u00e7\u00e3o solar, efici\u00eancia energ\u00e9tica, controle de ru\u00eddos entre outros, sempre considerando a seguran\u00e7a da aplica\u00e7\u00e3o. Ou seja, uma ou todas as chapas de vidro dever\u00e3o atender o quesito de seguran\u00e7a estabelecido na norma 7199 conforme o uso do conjunto. Exemplo: Se o vidro duplo est\u00e1 instalado em uma fachada em uma posi\u00e7\u00e3o abaixo de 1,10 do piso do andar. A pe\u00e7a de vidro interna dever\u00e1 ser um vidro laminado de seguran\u00e7a. \u00c9 comum que, ao se aproximarem de portas e v\u00e3os, pessoas confundam a entrada com outras pe\u00e7as de vidro fixas ao redor, como laterais ou divis\u00f3rias, podendo causar acidentes. Por este motivo, para proteger os usu\u00e1rios e evitar riscos, as normas de seguran\u00e7a recomendam que todas as partes de vidro pr\u00f3ximas \u00e0 porta sejam feitas com vidro de seguran\u00e7a reduzindo o risco de ferimentos graves. Quais as vantagens de comprar um vidro laminado? Normalmente o vidro laminado \u00e9 procurado por quest\u00f5es relacionadas \u00e0 seguran\u00e7a que ele proporciona. Por\u00e9m, junto a este quesito o cliente leva \u201cde gra\u00e7a\u201d mais efici\u00eancia energ\u00e9tica, economizando na conta de ar-condicionado ou aquecimento, ambientes mais tranquilos, as camadas de vidro laminado tendem a absorver parte dos ru\u00eddos externos e aumentam a vida \u00fatil da decora\u00e7\u00e3o pois o vidro laminado reduz a entrada de raios solares que deterioram tecidos e pisos. Nestas situa\u00e7\u00f5es \u00e9 prov\u00e1vel que o propriet\u00e1rio do im\u00f3vel e outros participantes na especifica\u00e7\u00e3o, constru\u00e7\u00e3o e aprova\u00e7\u00e3o da obra sejam responsabilizados. Ou seja, a responsabilidade \u00e9 compartilhada por todos os envolvidos na especifica\u00e7\u00e3o sele\u00e7\u00e3o, produ\u00e7\u00e3o e instala\u00e7\u00e3o dos vidros que tenham causado o acidente. Por que muitas vezes encontramos o vidro instalado sem cumprir os requisitos de seguran\u00e7a das normas t\u00e9cnicas? Existem 2 grandes motivos primeiro desconhecimento sobre as normas relativas \u00e0 aplica\u00e7\u00e3o de vidro e segundo o Receio de perder uma venda de um produto especificado corretamente para um concorrente que de venda um produto fora de norma para aplica\u00e7\u00e3o que seria mais barato. Acreditamos que o principal motivo \u00e9 o desconhecimento sobre as exist\u00eancia das normas que definem que vidro usar, mas n\u00e3o podemos descarar a possibilidade de usos de vidros fora de norma que tem custos menores. Houve alguma mudan\u00e7a nos vidros das portas? Sim! At\u00e9 ent\u00e3o as portas poderiam ter vidro comum acima de 1,10m do piso. A revis\u00e3o da norma estabelece que todos os vidros<\/p>\n","protected":false},"author":1,"featured_media":6175,"parent":0,"menu_order":0,"comment_status":"closed","ping_status":"closed","template":"elementor_header_footer","meta":{"inline_featured_image":false,"footnotes":""},"class_list":["post-6179","page","type-page","status-publish","has-post-thumbnail","hentry"],"yoast_head":"<!-- This site is optimized with the Yoast SEO plugin v28.4 - https:\/\/yoast.com\/product\/yoast-seo-wordpress\/ -->\n<title>Download - Folder - Vidro Certo<\/title>\n<meta name=\"robots\" content=\"index, follow, max-snippet:-1, max-image-preview:large, max-video-preview:-1\" \/>\n<link rel=\"canonical\" href=\"https:\/\/vidrocerto.org.br\/vc-novo\/download-folder\/\" \/>\n<meta property=\"og:locale\" content=\"pt_BR\" \/>\n<meta property=\"og:type\" content=\"article\" \/>\n<meta property=\"og:title\" content=\"Download - Folder - Vidro Certo\" \/>\n<meta property=\"og:description\" content=\"Folder Benef\u00edcios do vidro! Neste material visual, voc\u00ea poder\u00e1 explorar toda a cadeia vidreira e o vidro na Constru\u00e7\u00e3o Civil. Em um mapa \u00fanico que simula diversas aplica\u00e7\u00f5es e os benef\u00edcios que s\u00f3 o vidro pode trazer para elas.\u00a0 Baixar material Conhe\u00e7a mais Vidro como escolha certa! Existem diversas aplica\u00e7\u00f5es de vidro na Constru\u00e7\u00e3o Civil as quais milh\u00f5es de pessoas interagem dia a dia. E, para cada uma dessas aplica\u00e7\u00f5es existem o tipo de vidro certo. Neste material, trouxemos uma vis\u00e3o n\u00e3o s\u00f3 da aplica\u00e7\u00e3o como dos benef\u00edcios que o vidro traz para cada uma delas.\u00a0 Ver d\u00favidas frequentes Clique e veja melhor! Clicando no folder voc\u00ea pode visualizar melhor todas as informa\u00e7\u00f5es do mapa. Gostou? Baixe o material Preencha o formul\u00e1rio abaixo e receba o folder direto no email cadastrado.\u00a0 D\u00daVIDAS FREQUENTES Sobre os vidros de seguran\u00e7a Qual a norma que define a seguran\u00e7a no vidro usado nas constru\u00e7\u00f5es? \u00c9 a norma ABNT NBR 7199. Ela descreve os vidros m\u00ednimos aceit\u00e1veis para cada tipo de aplica\u00e7\u00e3o na constru\u00e7\u00e3o civil. Por que a ABNT NBR 7199 est\u00e1 sendo atualizada em 2025? Atualiza\u00e7\u00e3o de norma \u00e9 o habitual em todo lugar do mundo e \u00e9 motivada por mudan\u00e7as no produto ou no uso dele. Por exemplo: Existe um aumento significativo na \u00e1rea envidra\u00e7ada das constru\u00e7\u00f5es colocando os usu\u00e1rios mais pr\u00f3ximos do vidro. Com isso \u00e9 adequado revisar os tipos de vidro para garantir a seguran\u00e7a e conforto dos usu\u00e1rios das edifica\u00e7\u00f5es. Outro exemplo importante \u00e9 quando existem mudan\u00e7as de tecnologia ou custo de produ\u00e7\u00e3o para determinados produtos. Este \u00e9 o caso do vidro aramado que era largamente utilizado como um vidro de seguran\u00e7a nas constru\u00e7\u00f5es, mas que est\u00e1 sendo substitu\u00eddo por vidros laminados de seguran\u00e7a que s\u00e3o mais facilmente encontrados h\u00e1 custos muito inferiores do que eram h\u00e1 uma d\u00e9cada. A nova vers\u00e3o da norma 7199 incorporou um conceito de ambientes de uso especial. Por que desta mudan\u00e7a? O grupo t\u00e9cnico discutiu a revis\u00e3o da norma percebeu que algumas identifica\u00e7\u00f5es t\u00eam usos muito distintos do usual, em especial quando seus usu\u00e1rios s\u00e3o majoritariamente idosos ou crian\u00e7as, ou quando as atividades demandam deslocamentos mais r\u00e1pido em situa\u00e7\u00f5es at\u00edpicas. Assim, a nova vers\u00e3o da norma orienta uso somente de vidros de seguran\u00e7a nestes e ambientes Como col\u00e9gio, escolas, creches, videotecas, academias de gin\u00e1stica, quadras esportivas, hospitais, postos de sa\u00fade, cl\u00ednicas, asilos sal\u00e3o de festas, bares, delegacias, sauna, piscinas, esta\u00e7\u00f5es atl\u00e9ticas, vesti\u00e1rios e outros ambientes com caracter\u00edsticas similares a estes. O que s\u00e3o ambientes de grande concentra\u00e7\u00e3o de p\u00fablico? E por que os vidros destes locais devem ser de seguran\u00e7a? Esta \u00e9 uma denomina\u00e7\u00e3o gen\u00e9rica para locais como terminais de passageiros em geral, shopping centers, pra\u00e7as de alimenta\u00e7\u00e3o, audit\u00f3rios, \u00e1reas de circula\u00e7\u00e3o, lobbies, centros de conven\u00e7\u00f5es, templos religiosos, museus, restaurantes, tribunais, supermercados, lojas de varejo, universidades, locais de entretenimento onde se prev\u00ea aglomera\u00e7\u00f5es. Com grande p\u00fablico pode haver situa\u00e7\u00f5es muito diferentes de ambientes dom\u00e9stico ou empresariais. Imaginem protestos, demonstra\u00e7\u00f5es, inc\u00eandios por exemplo. Nestes casos os vidros precisam ser refor\u00e7ados para aguentar impactos n\u00e3o esperados em outras situa\u00e7\u00f5es. Quanto mais resistente o vidro temperado \u00e9 em rela\u00e7\u00e3o ao vidro comum? Em geral podemos assumir que o vidro temperado, de mesma espessura do vidro comum, \u00e9 entre 4 e 5 vezes mais resistente a impactos. Mas n\u00e3o \u00e9 somente esse crit\u00e9rio que classifica o vidro temperado como um vidro de seguran\u00e7a. Outro aspecto relevante \u00e9 a maneira que o vidro temperado se quebra deixando poucas arestas cortantes quando comparado h\u00e1 um vidro comum (float ou recozido). O vidro insulado (ou duplo) \u00e9 mais seguro que os demais? N\u00e3o necessariamente! O vidro insulado \u00e9 uma combina\u00e7\u00e3o de vidros que busca maximizar sua performance nas edifica\u00e7\u00f5es. Ele combina caracter\u00edsticas de produtos como prote\u00e7\u00e3o solar, efici\u00eancia energ\u00e9tica, controle de ru\u00eddos entre outros, sempre considerando a seguran\u00e7a da aplica\u00e7\u00e3o. Ou seja, uma ou todas as chapas de vidro dever\u00e3o atender o quesito de seguran\u00e7a estabelecido na norma 7199 conforme o uso do conjunto. Exemplo: Se o vidro duplo est\u00e1 instalado em uma fachada em uma posi\u00e7\u00e3o abaixo de 1,10 do piso do andar. A pe\u00e7a de vidro interna dever\u00e1 ser um vidro laminado de seguran\u00e7a. \u00c9 comum que, ao se aproximarem de portas e v\u00e3os, pessoas confundam a entrada com outras pe\u00e7as de vidro fixas ao redor, como laterais ou divis\u00f3rias, podendo causar acidentes. Por este motivo, para proteger os usu\u00e1rios e evitar riscos, as normas de seguran\u00e7a recomendam que todas as partes de vidro pr\u00f3ximas \u00e0 porta sejam feitas com vidro de seguran\u00e7a reduzindo o risco de ferimentos graves. Quais as vantagens de comprar um vidro laminado? Normalmente o vidro laminado \u00e9 procurado por quest\u00f5es relacionadas \u00e0 seguran\u00e7a que ele proporciona. Por\u00e9m, junto a este quesito o cliente leva \u201cde gra\u00e7a\u201d mais efici\u00eancia energ\u00e9tica, economizando na conta de ar-condicionado ou aquecimento, ambientes mais tranquilos, as camadas de vidro laminado tendem a absorver parte dos ru\u00eddos externos e aumentam a vida \u00fatil da decora\u00e7\u00e3o pois o vidro laminado reduz a entrada de raios solares que deterioram tecidos e pisos. Nestas situa\u00e7\u00f5es \u00e9 prov\u00e1vel que o propriet\u00e1rio do im\u00f3vel e outros participantes na especifica\u00e7\u00e3o, constru\u00e7\u00e3o e aprova\u00e7\u00e3o da obra sejam responsabilizados. Ou seja, a responsabilidade \u00e9 compartilhada por todos os envolvidos na especifica\u00e7\u00e3o sele\u00e7\u00e3o, produ\u00e7\u00e3o e instala\u00e7\u00e3o dos vidros que tenham causado o acidente. Por que muitas vezes encontramos o vidro instalado sem cumprir os requisitos de seguran\u00e7a das normas t\u00e9cnicas? Existem 2 grandes motivos primeiro desconhecimento sobre as normas relativas \u00e0 aplica\u00e7\u00e3o de vidro e segundo o Receio de perder uma venda de um produto especificado corretamente para um concorrente que de venda um produto fora de norma para aplica\u00e7\u00e3o que seria mais barato. Acreditamos que o principal motivo \u00e9 o desconhecimento sobre as exist\u00eancia das normas que definem que vidro usar, mas n\u00e3o podemos descarar a possibilidade de usos de vidros fora de norma que tem custos menores. Houve alguma mudan\u00e7a nos vidros das portas? Sim! At\u00e9 ent\u00e3o as portas poderiam ter vidro comum acima de 1,10m do piso. A revis\u00e3o da norma estabelece que todos os vidros\" \/>\n<meta property=\"og:url\" content=\"https:\/\/vidrocerto.org.br\/vc-novo\/download-folder\/\" \/>\n<meta property=\"og:site_name\" content=\"Vidro Certo\" \/>\n<meta property=\"article:publisher\" content=\"https:\/\/www.facebook.com\/profile.php?id=100063684271289\" \/>\n<meta property=\"article:modified_time\" content=\"2026-07-30T14:41:16+00:00\" \/>\n<meta property=\"og:image\" content=\"https:\/\/vidrocerto.org.br\/vc-novo\/wp-content\/uploads\/2026\/07\/beneficios-do-vidro-folder.webp\" \/>\n\t<meta property=\"og:image:width\" content=\"1920\" \/>\n\t<meta property=\"og:image:height\" content=\"1080\" \/>\n\t<meta property=\"og:image:type\" content=\"image\/webp\" \/>\n<meta name=\"twitter:card\" content=\"summary_large_image\" \/>\n<meta name=\"twitter:label1\" content=\"Est. tempo de leitura\" \/>\n\t<meta name=\"twitter:data1\" content=\"19 minutos\" \/>\n<script type=\"application\/ld+json\" class=\"yoast-schema-graph\">{\"@context\":\"https:\\\/\\\/schema.org\",\"@graph\":[{\"@type\":\"WebPage\",\"@id\":\"https:\\\/\\\/vidrocerto.org.br\\\/vc-novo\\\/download-folder\\\/\",\"url\":\"https:\\\/\\\/vidrocerto.org.br\\\/vc-novo\\\/download-folder\\\/\",\"name\":\"Download - Folder - Vidro Certo\",\"isPartOf\":{\"@id\":\"https:\\\/\\\/vidrocerto.org.br\\\/vc-novo\\\/#website\"},\"primaryImageOfPage\":{\"@id\":\"https:\\\/\\\/vidrocerto.org.br\\\/vc-novo\\\/download-folder\\\/#primaryimage\"},\"image\":{\"@id\":\"https:\\\/\\\/vidrocerto.org.br\\\/vc-novo\\\/download-folder\\\/#primaryimage\"},\"thumbnailUrl\":\"https:\\\/\\\/vidrocerto.org.br\\\/vc-novo\\\/wp-content\\\/uploads\\\/2026\\\/07\\\/beneficios-do-vidro-folder.webp\",\"datePublished\":\"2026-07-30T12:17:58+00:00\",\"dateModified\":\"2026-07-30T14:41:16+00:00\",\"breadcrumb\":{\"@id\":\"https:\\\/\\\/vidrocerto.org.br\\\/vc-novo\\\/download-folder\\\/#breadcrumb\"},\"inLanguage\":\"pt-BR\",\"potentialAction\":[{\"@type\":\"ReadAction\",\"target\":[\"https:\\\/\\\/vidrocerto.org.br\\\/vc-novo\\\/download-folder\\\/\"]}]},{\"@type\":\"ImageObject\",\"inLanguage\":\"pt-BR\",\"@id\":\"https:\\\/\\\/vidrocerto.org.br\\\/vc-novo\\\/download-folder\\\/#primaryimage\",\"url\":\"https:\\\/\\\/vidrocerto.org.br\\\/vc-novo\\\/wp-content\\\/uploads\\\/2026\\\/07\\\/beneficios-do-vidro-folder.webp\",\"contentUrl\":\"https:\\\/\\\/vidrocerto.org.br\\\/vc-novo\\\/wp-content\\\/uploads\\\/2026\\\/07\\\/beneficios-do-vidro-folder.webp\",\"width\":1920,\"height\":1080},{\"@type\":\"BreadcrumbList\",\"@id\":\"https:\\\/\\\/vidrocerto.org.br\\\/vc-novo\\\/download-folder\\\/#breadcrumb\",\"itemListElement\":[{\"@type\":\"ListItem\",\"position\":1,\"name\":\"In\u00edcio\",\"item\":\"https:\\\/\\\/vidrocerto.org.br\\\/vc-novo\\\/\"},{\"@type\":\"ListItem\",\"position\":2,\"name\":\"Download &#8211; Folder\"}]},{\"@type\":\"WebSite\",\"@id\":\"https:\\\/\\\/vidrocerto.org.br\\\/vc-novo\\\/#website\",\"url\":\"https:\\\/\\\/vidrocerto.org.br\\\/vc-novo\\\/\",\"name\":\"Vidro Certo\",\"description\":\"Seu portal do vidro plano\",\"publisher\":{\"@id\":\"https:\\\/\\\/vidrocerto.org.br\\\/vc-novo\\\/#organization\"},\"potentialAction\":[{\"@type\":\"SearchAction\",\"target\":{\"@type\":\"EntryPoint\",\"urlTemplate\":\"https:\\\/\\\/vidrocerto.org.br\\\/vc-novo\\\/?s={search_term_string}\"},\"query-input\":{\"@type\":\"PropertyValueSpecification\",\"valueRequired\":true,\"valueName\":\"search_term_string\"}}],\"inLanguage\":\"pt-BR\"},{\"@type\":\"Organization\",\"@id\":\"https:\\\/\\\/vidrocerto.org.br\\\/vc-novo\\\/#organization\",\"name\":\"Vidro Certo\",\"url\":\"https:\\\/\\\/vidrocerto.org.br\\\/vc-novo\\\/\",\"logo\":{\"@type\":\"ImageObject\",\"inLanguage\":\"pt-BR\",\"@id\":\"https:\\\/\\\/vidrocerto.org.br\\\/vc-novo\\\/#\\\/schema\\\/logo\\\/image\\\/\",\"url\":\"https:\\\/\\\/vidrocerto.org.br\\\/vc-novo\\\/wp-content\\\/uploads\\\/2023\\\/02\\\/logo_vidro_certo_150x150.png\",\"contentUrl\":\"https:\\\/\\\/vidrocerto.org.br\\\/vc-novo\\\/wp-content\\\/uploads\\\/2023\\\/02\\\/logo_vidro_certo_150x150.png\",\"width\":150,\"height\":150,\"caption\":\"Vidro Certo\"},\"image\":{\"@id\":\"https:\\\/\\\/vidrocerto.org.br\\\/vc-novo\\\/#\\\/schema\\\/logo\\\/image\\\/\"},\"sameAs\":[\"https:\\\/\\\/www.facebook.com\\\/profile.php?id=100063684271289\",\"https:\\\/\\\/www.instagram.com\\\/\"]}]}<\/script>\n<!-- \/ Yoast SEO plugin. -->","yoast_head_json":{"title":"Download - Folder - Vidro Certo","robots":{"index":"index","follow":"follow","max-snippet":"max-snippet:-1","max-image-preview":"max-image-preview:large","max-video-preview":"max-video-preview:-1"},"canonical":"https:\/\/vidrocerto.org.br\/vc-novo\/download-folder\/","og_locale":"pt_BR","og_type":"article","og_title":"Download - Folder - Vidro Certo","og_description":"Folder Benef\u00edcios do vidro! Neste material visual, voc\u00ea poder\u00e1 explorar toda a cadeia vidreira e o vidro na Constru\u00e7\u00e3o Civil. Em um mapa \u00fanico que simula diversas aplica\u00e7\u00f5es e os benef\u00edcios que s\u00f3 o vidro pode trazer para elas.\u00a0 Baixar material Conhe\u00e7a mais Vidro como escolha certa! Existem diversas aplica\u00e7\u00f5es de vidro na Constru\u00e7\u00e3o Civil as quais milh\u00f5es de pessoas interagem dia a dia. E, para cada uma dessas aplica\u00e7\u00f5es existem o tipo de vidro certo. Neste material, trouxemos uma vis\u00e3o n\u00e3o s\u00f3 da aplica\u00e7\u00e3o como dos benef\u00edcios que o vidro traz para cada uma delas.\u00a0 Ver d\u00favidas frequentes Clique e veja melhor! Clicando no folder voc\u00ea pode visualizar melhor todas as informa\u00e7\u00f5es do mapa. Gostou? Baixe o material Preencha o formul\u00e1rio abaixo e receba o folder direto no email cadastrado.\u00a0 D\u00daVIDAS FREQUENTES Sobre os vidros de seguran\u00e7a Qual a norma que define a seguran\u00e7a no vidro usado nas constru\u00e7\u00f5es? \u00c9 a norma ABNT NBR 7199. Ela descreve os vidros m\u00ednimos aceit\u00e1veis para cada tipo de aplica\u00e7\u00e3o na constru\u00e7\u00e3o civil. Por que a ABNT NBR 7199 est\u00e1 sendo atualizada em 2025? Atualiza\u00e7\u00e3o de norma \u00e9 o habitual em todo lugar do mundo e \u00e9 motivada por mudan\u00e7as no produto ou no uso dele. Por exemplo: Existe um aumento significativo na \u00e1rea envidra\u00e7ada das constru\u00e7\u00f5es colocando os usu\u00e1rios mais pr\u00f3ximos do vidro. Com isso \u00e9 adequado revisar os tipos de vidro para garantir a seguran\u00e7a e conforto dos usu\u00e1rios das edifica\u00e7\u00f5es. Outro exemplo importante \u00e9 quando existem mudan\u00e7as de tecnologia ou custo de produ\u00e7\u00e3o para determinados produtos. Este \u00e9 o caso do vidro aramado que era largamente utilizado como um vidro de seguran\u00e7a nas constru\u00e7\u00f5es, mas que est\u00e1 sendo substitu\u00eddo por vidros laminados de seguran\u00e7a que s\u00e3o mais facilmente encontrados h\u00e1 custos muito inferiores do que eram h\u00e1 uma d\u00e9cada. A nova vers\u00e3o da norma 7199 incorporou um conceito de ambientes de uso especial. Por que desta mudan\u00e7a? O grupo t\u00e9cnico discutiu a revis\u00e3o da norma percebeu que algumas identifica\u00e7\u00f5es t\u00eam usos muito distintos do usual, em especial quando seus usu\u00e1rios s\u00e3o majoritariamente idosos ou crian\u00e7as, ou quando as atividades demandam deslocamentos mais r\u00e1pido em situa\u00e7\u00f5es at\u00edpicas. Assim, a nova vers\u00e3o da norma orienta uso somente de vidros de seguran\u00e7a nestes e ambientes Como col\u00e9gio, escolas, creches, videotecas, academias de gin\u00e1stica, quadras esportivas, hospitais, postos de sa\u00fade, cl\u00ednicas, asilos sal\u00e3o de festas, bares, delegacias, sauna, piscinas, esta\u00e7\u00f5es atl\u00e9ticas, vesti\u00e1rios e outros ambientes com caracter\u00edsticas similares a estes. O que s\u00e3o ambientes de grande concentra\u00e7\u00e3o de p\u00fablico? E por que os vidros destes locais devem ser de seguran\u00e7a? Esta \u00e9 uma denomina\u00e7\u00e3o gen\u00e9rica para locais como terminais de passageiros em geral, shopping centers, pra\u00e7as de alimenta\u00e7\u00e3o, audit\u00f3rios, \u00e1reas de circula\u00e7\u00e3o, lobbies, centros de conven\u00e7\u00f5es, templos religiosos, museus, restaurantes, tribunais, supermercados, lojas de varejo, universidades, locais de entretenimento onde se prev\u00ea aglomera\u00e7\u00f5es. Com grande p\u00fablico pode haver situa\u00e7\u00f5es muito diferentes de ambientes dom\u00e9stico ou empresariais. Imaginem protestos, demonstra\u00e7\u00f5es, inc\u00eandios por exemplo. Nestes casos os vidros precisam ser refor\u00e7ados para aguentar impactos n\u00e3o esperados em outras situa\u00e7\u00f5es. Quanto mais resistente o vidro temperado \u00e9 em rela\u00e7\u00e3o ao vidro comum? Em geral podemos assumir que o vidro temperado, de mesma espessura do vidro comum, \u00e9 entre 4 e 5 vezes mais resistente a impactos. Mas n\u00e3o \u00e9 somente esse crit\u00e9rio que classifica o vidro temperado como um vidro de seguran\u00e7a. Outro aspecto relevante \u00e9 a maneira que o vidro temperado se quebra deixando poucas arestas cortantes quando comparado h\u00e1 um vidro comum (float ou recozido). O vidro insulado (ou duplo) \u00e9 mais seguro que os demais? N\u00e3o necessariamente! O vidro insulado \u00e9 uma combina\u00e7\u00e3o de vidros que busca maximizar sua performance nas edifica\u00e7\u00f5es. Ele combina caracter\u00edsticas de produtos como prote\u00e7\u00e3o solar, efici\u00eancia energ\u00e9tica, controle de ru\u00eddos entre outros, sempre considerando a seguran\u00e7a da aplica\u00e7\u00e3o. Ou seja, uma ou todas as chapas de vidro dever\u00e3o atender o quesito de seguran\u00e7a estabelecido na norma 7199 conforme o uso do conjunto. Exemplo: Se o vidro duplo est\u00e1 instalado em uma fachada em uma posi\u00e7\u00e3o abaixo de 1,10 do piso do andar. A pe\u00e7a de vidro interna dever\u00e1 ser um vidro laminado de seguran\u00e7a. \u00c9 comum que, ao se aproximarem de portas e v\u00e3os, pessoas confundam a entrada com outras pe\u00e7as de vidro fixas ao redor, como laterais ou divis\u00f3rias, podendo causar acidentes. Por este motivo, para proteger os usu\u00e1rios e evitar riscos, as normas de seguran\u00e7a recomendam que todas as partes de vidro pr\u00f3ximas \u00e0 porta sejam feitas com vidro de seguran\u00e7a reduzindo o risco de ferimentos graves. Quais as vantagens de comprar um vidro laminado? Normalmente o vidro laminado \u00e9 procurado por quest\u00f5es relacionadas \u00e0 seguran\u00e7a que ele proporciona. Por\u00e9m, junto a este quesito o cliente leva \u201cde gra\u00e7a\u201d mais efici\u00eancia energ\u00e9tica, economizando na conta de ar-condicionado ou aquecimento, ambientes mais tranquilos, as camadas de vidro laminado tendem a absorver parte dos ru\u00eddos externos e aumentam a vida \u00fatil da decora\u00e7\u00e3o pois o vidro laminado reduz a entrada de raios solares que deterioram tecidos e pisos. Nestas situa\u00e7\u00f5es \u00e9 prov\u00e1vel que o propriet\u00e1rio do im\u00f3vel e outros participantes na especifica\u00e7\u00e3o, constru\u00e7\u00e3o e aprova\u00e7\u00e3o da obra sejam responsabilizados. Ou seja, a responsabilidade \u00e9 compartilhada por todos os envolvidos na especifica\u00e7\u00e3o sele\u00e7\u00e3o, produ\u00e7\u00e3o e instala\u00e7\u00e3o dos vidros que tenham causado o acidente. Por que muitas vezes encontramos o vidro instalado sem cumprir os requisitos de seguran\u00e7a das normas t\u00e9cnicas? Existem 2 grandes motivos primeiro desconhecimento sobre as normas relativas \u00e0 aplica\u00e7\u00e3o de vidro e segundo o Receio de perder uma venda de um produto especificado corretamente para um concorrente que de venda um produto fora de norma para aplica\u00e7\u00e3o que seria mais barato. Acreditamos que o principal motivo \u00e9 o desconhecimento sobre as exist\u00eancia das normas que definem que vidro usar, mas n\u00e3o podemos descarar a possibilidade de usos de vidros fora de norma que tem custos menores. Houve alguma mudan\u00e7a nos vidros das portas? Sim! At\u00e9 ent\u00e3o as portas poderiam ter vidro comum acima de 1,10m do piso. A revis\u00e3o da norma estabelece que todos os vidros","og_url":"https:\/\/vidrocerto.org.br\/vc-novo\/download-folder\/","og_site_name":"Vidro Certo","article_publisher":"https:\/\/www.facebook.com\/profile.php?id=100063684271289","article_modified_time":"2026-07-30T14:41:16+00:00","og_image":[{"width":1920,"height":1080,"url":"https:\/\/vidrocerto.org.br\/vc-novo\/wp-content\/uploads\/2026\/07\/beneficios-do-vidro-folder.webp","type":"image\/webp"}],"twitter_card":"summary_large_image","twitter_misc":{"Est. tempo de leitura":"19 minutos"},"schema":{"@context":"https:\/\/schema.org","@graph":[{"@type":"WebPage","@id":"https:\/\/vidrocerto.org.br\/vc-novo\/download-folder\/","url":"https:\/\/vidrocerto.org.br\/vc-novo\/download-folder\/","name":"Download - Folder - Vidro Certo","isPartOf":{"@id":"https:\/\/vidrocerto.org.br\/vc-novo\/#website"},"primaryImageOfPage":{"@id":"https:\/\/vidrocerto.org.br\/vc-novo\/download-folder\/#primaryimage"},"image":{"@id":"https:\/\/vidrocerto.org.br\/vc-novo\/download-folder\/#primaryimage"},"thumbnailUrl":"https:\/\/vidrocerto.org.br\/vc-novo\/wp-content\/uploads\/2026\/07\/beneficios-do-vidro-folder.webp","datePublished":"2026-07-30T12:17:58+00:00","dateModified":"2026-07-30T14:41:16+00:00","breadcrumb":{"@id":"https:\/\/vidrocerto.org.br\/vc-novo\/download-folder\/#breadcrumb"},"inLanguage":"pt-BR","potentialAction":[{"@type":"ReadAction","target":["https:\/\/vidrocerto.org.br\/vc-novo\/download-folder\/"]}]},{"@type":"ImageObject","inLanguage":"pt-BR","@id":"https:\/\/vidrocerto.org.br\/vc-novo\/download-folder\/#primaryimage","url":"https:\/\/vidrocerto.org.br\/vc-novo\/wp-content\/uploads\/2026\/07\/beneficios-do-vidro-folder.webp","contentUrl":"https:\/\/vidrocerto.org.br\/vc-novo\/wp-content\/uploads\/2026\/07\/beneficios-do-vidro-folder.webp","width":1920,"height":1080},{"@type":"BreadcrumbList","@id":"https:\/\/vidrocerto.org.br\/vc-novo\/download-folder\/#breadcrumb","itemListElement":[{"@type":"ListItem","position":1,"name":"In\u00edcio","item":"https:\/\/vidrocerto.org.br\/vc-novo\/"},{"@type":"ListItem","position":2,"name":"Download &#8211; Folder"}]},{"@type":"WebSite","@id":"https:\/\/vidrocerto.org.br\/vc-novo\/#website","url":"https:\/\/vidrocerto.org.br\/vc-novo\/","name":"Vidro Certo","description":"Seu portal do vidro plano","publisher":{"@id":"https:\/\/vidrocerto.org.br\/vc-novo\/#organization"},"potentialAction":[{"@type":"SearchAction","target":{"@type":"EntryPoint","urlTemplate":"https:\/\/vidrocerto.org.br\/vc-novo\/?s={search_term_string}"},"query-input":{"@type":"PropertyValueSpecification","valueRequired":true,"valueName":"search_term_string"}}],"inLanguage":"pt-BR"},{"@type":"Organization","@id":"https:\/\/vidrocerto.org.br\/vc-novo\/#organization","name":"Vidro Certo","url":"https:\/\/vidrocerto.org.br\/vc-novo\/","logo":{"@type":"ImageObject","inLanguage":"pt-BR","@id":"https:\/\/vidrocerto.org.br\/vc-novo\/#\/schema\/logo\/image\/","url":"https:\/\/vidrocerto.org.br\/vc-novo\/wp-content\/uploads\/2023\/02\/logo_vidro_certo_150x150.png","contentUrl":"https:\/\/vidrocerto.org.br\/vc-novo\/wp-content\/uploads\/2023\/02\/logo_vidro_certo_150x150.png","width":150,"height":150,"caption":"Vidro Certo"},"image":{"@id":"https:\/\/vidrocerto.org.br\/vc-novo\/#\/schema\/logo\/image\/"},"sameAs":["https:\/\/www.facebook.com\/profile.php?id=100063684271289","https:\/\/www.instagram.com\/"]}]}},"_links":{"self":[{"href":"https:\/\/vidrocerto.org.br\/vc-novo\/wp-json\/wp\/v2\/pages\/6179","targetHints":{"allow":["GET"]}}],"collection":[{"href":"https:\/\/vidrocerto.org.br\/vc-novo\/wp-json\/wp\/v2\/pages"}],"about":[{"href":"https:\/\/vidrocerto.org.br\/vc-novo\/wp-json\/wp\/v2\/types\/page"}],"author":[{"embeddable":true,"href":"https:\/\/vidrocerto.org.br\/vc-novo\/wp-json\/wp\/v2\/users\/1"}],"replies":[{"embeddable":true,"href":"https:\/\/vidrocerto.org.br\/vc-novo\/wp-json\/wp\/v2\/comments?post=6179"}],"version-history":[{"count":46,"href":"https:\/\/vidrocerto.org.br\/vc-novo\/wp-json\/wp\/v2\/pages\/6179\/revisions"}],"predecessor-version":[{"id":6264,"href":"https:\/\/vidrocerto.org.br\/vc-novo\/wp-json\/wp\/v2\/pages\/6179\/revisions\/6264"}],"wp:featuredmedia":[{"embeddable":true,"href":"https:\/\/vidrocerto.org.br\/vc-novo\/wp-json\/wp\/v2\/media\/6175"}],"wp:attachment":[{"href":"https:\/\/vidrocerto.org.br\/vc-novo\/wp-json\/wp\/v2\/media?parent=6179"}],"curies":[{"name":"wp","href":"https:\/\/api.w.org\/{rel}","templated":true}]}}