{"id":6212,"date":"2026-07-30T13:13:24","date_gmt":"2026-07-30T13:13:24","guid":{"rendered":"https:\/\/vidrocerto.org.br\/vc-novo\/?page_id=6212"},"modified":"2026-07-30T13:41:59","modified_gmt":"2026-07-30T13:41:59","slug":"guia-vidro-areas-comuns-condominios","status":"publish","type":"page","link":"https:\/\/vidrocerto.org.br\/vc-novo\/guia-vidro-areas-comuns-condominios\/","title":{"rendered":"Guia do Vidro em \u00e1reas comuns de condom\u00ednios | Seguran\u00e7a e NBR 7199"},"content":{"rendered":"\t\t<div data-elementor-type=\"wp-page\" data-elementor-id=\"6212\" class=\"elementor elementor-6212\" data-elementor-settings=\"{&quot;ha_cmc_init_switcher&quot;:&quot;no&quot;}\">\n\t\t\t\t\t\t<section class=\"elementor-section elementor-top-section elementor-element elementor-element-1d6536c elementor-section-stretched elementor-section-boxed elementor-section-height-default elementor-section-height-default wpr-particle-no wpr-jarallax-no wpr-parallax-no wpr-sticky-section-no wpr-column-slider-no wpr-equal-height-no\" data-id=\"1d6536c\" data-element_type=\"section\" data-e-type=\"section\" data-settings=\"{&quot;stretch_section&quot;:&quot;section-stretched&quot;,&quot;background_background&quot;:&quot;classic&quot;,&quot;_ha_eqh_enable&quot;:false}\">\n\t\t\t\t\t\t\t<div class=\"elementor-background-overlay\"><\/div>\n\t\t\t\t\t\t\t<div class=\"elementor-container elementor-column-gap-no\">\n\t\t\t\t\t<div class=\"elementor-column elementor-col-50 elementor-top-column elementor-element elementor-element-8f36cb3\" data-id=\"8f36cb3\" data-element_type=\"column\" data-e-type=\"column\">\n\t\t\t<div class=\"elementor-widget-wrap elementor-element-populated\">\n\t\t\t\t\t\t<div class=\"elementor-element elementor-element-0bd5c8c elementor-widget elementor-widget-spacer\" data-id=\"0bd5c8c\" data-element_type=\"widget\" data-e-type=\"widget\" data-widget_type=\"spacer.default\">\n\t\t\t\t<div class=\"elementor-widget-container\">\n\t\t\t\t\t\t\t<div class=\"elementor-spacer\">\n\t\t\t<div class=\"elementor-spacer-inner\"><\/div>\n\t\t<\/div>\n\t\t\t\t\t\t<\/div>\n\t\t\t\t<\/div>\n\t\t\t\t<div class=\"elementor-element elementor-element-e5a6f0d elementor-invisible elementor-widget elementor-widget-heading\" data-id=\"e5a6f0d\" data-element_type=\"widget\" data-e-type=\"widget\" data-settings=\"{&quot;_animation&quot;:&quot;fadeIn&quot;}\" data-widget_type=\"heading.default\">\n\t\t\t\t<div class=\"elementor-widget-container\">\n\t\t\t\t\t<h1 class=\"elementor-heading-title elementor-size-default\">Guia de <strong><br>Vidros em \u00e1reas comuns de condom\u00ednios<\/strong> <\/h1>\t\t\t\t<\/div>\n\t\t\t\t<\/div>\n\t\t\t\t<div class=\"elementor-element elementor-element-37a537a elementor-widget elementor-widget-text-editor\" data-id=\"37a537a\" data-element_type=\"widget\" data-e-type=\"widget\" data-widget_type=\"text-editor.default\">\n\t\t\t\t<div class=\"elementor-widget-container\">\n\t\t\t\t\t\t\t\t\t<p><span style=\"font-weight: 400;\">Mais do que um elemento arquitet\u00f4nico, o vidro influencia diretamente a seguran\u00e7a das pessoas, o conforto t\u00e9rmico e ac\u00fastico, a efici\u00eancia energ\u00e9tica, a durabilidade da edifica\u00e7\u00e3o e at\u00e9 a responsabilidade civil da administra\u00e7\u00e3o.<\/span><\/p><p><!--EndFragment --><\/p>\t\t\t\t\t\t\t\t<\/div>\n\t\t\t\t<\/div>\n\t\t\t\t<div class=\"elementor-element elementor-element-f8b1c0e elementor-align-left elementor-widget elementor-widget-button\" data-id=\"f8b1c0e\" data-element_type=\"widget\" data-e-type=\"widget\" data-widget_type=\"button.default\">\n\t\t\t\t<div class=\"elementor-widget-container\">\n\t\t\t\t\t\t\t\t\t<div class=\"elementor-button-wrapper\">\n\t\t\t\t\t<a class=\"elementor-button elementor-button-link elementor-size-sm elementor-animation-shrink\" href=\"#materiais\" id=\"conheca-hero\">\n\t\t\t\t\t\t<span class=\"elementor-button-content-wrapper\">\n\t\t\t\t\t\t\t\t\t<span class=\"elementor-button-text\">Baixar guia<\/span>\n\t\t\t\t\t<\/span>\n\t\t\t\t\t<\/a>\n\t\t\t\t<\/div>\n\t\t\t\t\t\t\t\t<\/div>\n\t\t\t\t<\/div>\n\t\t\t\t<div class=\"elementor-element elementor-element-daa7d2c elementor-align-left elementor-widget elementor-widget-button\" data-id=\"daa7d2c\" data-element_type=\"widget\" data-e-type=\"widget\" data-widget_type=\"button.default\">\n\t\t\t\t<div class=\"elementor-widget-container\">\n\t\t\t\t\t\t\t\t\t<div class=\"elementor-button-wrapper\">\n\t\t\t\t\t<a class=\"elementor-button elementor-button-link elementor-size-sm elementor-animation-shrink\" href=\"#beneficios\" id=\"conheca-hero\">\n\t\t\t\t\t\t<span class=\"elementor-button-content-wrapper\">\n\t\t\t\t\t\t\t\t\t<span class=\"elementor-button-text\">Conhe\u00e7a mais<\/span>\n\t\t\t\t\t<\/span>\n\t\t\t\t\t<\/a>\n\t\t\t\t<\/div>\n\t\t\t\t\t\t\t\t<\/div>\n\t\t\t\t<\/div>\n\t\t\t\t<div class=\"elementor-element elementor-element-5889b27 elementor-hidden-mobile elementor-widget elementor-widget-spacer\" data-id=\"5889b27\" data-element_type=\"widget\" data-e-type=\"widget\" data-widget_type=\"spacer.default\">\n\t\t\t\t<div class=\"elementor-widget-container\">\n\t\t\t\t\t\t\t<div class=\"elementor-spacer\">\n\t\t\t<div class=\"elementor-spacer-inner\"><\/div>\n\t\t<\/div>\n\t\t\t\t\t\t<\/div>\n\t\t\t\t<\/div>\n\t\t\t\t\t<\/div>\n\t\t<\/div>\n\t\t\t\t<div class=\"elementor-column elementor-col-50 elementor-top-column elementor-element elementor-element-dc8702e\" data-id=\"dc8702e\" data-element_type=\"column\" data-e-type=\"column\">\n\t\t\t<div class=\"elementor-widget-wrap elementor-element-populated\">\n\t\t\t\t\t\t<div class=\"elementor-element elementor-element-d05594f elementor-widget elementor-widget-spacer\" data-id=\"d05594f\" data-element_type=\"widget\" data-e-type=\"widget\" data-widget_type=\"spacer.default\">\n\t\t\t\t<div class=\"elementor-widget-container\">\n\t\t\t\t\t\t\t<div class=\"elementor-spacer\">\n\t\t\t<div class=\"elementor-spacer-inner\"><\/div>\n\t\t<\/div>\n\t\t\t\t\t\t<\/div>\n\t\t\t\t<\/div>\n\t\t\t\t\t<\/div>\n\t\t<\/div>\n\t\t\t\t\t<\/div>\n\t\t<\/section>\n\t\t\t\t<section class=\"elementor-section elementor-top-section elementor-element elementor-element-cd27244 elementor-section-boxed elementor-section-height-default elementor-section-height-default wpr-particle-no wpr-jarallax-no wpr-parallax-no wpr-sticky-section-no wpr-column-slider-no wpr-equal-height-no\" data-id=\"cd27244\" data-element_type=\"section\" data-e-type=\"section\" data-settings=\"{&quot;_ha_eqh_enable&quot;:false}\">\n\t\t\t\t\t\t<div class=\"elementor-container elementor-column-gap-default\">\n\t\t\t\t\t<div class=\"elementor-column elementor-col-50 elementor-top-column elementor-element elementor-element-cd1ada3\" data-id=\"cd1ada3\" data-element_type=\"column\" data-e-type=\"column\">\n\t\t\t<div class=\"elementor-widget-wrap elementor-element-populated\">\n\t\t\t\t\t\t<div class=\"elementor-element elementor-element-343a2f0 elementor-widget elementor-widget-menu-anchor\" data-id=\"343a2f0\" data-element_type=\"widget\" data-e-type=\"widget\" data-widget_type=\"menu-anchor.default\">\n\t\t\t\t<div class=\"elementor-widget-container\">\n\t\t\t\t\t\t\t<div class=\"elementor-menu-anchor\" id=\"beneficios\"><\/div>\n\t\t\t\t\t\t<\/div>\n\t\t\t\t<\/div>\n\t\t\t\t<div class=\"elementor-element elementor-element-19d1139 elementor-widget elementor-widget-heading\" data-id=\"19d1139\" data-element_type=\"widget\" data-e-type=\"widget\" data-widget_type=\"heading.default\">\n\t\t\t\t<div class=\"elementor-widget-container\">\n\t\t\t\t\t<h2 class=\"elementor-heading-title elementor-size-default\">Por que o vidro merece aten\u00e7\u00e3o nas \u00e1reas comuns?<\/h2>\t\t\t\t<\/div>\n\t\t\t\t<\/div>\n\t\t\t\t<div class=\"elementor-element elementor-element-c00eb8a elementor-widget elementor-widget-text-editor\" data-id=\"c00eb8a\" data-element_type=\"widget\" data-e-type=\"widget\" data-widget_type=\"text-editor.default\">\n\t\t\t\t<div class=\"elementor-widget-container\">\n\t\t\t\t\t\t\t\t\t<p><span style=\"font-weight: 400;\">O uso do vidro na arquitetura contempor\u00e2nea cresceu significativamente nas \u00faltimas d\u00e9cadas. Sua capacidade de ampliar a entrada de luz natural, integrar ambientes, valorizar fachadas e criar espa\u00e7os visualmente mais amplos fez com que ele se tornasse um elemento presente em praticamente todos os edif\u00edcios residenciais, comerciais, corporativos e institucionais.\u00a0<\/span><\/p><p><span style=\"font-weight: 400;\">Nas \u00e1reas comuns, entretanto, o vidro desempenha uma fun\u00e7\u00e3o que vai muito al\u00e9m da est\u00e9tica. Ele est\u00e1 presente em locais de circula\u00e7\u00e3o intensa e de uso coletivo, onde centenas ou at\u00e9 milhares de pessoas podem transitar diariamente. Isso exige que sua especifica\u00e7\u00e3o considere crit\u00e9rios t\u00e9cnicos relacionados \u00e0 seguran\u00e7a, ao conforto, \u00e0 durabilidade e ao desempenho da edifica\u00e7\u00e3o.<\/span><\/p>\t\t\t\t\t\t\t\t<\/div>\n\t\t\t\t<\/div>\n\t\t\t\t<div class=\"elementor-element elementor-element-d940528 elementor-align-left elementor-mobile-align-justify elementor-widget elementor-widget-button\" data-id=\"d940528\" data-element_type=\"widget\" data-e-type=\"widget\" data-widget_type=\"button.default\">\n\t\t\t\t<div class=\"elementor-widget-container\">\n\t\t\t\t\t\t\t\t\t<div class=\"elementor-button-wrapper\">\n\t\t\t\t\t<a class=\"elementor-button elementor-button-link elementor-size-sm elementor-animation-shrink\" href=\"#materiais\" id=\"ver-materiais\">\n\t\t\t\t\t\t<span class=\"elementor-button-content-wrapper\">\n\t\t\t\t\t\t\t\t\t<span class=\"elementor-button-text\">Baixar guia<\/span>\n\t\t\t\t\t<\/span>\n\t\t\t\t\t<\/a>\n\t\t\t\t<\/div>\n\t\t\t\t\t\t\t\t<\/div>\n\t\t\t\t<\/div>\n\t\t\t\t\t<\/div>\n\t\t<\/div>\n\t\t\t\t<div class=\"elementor-column elementor-col-50 elementor-top-column elementor-element elementor-element-7f8ccac\" data-id=\"7f8ccac\" data-element_type=\"column\" data-e-type=\"column\">\n\t\t\t<div class=\"elementor-widget-wrap elementor-element-populated\">\n\t\t\t\t\t\t<div class=\"elementor-element elementor-element-ba09eaa elementor-widget elementor-widget-image\" data-id=\"ba09eaa\" data-element_type=\"widget\" data-e-type=\"widget\" data-widget_type=\"image.default\">\n\t\t\t\t<div class=\"elementor-widget-container\">\n\t\t\t\t\t\t\t\t\t\t\t\t\t\t\t<img fetchpriority=\"high\" decoding=\"async\" width=\"580\" height=\"580\" src=\"https:\/\/vidrocerto.org.br\/vc-novo\/wp-content\/uploads\/2026\/07\/Sub-banner-areas-comuns.webp\" class=\"attachment-large size-large wp-image-6216\" alt=\"\" srcset=\"https:\/\/vidrocerto.org.br\/vc-novo\/wp-content\/uploads\/2026\/07\/Sub-banner-areas-comuns.webp 900w, https:\/\/vidrocerto.org.br\/vc-novo\/wp-content\/uploads\/2026\/07\/Sub-banner-areas-comuns-300x300.webp 300w, https:\/\/vidrocerto.org.br\/vc-novo\/wp-content\/uploads\/2026\/07\/Sub-banner-areas-comuns-150x150.webp 150w, https:\/\/vidrocerto.org.br\/vc-novo\/wp-content\/uploads\/2026\/07\/Sub-banner-areas-comuns-768x768.webp 768w, https:\/\/vidrocerto.org.br\/vc-novo\/wp-content\/uploads\/2026\/07\/Sub-banner-areas-comuns-200x200.webp 200w\" sizes=\"(max-width: 580px) 100vw, 580px\" \/>\t\t\t\t\t\t\t\t\t\t\t\t\t\t\t<\/div>\n\t\t\t\t<\/div>\n\t\t\t\t\t<\/div>\n\t\t<\/div>\n\t\t\t\t\t<\/div>\n\t\t<\/section>\n\t\t\t\t<section class=\"elementor-section elementor-top-section elementor-element elementor-element-c1b64ae elementor-section-boxed elementor-section-height-default elementor-section-height-default wpr-particle-no wpr-jarallax-no wpr-parallax-no wpr-sticky-section-no wpr-column-slider-no wpr-equal-height-no\" data-id=\"c1b64ae\" data-element_type=\"section\" data-e-type=\"section\" data-settings=\"{&quot;background_background&quot;:&quot;classic&quot;,&quot;shape_divider_top&quot;:&quot;tilt&quot;,&quot;_ha_eqh_enable&quot;:false}\">\n\t\t\t\t\t<div class=\"elementor-shape elementor-shape-top\" aria-hidden=\"true\" data-negative=\"false\">\n\t\t\t<svg xmlns=\"http:\/\/www.w3.org\/2000\/svg\" viewBox=\"0 0 1000 100\" preserveAspectRatio=\"none\">\n\t<path class=\"elementor-shape-fill\" d=\"M0,6V0h1000v100L0,6z\"\/>\n<\/svg>\t\t<\/div>\n\t\t\t\t\t<div class=\"elementor-container elementor-column-gap-default\">\n\t\t\t\t\t<div class=\"elementor-column elementor-col-100 elementor-top-column elementor-element elementor-element-10fcd48\" data-id=\"10fcd48\" data-element_type=\"column\" data-e-type=\"column\">\n\t\t\t<div class=\"elementor-widget-wrap elementor-element-populated\">\n\t\t\t\t\t\t<div class=\"elementor-element elementor-element-e26c77e elementor-invisible elementor-widget elementor-widget-heading\" data-id=\"e26c77e\" data-element_type=\"widget\" data-e-type=\"widget\" data-settings=\"{&quot;_animation&quot;:&quot;fadeIn&quot;}\" data-widget_type=\"heading.default\">\n\t\t\t\t<div class=\"elementor-widget-container\">\n\t\t\t\t\t<h2 class=\"elementor-heading-title elementor-size-default\">Benef\u00edcios da especifica\u00e7\u00e3o correta\n<\/h2>\t\t\t\t<\/div>\n\t\t\t\t<\/div>\n\t\t\t\t<div class=\"elementor-element elementor-element-c3b9bcc animated-slow elementor-invisible elementor-widget elementor-widget-text-editor\" data-id=\"c3b9bcc\" data-element_type=\"widget\" data-e-type=\"widget\" data-settings=\"{&quot;_animation&quot;:&quot;fadeIn&quot;}\" data-widget_type=\"text-editor.default\">\n\t\t\t\t<div class=\"elementor-widget-container\">\n\t\t\t\t\t\t\t\t\t<p><span style=\"font-weight: 400;\">Quando corretamente especificado, o vidro pode contribuir para diversos aspectos do desempenho da edifica\u00e7\u00e3o.<\/span><\/p><p><br \/><!--EndFragment --><\/p>\t\t\t\t\t\t\t\t<\/div>\n\t\t\t\t<\/div>\n\t\t\t\t<section class=\"elementor-section elementor-inner-section elementor-element elementor-element-ece696a elementor-section-full_width elementor-section-height-default elementor-section-height-default wpr-particle-no wpr-jarallax-no wpr-parallax-no wpr-sticky-section-no wpr-column-slider-no wpr-equal-height-no\" data-id=\"ece696a\" data-element_type=\"section\" data-e-type=\"section\" data-settings=\"{&quot;_ha_eqh_enable&quot;:false}\">\n\t\t\t\t\t\t<div class=\"elementor-container elementor-column-gap-default\">\n\t\t\t\t\t<div class=\"elementor-column elementor-col-33 elementor-inner-column elementor-element elementor-element-7acadf4 elementor-invisible\" data-id=\"7acadf4\" data-element_type=\"column\" data-e-type=\"column\" data-settings=\"{&quot;animation&quot;:&quot;fadeIn&quot;,&quot;background_background&quot;:&quot;classic&quot;}\">\n\t\t\t<div class=\"elementor-widget-wrap elementor-element-populated\">\n\t\t\t\t\t\t<div class=\"elementor-element elementor-element-5180fef elementor-view-framed elementor-shape-circle elementor-widget elementor-widget-icon\" data-id=\"5180fef\" data-element_type=\"widget\" data-e-type=\"widget\" data-widget_type=\"icon.default\">\n\t\t\t\t<div class=\"elementor-widget-container\">\n\t\t\t\t\t\t\t<div class=\"elementor-icon-wrapper\">\n\t\t\t<div class=\"elementor-icon\">\n\t\t\t<i aria-hidden=\"true\" class=\"hm hm-shield\"><\/i>\t\t\t<\/div>\n\t\t<\/div>\n\t\t\t\t\t\t<\/div>\n\t\t\t\t<\/div>\n\t\t\t\t<div class=\"elementor-element elementor-element-6674c66 elementor-widget elementor-widget-heading\" data-id=\"6674c66\" data-element_type=\"widget\" data-e-type=\"widget\" data-widget_type=\"heading.default\">\n\t\t\t\t<div class=\"elementor-widget-container\">\n\t\t\t\t\t<h2 class=\"elementor-heading-title elementor-size-default\">Seguran\u00e7a dos usu\u00e1rios<\/h2>\t\t\t\t<\/div>\n\t\t\t\t<\/div>\n\t\t\t\t<div class=\"elementor-element elementor-element-e4c188c elementor-widget elementor-widget-text-editor\" data-id=\"e4c188c\" data-element_type=\"widget\" data-e-type=\"widget\" data-widget_type=\"text-editor.default\">\n\t\t\t\t<div class=\"elementor-widget-container\">\n\t\t\t\t\t\t\t\t\t<p><span style=\"font-weight: 400;\">A utiliza\u00e7\u00e3o de vidros de seguran\u00e7a reduz o risco de acidentes em situa\u00e7\u00f5es de impacto e pode impedir a queda de fragmentos ou de pessoas em aplica\u00e7\u00f5es cr\u00edticas.<\/span><\/p>\t\t\t\t\t\t\t\t<\/div>\n\t\t\t\t<\/div>\n\t\t\t\t\t<\/div>\n\t\t<\/div>\n\t\t\t\t<div class=\"elementor-column elementor-col-33 elementor-inner-column elementor-element elementor-element-10ceb5c elementor-invisible\" data-id=\"10ceb5c\" data-element_type=\"column\" data-e-type=\"column\" data-settings=\"{&quot;animation&quot;:&quot;fadeIn&quot;,&quot;background_background&quot;:&quot;classic&quot;}\">\n\t\t\t<div class=\"elementor-widget-wrap elementor-element-populated\">\n\t\t\t\t\t\t<div class=\"elementor-element elementor-element-b2d2725 elementor-view-framed elementor-shape-circle elementor-widget elementor-widget-icon\" data-id=\"b2d2725\" data-element_type=\"widget\" data-e-type=\"widget\" data-widget_type=\"icon.default\">\n\t\t\t\t<div class=\"elementor-widget-container\">\n\t\t\t\t\t\t\t<div class=\"elementor-icon-wrapper\">\n\t\t\t<div class=\"elementor-icon\">\n\t\t\t<i aria-hidden=\"true\" class=\"huge huge-sun-02\"><\/i>\t\t\t<\/div>\n\t\t<\/div>\n\t\t\t\t\t\t<\/div>\n\t\t\t\t<\/div>\n\t\t\t\t<div class=\"elementor-element elementor-element-4760167 elementor-widget elementor-widget-heading\" data-id=\"4760167\" data-element_type=\"widget\" data-e-type=\"widget\" data-widget_type=\"heading.default\">\n\t\t\t\t<div class=\"elementor-widget-container\">\n\t\t\t\t\t<h2 class=\"elementor-heading-title elementor-size-default\">Conforto t\u00e9rmico<\/h2>\t\t\t\t<\/div>\n\t\t\t\t<\/div>\n\t\t\t\t<div class=\"elementor-element elementor-element-c3c4fa2 elementor-widget elementor-widget-text-editor\" data-id=\"c3c4fa2\" data-element_type=\"widget\" data-e-type=\"widget\" data-widget_type=\"text-editor.default\">\n\t\t\t\t<div class=\"elementor-widget-container\">\n\t\t\t\t\t\t\t\t\t<p><span style=\"font-weight: 400;\">Vidros de controle solar e vidros de baixa emissividade (low-e) ajudam a controlar o ganho de calor, mantendo elevados n\u00edveis de ilumina\u00e7\u00e3o natural e reduzindo a necessidade de climatiza\u00e7\u00e3o artificial.<\/span><\/p>\t\t\t\t\t\t\t\t<\/div>\n\t\t\t\t<\/div>\n\t\t\t\t\t<\/div>\n\t\t<\/div>\n\t\t\t\t<div class=\"elementor-column elementor-col-33 elementor-inner-column elementor-element elementor-element-2abf538 elementor-invisible\" data-id=\"2abf538\" data-element_type=\"column\" data-e-type=\"column\" data-settings=\"{&quot;animation&quot;:&quot;fadeIn&quot;,&quot;background_background&quot;:&quot;classic&quot;}\">\n\t\t\t<div class=\"elementor-widget-wrap elementor-element-populated\">\n\t\t\t\t\t\t<div class=\"elementor-element elementor-element-96702de elementor-view-framed elementor-shape-circle elementor-widget elementor-widget-icon\" data-id=\"96702de\" data-element_type=\"widget\" data-e-type=\"widget\" data-widget_type=\"icon.default\">\n\t\t\t\t<div class=\"elementor-widget-container\">\n\t\t\t\t\t\t\t<div class=\"elementor-icon-wrapper\">\n\t\t\t<div class=\"elementor-icon\">\n\t\t\t<i aria-hidden=\"true\" class=\"huge huge-ear\"><\/i>\t\t\t<\/div>\n\t\t<\/div>\n\t\t\t\t\t\t<\/div>\n\t\t\t\t<\/div>\n\t\t\t\t<div class=\"elementor-element elementor-element-b46063a elementor-widget elementor-widget-heading\" data-id=\"b46063a\" data-element_type=\"widget\" data-e-type=\"widget\" data-widget_type=\"heading.default\">\n\t\t\t\t<div class=\"elementor-widget-container\">\n\t\t\t\t\t<h2 class=\"elementor-heading-title elementor-size-default\">Conforto ac\u00fastico<\/h2>\t\t\t\t<\/div>\n\t\t\t\t<\/div>\n\t\t\t\t<div class=\"elementor-element elementor-element-195727b elementor-widget elementor-widget-text-editor\" data-id=\"195727b\" data-element_type=\"widget\" data-e-type=\"widget\" data-widget_type=\"text-editor.default\">\n\t\t\t\t<div class=\"elementor-widget-container\">\n\t\t\t\t\t\t\t\t\t<p><span style=\"font-weight: 400;\">Vidros laminados e sistemas insulados podem reduzir significativamente a transmiss\u00e3o de ru\u00eddos externos, tornando halls, salas de reuni\u00e3o, academias e \u00e1reas de conviv\u00eancia mais confort\u00e1veis.<\/span><\/p>\t\t\t\t\t\t\t\t<\/div>\n\t\t\t\t<\/div>\n\t\t\t\t\t<\/div>\n\t\t<\/div>\n\t\t\t\t\t<\/div>\n\t\t<\/section>\n\t\t\t\t<section class=\"elementor-section elementor-inner-section elementor-element elementor-element-b7ead2f elementor-section-full_width elementor-section-height-default elementor-section-height-default wpr-particle-no wpr-jarallax-no wpr-parallax-no wpr-sticky-section-no wpr-column-slider-no wpr-equal-height-no\" data-id=\"b7ead2f\" data-element_type=\"section\" data-e-type=\"section\" data-settings=\"{&quot;_ha_eqh_enable&quot;:false}\">\n\t\t\t\t\t\t<div class=\"elementor-container elementor-column-gap-default\">\n\t\t\t\t\t<div class=\"elementor-column elementor-col-33 elementor-inner-column elementor-element elementor-element-be5c3d3 elementor-invisible\" data-id=\"be5c3d3\" data-element_type=\"column\" data-e-type=\"column\" data-settings=\"{&quot;animation&quot;:&quot;fadeIn&quot;,&quot;background_background&quot;:&quot;classic&quot;}\">\n\t\t\t<div class=\"elementor-widget-wrap elementor-element-populated\">\n\t\t\t\t\t\t<div class=\"elementor-element elementor-element-8f1688b elementor-view-framed elementor-shape-circle elementor-widget elementor-widget-icon\" data-id=\"8f1688b\" data-element_type=\"widget\" data-e-type=\"widget\" data-widget_type=\"icon.default\">\n\t\t\t\t<div class=\"elementor-widget-container\">\n\t\t\t\t\t\t\t<div class=\"elementor-icon-wrapper\">\n\t\t\t<div class=\"elementor-icon\">\n\t\t\t<i aria-hidden=\"true\" class=\"huge huge-uv-02\"><\/i>\t\t\t<\/div>\n\t\t<\/div>\n\t\t\t\t\t\t<\/div>\n\t\t\t\t<\/div>\n\t\t\t\t<div class=\"elementor-element elementor-element-f639650 elementor-widget elementor-widget-heading\" data-id=\"f639650\" data-element_type=\"widget\" data-e-type=\"widget\" data-widget_type=\"heading.default\">\n\t\t\t\t<div class=\"elementor-widget-container\">\n\t\t\t\t\t<h2 class=\"elementor-heading-title elementor-size-default\">Prote\u00e7\u00e3o contra radia\u00e7\u00e3o UV<\/h2>\t\t\t\t<\/div>\n\t\t\t\t<\/div>\n\t\t\t\t<div class=\"elementor-element elementor-element-fe60d9e elementor-widget elementor-widget-text-editor\" data-id=\"fe60d9e\" data-element_type=\"widget\" data-e-type=\"widget\" data-widget_type=\"text-editor.default\">\n\t\t\t\t<div class=\"elementor-widget-container\">\n\t\t\t\t\t\t\t\t\t<p><span style=\"font-weight: 400;\">Os vidros laminados podem bloquear at\u00e9 <\/span><b>99% da radia\u00e7\u00e3o UV<\/b><span style=\"font-weight: 400;\">, contribuindo para a preserva\u00e7\u00e3o de pisos, m\u00f3veis, revestimentos, obras de arte e demais elementos expostos \u00e0 luz solar. <\/span><\/p>\t\t\t\t\t\t\t\t<\/div>\n\t\t\t\t<\/div>\n\t\t\t\t\t<\/div>\n\t\t<\/div>\n\t\t\t\t<div class=\"elementor-column elementor-col-33 elementor-inner-column elementor-element elementor-element-7af0ab2 elementor-invisible\" data-id=\"7af0ab2\" data-element_type=\"column\" data-e-type=\"column\" data-settings=\"{&quot;animation&quot;:&quot;fadeIn&quot;,&quot;background_background&quot;:&quot;classic&quot;}\">\n\t\t\t<div class=\"elementor-widget-wrap elementor-element-populated\">\n\t\t\t\t\t\t<div class=\"elementor-element elementor-element-875e9e7 elementor-view-framed elementor-shape-circle elementor-widget elementor-widget-icon\" data-id=\"875e9e7\" data-element_type=\"widget\" data-e-type=\"widget\" data-widget_type=\"icon.default\">\n\t\t\t\t<div class=\"elementor-widget-container\">\n\t\t\t\t\t\t\t<div class=\"elementor-icon-wrapper\">\n\t\t\t<div class=\"elementor-icon\">\n\t\t\t<i aria-hidden=\"true\" class=\"huge huge-energy\"><\/i>\t\t\t<\/div>\n\t\t<\/div>\n\t\t\t\t\t\t<\/div>\n\t\t\t\t<\/div>\n\t\t\t\t<div class=\"elementor-element elementor-element-6619381 elementor-widget elementor-widget-heading\" data-id=\"6619381\" data-element_type=\"widget\" data-e-type=\"widget\" data-widget_type=\"heading.default\">\n\t\t\t\t<div class=\"elementor-widget-container\">\n\t\t\t\t\t<h2 class=\"elementor-heading-title elementor-size-default\">Efici\u00eancia energ\u00e9tica<\/h2>\t\t\t\t<\/div>\n\t\t\t\t<\/div>\n\t\t\t\t<div class=\"elementor-element elementor-element-25efc5f elementor-widget elementor-widget-text-editor\" data-id=\"25efc5f\" data-element_type=\"widget\" data-e-type=\"widget\" data-widget_type=\"text-editor.default\">\n\t\t\t\t<div class=\"elementor-widget-container\">\n\t\t\t\t\t\t\t\t\t<p><span style=\"font-weight: 400;\">Ao controlar simultaneamente a entrada de calor e a ilumina\u00e7\u00e3o natural, o vidro adequado pode reduzir o consumo de energia associado ao ar-condicionado e \u00e0 ilumina\u00e7\u00e3o artificial, contribuindo para edifica\u00e7\u00f5es mais eficientes e sustent\u00e1veis.<\/span><\/p>\t\t\t\t\t\t\t\t<\/div>\n\t\t\t\t<\/div>\n\t\t\t\t\t<\/div>\n\t\t<\/div>\n\t\t\t\t<div class=\"elementor-column elementor-col-33 elementor-inner-column elementor-element elementor-element-f971fa7 elementor-hidden-desktop elementor-hidden-tablet elementor-hidden-mobile elementor-invisible\" data-id=\"f971fa7\" data-element_type=\"column\" data-e-type=\"column\" data-settings=\"{&quot;animation&quot;:&quot;fadeIn&quot;,&quot;background_background&quot;:&quot;classic&quot;}\">\n\t\t\t<div class=\"elementor-widget-wrap elementor-element-populated\">\n\t\t\t\t\t\t<div class=\"elementor-element elementor-element-cd6bf9b elementor-view-framed elementor-shape-circle elementor-widget elementor-widget-icon\" data-id=\"cd6bf9b\" data-element_type=\"widget\" data-e-type=\"widget\" data-widget_type=\"icon.default\">\n\t\t\t\t<div class=\"elementor-widget-container\">\n\t\t\t\t\t\t\t<div class=\"elementor-icon-wrapper\">\n\t\t\t<div class=\"elementor-icon\">\n\t\t\t<i aria-hidden=\"true\" class=\"huge huge-ear\"><\/i>\t\t\t<\/div>\n\t\t<\/div>\n\t\t\t\t\t\t<\/div>\n\t\t\t\t<\/div>\n\t\t\t\t<div class=\"elementor-element elementor-element-219db04 elementor-widget elementor-widget-heading\" data-id=\"219db04\" data-element_type=\"widget\" data-e-type=\"widget\" data-widget_type=\"heading.default\">\n\t\t\t\t<div class=\"elementor-widget-container\">\n\t\t\t\t\t<h2 class=\"elementor-heading-title elementor-size-default\">Conforto ac\u00fastico<\/h2>\t\t\t\t<\/div>\n\t\t\t\t<\/div>\n\t\t\t\t<div class=\"elementor-element elementor-element-3893ce6 elementor-widget elementor-widget-text-editor\" data-id=\"3893ce6\" data-element_type=\"widget\" data-e-type=\"widget\" data-widget_type=\"text-editor.default\">\n\t\t\t\t<div class=\"elementor-widget-container\">\n\t\t\t\t\t\t\t\t\t<p><span style=\"font-weight: 400;\">Vidros laminados e sistemas insulados podem reduzir significativamente a transmiss\u00e3o de ru\u00eddos externos, tornando halls, salas de reuni\u00e3o, academias e \u00e1reas de conviv\u00eancia mais confort\u00e1veis.<\/span><\/p>\t\t\t\t\t\t\t\t<\/div>\n\t\t\t\t<\/div>\n\t\t\t\t\t<\/div>\n\t\t<\/div>\n\t\t\t\t\t<\/div>\n\t\t<\/section>\n\t\t\t\t<div class=\"elementor-element elementor-element-905ef20 elementor-align-center elementor-mobile-align-justify elementor-widget elementor-widget-button\" data-id=\"905ef20\" data-element_type=\"widget\" data-e-type=\"widget\" data-widget_type=\"button.default\">\n\t\t\t\t<div class=\"elementor-widget-container\">\n\t\t\t\t\t\t\t\t\t<div class=\"elementor-button-wrapper\">\n\t\t\t\t\t<a class=\"elementor-button elementor-button-link elementor-size-sm elementor-animation-shrink\" href=\"#materiais\" id=\"ver-materiais\">\n\t\t\t\t\t\t<span class=\"elementor-button-content-wrapper\">\n\t\t\t\t\t\t\t\t\t<span class=\"elementor-button-text\">Baixar guia<\/span>\n\t\t\t\t\t<\/span>\n\t\t\t\t\t<\/a>\n\t\t\t\t<\/div>\n\t\t\t\t\t\t\t\t<\/div>\n\t\t\t\t<\/div>\n\t\t\t\t\t<\/div>\n\t\t<\/div>\n\t\t\t\t\t<\/div>\n\t\t<\/section>\n\t\t\t\t<section class=\"elementor-section elementor-top-section elementor-element elementor-element-f43e5d6 elementor-section-boxed elementor-section-height-default elementor-section-height-default wpr-particle-no wpr-jarallax-no wpr-parallax-no wpr-sticky-section-no wpr-column-slider-no wpr-equal-height-no\" data-id=\"f43e5d6\" data-element_type=\"section\" data-e-type=\"section\" data-settings=\"{&quot;background_background&quot;:&quot;classic&quot;,&quot;_ha_eqh_enable&quot;:false}\">\n\t\t\t\t\t\t<div class=\"elementor-container elementor-column-gap-default\">\n\t\t\t\t\t<div class=\"elementor-column elementor-col-50 elementor-top-column elementor-element elementor-element-c7050c1\" data-id=\"c7050c1\" data-element_type=\"column\" data-e-type=\"column\">\n\t\t\t<div class=\"elementor-widget-wrap elementor-element-populated\">\n\t\t\t\t\t\t<div class=\"elementor-element elementor-element-228b605 elementor-widget elementor-widget-menu-anchor\" data-id=\"228b605\" data-element_type=\"widget\" data-e-type=\"widget\" data-widget_type=\"menu-anchor.default\">\n\t\t\t\t<div class=\"elementor-widget-container\">\n\t\t\t\t\t\t\t<div class=\"elementor-menu-anchor\" id=\"materiais\"><\/div>\n\t\t\t\t\t\t<\/div>\n\t\t\t\t<\/div>\n\t\t\t\t<div class=\"elementor-element elementor-element-4a906e6 elementor-widget elementor-widget-heading\" data-id=\"4a906e6\" data-element_type=\"widget\" data-e-type=\"widget\" data-widget_type=\"heading.default\">\n\t\t\t\t<div class=\"elementor-widget-container\">\n\t\t\t\t\t<h2 class=\"elementor-heading-title elementor-size-default\">Baixe o material<\/h2>\t\t\t\t<\/div>\n\t\t\t\t<\/div>\n\t\t\t\t<div class=\"elementor-element elementor-element-d53b46d elementor-widget elementor-widget-text-editor\" data-id=\"d53b46d\" data-element_type=\"widget\" data-e-type=\"widget\" data-widget_type=\"text-editor.default\">\n\t\t\t\t<div class=\"elementor-widget-container\">\n\t\t\t\t\t\t\t\t\t<p><span style=\"font-weight: 400;\">O vidro est\u00e1 presente em praticamente todas as \u00e1reas comuns das edifica\u00e7\u00f5es modernas, como portarias, halls, fachadas, guarda-corpos, academias, sal\u00f5es de festas, passarelas, coberturas e espa\u00e7os de conviv\u00eancia.\u00a0<\/span><\/p><p>Preenchar o formul\u00e1rio abaixo e receba nosso guia diretamente em seu e-mail.<\/p>\t\t\t\t\t\t\t\t<\/div>\n\t\t\t\t<\/div>\n\t\t\t\t<div class=\"elementor-element elementor-element-463346d ha-has-bg-overlay elementor-widget elementor-widget-shortcode\" data-id=\"463346d\" data-element_type=\"widget\" data-e-type=\"widget\" data-widget_type=\"shortcode.default\">\n\t\t\t\t<div class=\"elementor-widget-container\">\n\t\t\t\t\t\t\t<div class=\"elementor-shortcode\"><div class=\"forminator-ui forminator-custom-form forminator-custom-form-6226 forminator-design--material  forminator_ajax\" data-forminator-render=\"0\" data-form=\"forminator-module-6226\" data-uid=\"6a9d26f73dee3\"><br\/><\/div><form\n\t\t\t\tid=\"forminator-module-6226\"\n\t\t\t\tclass=\"forminator-ui forminator-custom-form forminator-custom-form-6226 forminator-design--material  forminator_ajax\"\n\t\t\t\tmethod=\"post\"\n\t\t\t\tdata-forminator-render=\"0\"\n\t\t\t\tdata-form-id=\"6226\"\n\t\t\t\t data-color-option=\"default\" data-design=\"material\" data-grid=\"open\" style=\"display: none;\"\n\t\t\t\tdata-uid=\"6a9d26f73dee3\"\n\t\t\t><div role=\"alert\" aria-live=\"polite\" class=\"forminator-response-message forminator-error\" aria-hidden=\"true\"><\/div><div class=\"forminator-row\"><div id=\"name-1\" class=\"forminator-field-name forminator-col forminator-col-6 \"><div class=\"forminator-field\"><label for=\"forminator-field-name-1_6a9d26f73dee3\" id=\"forminator-field-name-1_6a9d26f73dee3-label\" class=\"forminator-label\">Nome<\/label><input type=\"text\" name=\"name-1\" value=\"\" placeholder=\"\" id=\"forminator-field-name-1_6a9d26f73dee3\" class=\"forminator-input forminator-name--field\" aria-required=\"false\" autocomplete=\"name\" \/><\/div><\/div><div id=\"email-1\" class=\"forminator-field-email forminator-col forminator-col-6 \"><div class=\"forminator-field\"><label for=\"forminator-field-email-1_6a9d26f73dee3\" id=\"forminator-field-email-1_6a9d26f73dee3-label\" class=\"forminator-label\">E-mail <span class=\"forminator-required\">*<\/span><\/label><input type=\"email\" name=\"email-1\" value=\"\" placeholder=\"\" id=\"forminator-field-email-1_6a9d26f73dee3\" class=\"forminator-input forminator-email--field\" data-required=\"1\" aria-required=\"true\" autocomplete=\"email\" \/><\/div><\/div><\/div><div class=\"forminator-row\"><div id=\"select-1\" class=\"forminator-field-select forminator-col forminator-col-12 \"><div class=\"forminator-field\"><label for=\"forminator-form-6226__field--select-1_6a9d26f73dee3\" id=\"forminator-form-6226__field--select-1_6a9d26f73dee3-label\" class=\"forminator-label\">Sua profiss\u00e3o<\/label><select  id=\"forminator-form-6226__field--select-1_6a9d26f73dee3\" class=\"forminator-select--field forminator-select2 forminator-select2-multiple\" data-required=\"\" name=\"select-1\" data-default-value=\"\" data-hidden-behavior=\"zero\" data-placeholder=\"\" data-search=\"false\" data-search-placeholder=\"\" data-checkbox=\"false\" data-allow-clear=\"false\" aria-labelledby=\"forminator-form-6226__field--select-1_6a9d26f73dee3-label\"><option value=\"one\"  data-calculation=\"0\">Arquiteta \/ Arquiteto<\/option><option value=\"two\"  data-calculation=\"0\">Caixilheiro<\/option><option value=\"Designer-de-Interiores\"  data-calculation=\"0\">Designer de Interiores<\/option><option value=\"Engenheira---Engenheiro\"  data-calculation=\"0\">Engenheira \/ Engenheiro<\/option><option value=\"Sistemista\"  data-calculation=\"0\">Sistemista<\/option><option value=\"Vidraceiro\"  data-calculation=\"0\">Vidraceiro<\/option><option value=\"Outro\"  data-calculation=\"0\">Outro<\/option><\/select><\/div><\/div><\/div><div class=\"forminator-row\"><div id=\"name-2\" class=\"forminator-field-name forminator-col forminator-col-12 \"><div class=\"forminator-field\"><label for=\"forminator-field-name-2_6a9d26f73dee3\" id=\"forminator-field-name-2_6a9d26f73dee3-label\" class=\"forminator-label\">Qual?<\/label><input type=\"text\" name=\"name-2\" value=\"\" placeholder=\"\" id=\"forminator-field-name-2_6a9d26f73dee3\" class=\"forminator-input forminator-name--field\" aria-required=\"false\" autocomplete=\"name\" \/><\/div><\/div><\/div><input type=\"hidden\" name=\"referer_url\" value=\"\" \/><div class=\"forminator-row forminator-row-last\"><div class=\"forminator-col\"><div class=\"forminator-field\"><button class=\"forminator-button forminator-button-submit\"><span>Baixar Guia<\/span><span aria-hidden=\"true\"><\/span><\/button><\/div><\/div><\/div><input type=\"hidden\" id=\"forminator_nonce\" name=\"forminator_nonce\" value=\"a068606bf3\" \/><input type=\"hidden\" name=\"_wp_http_referer\" value=\"\/vc-novo\/wp-json\/wp\/v2\/pages\/6212\" \/><input type=\"hidden\" name=\"form_id\" value=\"6226\"><input type=\"hidden\" name=\"page_id\" value=\"6212\"><input type=\"hidden\" name=\"form_type\" value=\"default\"><input type=\"hidden\" name=\"current_url\" value=\"https:\/\/vidrocerto.org.br\/vc-novo\/guia-vidro-areas-comuns-condominios\/\"><input type=\"hidden\" name=\"render_id\" value=\"0\"><input type=\"hidden\" name=\"action\" value=\"forminator_submit_form_custom-forms\"><\/form><\/div>\n\t\t\t\t\t\t<\/div>\n\t\t\t\t<\/div>\n\t\t\t\t\t<\/div>\n\t\t<\/div>\n\t\t\t\t<div class=\"elementor-column elementor-col-50 elementor-top-column elementor-element elementor-element-61f06fc\" data-id=\"61f06fc\" data-element_type=\"column\" data-e-type=\"column\">\n\t\t\t<div class=\"elementor-widget-wrap elementor-element-populated\">\n\t\t\t\t\t\t<div class=\"elementor-element elementor-element-97cd4c0 elementor-widget elementor-widget-menu-anchor\" data-id=\"97cd4c0\" data-element_type=\"widget\" data-e-type=\"widget\" data-widget_type=\"menu-anchor.default\">\n\t\t\t\t<div class=\"elementor-widget-container\">\n\t\t\t\t\t\t\t<div class=\"elementor-menu-anchor\" id=\"materiais\"><\/div>\n\t\t\t\t\t\t<\/div>\n\t\t\t\t<\/div>\n\t\t\t\t<div class=\"elementor-element elementor-element-58f902b elementor-widget elementor-widget-image\" data-id=\"58f902b\" data-element_type=\"widget\" data-e-type=\"widget\" data-widget_type=\"image.default\">\n\t\t\t\t<div class=\"elementor-widget-container\">\n\t\t\t\t\t\t\t\t\t\t\t\t\t\t\t<img decoding=\"async\" width=\"580\" height=\"580\" src=\"https:\/\/vidrocerto.org.br\/vc-novo\/wp-content\/uploads\/2026\/07\/Download-areas-comuns.webp\" class=\"attachment-large size-large wp-image-6224\" alt=\"\" srcset=\"https:\/\/vidrocerto.org.br\/vc-novo\/wp-content\/uploads\/2026\/07\/Download-areas-comuns.webp 900w, https:\/\/vidrocerto.org.br\/vc-novo\/wp-content\/uploads\/2026\/07\/Download-areas-comuns-300x300.webp 300w, https:\/\/vidrocerto.org.br\/vc-novo\/wp-content\/uploads\/2026\/07\/Download-areas-comuns-150x150.webp 150w, https:\/\/vidrocerto.org.br\/vc-novo\/wp-content\/uploads\/2026\/07\/Download-areas-comuns-768x768.webp 768w, https:\/\/vidrocerto.org.br\/vc-novo\/wp-content\/uploads\/2026\/07\/Download-areas-comuns-200x200.webp 200w\" sizes=\"(max-width: 580px) 100vw, 580px\" \/>\t\t\t\t\t\t\t\t\t\t\t\t\t\t\t<\/div>\n\t\t\t\t<\/div>\n\t\t\t\t\t<\/div>\n\t\t<\/div>\n\t\t\t\t\t<\/div>\n\t\t<\/section>\n\t\t\t\t<section class=\"elementor-section elementor-top-section elementor-element elementor-element-b0742d0 elementor-section-boxed elementor-section-height-default elementor-section-height-default wpr-particle-no wpr-jarallax-no wpr-parallax-no wpr-sticky-section-no wpr-column-slider-no wpr-equal-height-no\" data-id=\"b0742d0\" data-element_type=\"section\" data-e-type=\"section\" data-settings=\"{&quot;background_background&quot;:&quot;classic&quot;,&quot;_ha_eqh_enable&quot;:false}\">\n\t\t\t\t\t\t<div class=\"elementor-container elementor-column-gap-default\">\n\t\t\t\t\t<div class=\"elementor-column elementor-col-50 elementor-top-column elementor-element elementor-element-246112f\" data-id=\"246112f\" data-element_type=\"column\" data-e-type=\"column\">\n\t\t\t<div class=\"elementor-widget-wrap elementor-element-populated\">\n\t\t\t\t\t\t<div class=\"elementor-element elementor-element-f814e62 elementor-widget elementor-widget-image\" data-id=\"f814e62\" data-element_type=\"widget\" data-e-type=\"widget\" data-widget_type=\"image.default\">\n\t\t\t\t<div class=\"elementor-widget-container\">\n\t\t\t\t\t\t\t\t\t\t\t\t\t\t\t<img decoding=\"async\" src=\"https:\/\/vidrocerto.org.br\/vc-novo\/wp-content\/uploads\/elementor\/thumbs\/logo_vidro_certo_300x300-q1kt6a779a4neds9zxvedav8opa3byfvepo9s4hxw0.png\" title=\"logo_vidro_certo_300x300\" alt=\"logo_vidro_certo_300x300\" loading=\"lazy\" \/>\t\t\t\t\t\t\t\t\t\t\t\t\t\t\t<\/div>\n\t\t\t\t<\/div>\n\t\t\t\t<div class=\"elementor-element elementor-element-56dfe92 elementor-shape-square elementor-grid-0 e-grid-align-center elementor-widget elementor-widget-social-icons\" data-id=\"56dfe92\" data-element_type=\"widget\" data-e-type=\"widget\" data-widget_type=\"social-icons.default\">\n\t\t\t\t<div class=\"elementor-widget-container\">\n\t\t\t\t\t\t\t<div class=\"elementor-social-icons-wrapper elementor-grid\" role=\"list\">\n\t\t\t\t\t\t\t<span class=\"elementor-grid-item\" role=\"listitem\">\n\t\t\t\t\t<a class=\"elementor-icon elementor-social-icon elementor-social-icon-facebook elementor-animation-grow elementor-repeater-item-e7ce608\" href=\"https:\/\/www.facebook.com\/Portal-Vidro-Certo-102213554940748\" target=\"_blank\">\n\t\t\t\t\t\t<span class=\"elementor-screen-only\">Facebook<\/span>\n\t\t\t\t\t\t<i aria-hidden=\"true\" class=\"fab fa-facebook\"><\/i>\t\t\t\t\t<\/a>\n\t\t\t\t<\/span>\n\t\t\t\t\t\t\t<span class=\"elementor-grid-item\" role=\"listitem\">\n\t\t\t\t\t<a class=\"elementor-icon elementor-social-icon elementor-social-icon-instagram elementor-animation-grow elementor-repeater-item-eca31ca\" href=\"https:\/\/www.instagram.com\/portal_vidro_certo\/\" target=\"_blank\">\n\t\t\t\t\t\t<span class=\"elementor-screen-only\">Instagram<\/span>\n\t\t\t\t\t\t<i aria-hidden=\"true\" class=\"fab fa-instagram\"><\/i>\t\t\t\t\t<\/a>\n\t\t\t\t<\/span>\n\t\t\t\t\t\t\t<span class=\"elementor-grid-item\" role=\"listitem\">\n\t\t\t\t\t<a class=\"elementor-icon elementor-social-icon elementor-social-icon-youtube elementor-animation-grow elementor-repeater-item-5cbb56a\" href=\"https:\/\/www.youtube.com\/channel\/UCa3dLbcf0VEyUZq6uoRqDjg\" target=\"_blank\">\n\t\t\t\t\t\t<span class=\"elementor-screen-only\">Youtube<\/span>\n\t\t\t\t\t\t<i aria-hidden=\"true\" class=\"fab fa-youtube\"><\/i>\t\t\t\t\t<\/a>\n\t\t\t\t<\/span>\n\t\t\t\t\t\t\t<span class=\"elementor-grid-item\" role=\"listitem\">\n\t\t\t\t\t<a class=\"elementor-icon elementor-social-icon elementor-social-icon-linkedin elementor-animation-grow elementor-repeater-item-6bc9cf4\" href=\"https:\/\/www.linkedin.com\/company\/portal-vidro-certo\/\" target=\"_blank\">\n\t\t\t\t\t\t<span class=\"elementor-screen-only\">Linkedin<\/span>\n\t\t\t\t\t\t<i aria-hidden=\"true\" class=\"fab fa-linkedin\"><\/i>\t\t\t\t\t<\/a>\n\t\t\t\t<\/span>\n\t\t\t\t\t<\/div>\n\t\t\t\t\t\t<\/div>\n\t\t\t\t<\/div>\n\t\t\t\t\t<\/div>\n\t\t<\/div>\n\t\t\t\t<div class=\"elementor-column elementor-col-50 elementor-top-column elementor-element elementor-element-63aa342\" data-id=\"63aa342\" data-element_type=\"column\" data-e-type=\"column\">\n\t\t\t<div class=\"elementor-widget-wrap elementor-element-populated\">\n\t\t\t\t\t\t<div class=\"elementor-element elementor-element-7de2b3a elementor-widget elementor-widget-text-editor\" data-id=\"7de2b3a\" data-element_type=\"widget\" data-e-type=\"widget\" data-widget_type=\"text-editor.default\">\n\t\t\t\t<div class=\"elementor-widget-container\">\n\t\t\t\t\t\t\t\t\t<p>O portal Vidro Certo \u00e9 uma iniciativa da <a href=\"https:\/\/abividro.org.br\/\">ABIVIDRO<\/a>, e segue suas diretrizes de <a href=\"https:\/\/abividro.org.br\/politica-de-privacidade\/\">Pol\u00edtica de Privacidade.<\/a><\/p><div class=\"wpb_text_column wpb_content_element text-legal\"><div class=\"wpb_wrapper\"><p>O conte\u00fado fornecido para esta p\u00e1gina est\u00e1 dispon\u00edvel somente para fins informativos. A Abividro n\u00e3o se responsabiliza pelo conte\u00fado dos sites vinculados, bem como por suas pr\u00e1ticas individuais. Os sites cujos links s\u00e3o fornecidos em nossas p\u00e1ginas possuem seus pr\u00f3prios termos e condi\u00e7\u00f5es e pol\u00edticas de privacidade, e devem ser avaliados individualmente.\u00a0<a href=\"https:\/\/abividro.org.br\/abividro\/codigo-de-conduta\/\">Clique aqui<\/a>\u00a0e leia nosso C\u00f3digo de Conduta.<\/p><\/div><\/div>\t\t\t\t\t\t\t\t<\/div>\n\t\t\t\t<\/div>\n\t\t\t\t\t<\/div>\n\t\t<\/div>\n\t\t\t\t\t<\/div>\n\t\t<\/section>\n\t\t\t\t<\/div>\n\t\t","protected":false},"excerpt":{"rendered":"<p>Guia de Vidros em \u00e1reas comuns de condom\u00ednios Mais do que um elemento arquitet\u00f4nico, o vidro influencia diretamente a seguran\u00e7a das pessoas, o conforto t\u00e9rmico e ac\u00fastico, a efici\u00eancia energ\u00e9tica, a durabilidade da edifica\u00e7\u00e3o e at\u00e9 a responsabilidade civil da administra\u00e7\u00e3o. Baixar guia Conhe\u00e7a mais Por que o vidro merece aten\u00e7\u00e3o nas \u00e1reas comuns? O uso do vidro na arquitetura contempor\u00e2nea cresceu significativamente nas \u00faltimas d\u00e9cadas. Sua capacidade de ampliar a entrada de luz natural, integrar ambientes, valorizar fachadas e criar espa\u00e7os visualmente mais amplos fez com que ele se tornasse um elemento presente em praticamente todos os edif\u00edcios residenciais, comerciais, corporativos e institucionais.\u00a0 Nas \u00e1reas comuns, entretanto, o vidro desempenha uma fun\u00e7\u00e3o que vai muito al\u00e9m da est\u00e9tica. Ele est\u00e1 presente em locais de circula\u00e7\u00e3o intensa e de uso coletivo, onde centenas ou at\u00e9 milhares de pessoas podem transitar diariamente. Isso exige que sua especifica\u00e7\u00e3o considere crit\u00e9rios t\u00e9cnicos relacionados \u00e0 seguran\u00e7a, ao conforto, \u00e0 durabilidade e ao desempenho da edifica\u00e7\u00e3o. Baixar guia Benef\u00edcios da especifica\u00e7\u00e3o correta Quando corretamente especificado, o vidro pode contribuir para diversos aspectos do desempenho da edifica\u00e7\u00e3o. Seguran\u00e7a dos usu\u00e1rios A utiliza\u00e7\u00e3o de vidros de seguran\u00e7a reduz o risco de acidentes em situa\u00e7\u00f5es de impacto e pode impedir a queda de fragmentos ou de pessoas em aplica\u00e7\u00f5es cr\u00edticas. Conforto t\u00e9rmico Vidros de controle solar e vidros de baixa emissividade (low-e) ajudam a controlar o ganho de calor, mantendo elevados n\u00edveis de ilumina\u00e7\u00e3o natural e reduzindo a necessidade de climatiza\u00e7\u00e3o artificial. Conforto ac\u00fastico Vidros laminados e sistemas insulados podem reduzir significativamente a transmiss\u00e3o de ru\u00eddos externos, tornando halls, salas de reuni\u00e3o, academias e \u00e1reas de conviv\u00eancia mais confort\u00e1veis. Prote\u00e7\u00e3o contra radia\u00e7\u00e3o UV Os vidros laminados podem bloquear at\u00e9 99% da radia\u00e7\u00e3o UV, contribuindo para a preserva\u00e7\u00e3o de pisos, m\u00f3veis, revestimentos, obras de arte e demais elementos expostos \u00e0 luz solar. Efici\u00eancia energ\u00e9tica Ao controlar simultaneamente a entrada de calor e a ilumina\u00e7\u00e3o natural, o vidro adequado pode reduzir o consumo de energia associado ao ar-condicionado e \u00e0 ilumina\u00e7\u00e3o artificial, contribuindo para edifica\u00e7\u00f5es mais eficientes e sustent\u00e1veis. Conforto ac\u00fastico Vidros laminados e sistemas insulados podem reduzir significativamente a transmiss\u00e3o de ru\u00eddos externos, tornando halls, salas de reuni\u00e3o, academias e \u00e1reas de conviv\u00eancia mais confort\u00e1veis. Baixar guia Baixe o material O vidro est\u00e1 presente em praticamente todas as \u00e1reas comuns das edifica\u00e7\u00f5es modernas, como portarias, halls, fachadas, guarda-corpos, academias, sal\u00f5es de festas, passarelas, coberturas e espa\u00e7os de conviv\u00eancia.\u00a0 Preenchar o formul\u00e1rio abaixo e receba nosso guia diretamente em seu e-mail. Facebook Instagram Youtube Linkedin O portal Vidro Certo \u00e9 uma iniciativa da ABIVIDRO, e segue suas diretrizes de Pol\u00edtica de Privacidade. O conte\u00fado fornecido para esta p\u00e1gina est\u00e1 dispon\u00edvel somente para fins informativos. A Abividro n\u00e3o se responsabiliza pelo conte\u00fado dos sites vinculados, bem como por suas pr\u00e1ticas individuais. Os sites cujos links s\u00e3o fornecidos em nossas p\u00e1ginas possuem seus pr\u00f3prios termos e condi\u00e7\u00f5es e pol\u00edticas de privacidade, e devem ser avaliados individualmente.\u00a0Clique aqui\u00a0e leia nosso C\u00f3digo de Conduta.<\/p>\n","protected":false},"author":1,"featured_media":6213,"parent":0,"menu_order":0,"comment_status":"closed","ping_status":"closed","template":"elementor_header_footer","meta":{"inline_featured_image":false,"footnotes":""},"class_list":["post-6212","page","type-page","status-publish","has-post-thumbnail","hentry"],"yoast_head":"<!-- This site is optimized with the Yoast SEO plugin v28.4 - https:\/\/yoast.com\/product\/yoast-seo-wordpress\/ -->\n<title>Guia do Vidro em \u00e1reas comuns de condom\u00ednios | Seguran\u00e7a e NBR 7199 - Vidro Certo<\/title>\n<meta name=\"description\" content=\"Descubra como escolher o vidro ideal para \u00e1reas comuns de condom\u00ednios e edif\u00edcios. Conhe\u00e7a os tipos de vidro de seguran\u00e7a, a ABNT NBR 7199, crit\u00e9rios de especifica\u00e7\u00e3o, manuten\u00e7\u00e3o e boas pr\u00e1ticas para garantir seguran\u00e7a, conforto e efici\u00eancia.\" \/>\n<meta name=\"robots\" content=\"index, follow, max-snippet:-1, max-image-preview:large, max-video-preview:-1\" \/>\n<link rel=\"canonical\" href=\"https:\/\/vidrocerto.org.br\/vc-novo\/guia-vidro-areas-comuns-condominios\/\" \/>\n<meta property=\"og:locale\" content=\"pt_BR\" \/>\n<meta property=\"og:type\" content=\"article\" \/>\n<meta property=\"og:title\" content=\"Guia do Vidro em \u00e1reas comuns de condom\u00ednios | Seguran\u00e7a e NBR 7199 - Vidro Certo\" \/>\n<meta property=\"og:description\" content=\"Descubra como escolher o vidro ideal para \u00e1reas comuns de condom\u00ednios e edif\u00edcios. Conhe\u00e7a os tipos de vidro de seguran\u00e7a, a ABNT NBR 7199, crit\u00e9rios de especifica\u00e7\u00e3o, manuten\u00e7\u00e3o e boas pr\u00e1ticas para garantir seguran\u00e7a, conforto e efici\u00eancia.\" \/>\n<meta property=\"og:url\" content=\"https:\/\/vidrocerto.org.br\/vc-novo\/guia-vidro-areas-comuns-condominios\/\" \/>\n<meta property=\"og:site_name\" content=\"Vidro Certo\" \/>\n<meta property=\"article:publisher\" content=\"https:\/\/www.facebook.com\/profile.php?id=100063684271289\" \/>\n<meta property=\"article:modified_time\" content=\"2026-07-30T13:41:59+00:00\" \/>\n<meta property=\"og:image\" content=\"https:\/\/vidrocerto.org.br\/vc-novo\/wp-content\/uploads\/2026\/07\/Banner-vidros-em-areas-comuns.webp\" \/>\n\t<meta property=\"og:image:width\" content=\"1920\" \/>\n\t<meta property=\"og:image:height\" content=\"1080\" \/>\n\t<meta property=\"og:image:type\" content=\"image\/webp\" \/>\n<meta name=\"twitter:card\" content=\"summary_large_image\" \/>\n<meta name=\"twitter:label1\" content=\"Est. tempo de leitura\" \/>\n\t<meta name=\"twitter:data1\" content=\"4 minutos\" \/>\n<script type=\"application\/ld+json\" class=\"yoast-schema-graph\">{\"@context\":\"https:\\\/\\\/schema.org\",\"@graph\":[{\"@type\":\"WebPage\",\"@id\":\"https:\\\/\\\/vidrocerto.org.br\\\/vc-novo\\\/guia-vidro-areas-comuns-condominios\\\/\",\"url\":\"https:\\\/\\\/vidrocerto.org.br\\\/vc-novo\\\/guia-vidro-areas-comuns-condominios\\\/\",\"name\":\"Guia do Vidro em \u00e1reas comuns de condom\u00ednios | Seguran\u00e7a e NBR 7199 - Vidro Certo\",\"isPartOf\":{\"@id\":\"https:\\\/\\\/vidrocerto.org.br\\\/vc-novo\\\/#website\"},\"primaryImageOfPage\":{\"@id\":\"https:\\\/\\\/vidrocerto.org.br\\\/vc-novo\\\/guia-vidro-areas-comuns-condominios\\\/#primaryimage\"},\"image\":{\"@id\":\"https:\\\/\\\/vidrocerto.org.br\\\/vc-novo\\\/guia-vidro-areas-comuns-condominios\\\/#primaryimage\"},\"thumbnailUrl\":\"https:\\\/\\\/vidrocerto.org.br\\\/vc-novo\\\/wp-content\\\/uploads\\\/2026\\\/07\\\/Banner-vidros-em-areas-comuns.webp\",\"datePublished\":\"2026-07-30T13:13:24+00:00\",\"dateModified\":\"2026-07-30T13:41:59+00:00\",\"description\":\"Descubra como escolher o vidro ideal para \u00e1reas comuns de condom\u00ednios e edif\u00edcios. Conhe\u00e7a os tipos de vidro de seguran\u00e7a, a ABNT NBR 7199, crit\u00e9rios de especifica\u00e7\u00e3o, manuten\u00e7\u00e3o e boas pr\u00e1ticas para garantir seguran\u00e7a, conforto e efici\u00eancia.\",\"breadcrumb\":{\"@id\":\"https:\\\/\\\/vidrocerto.org.br\\\/vc-novo\\\/guia-vidro-areas-comuns-condominios\\\/#breadcrumb\"},\"inLanguage\":\"pt-BR\",\"potentialAction\":[{\"@type\":\"ReadAction\",\"target\":[\"https:\\\/\\\/vidrocerto.org.br\\\/vc-novo\\\/guia-vidro-areas-comuns-condominios\\\/\"]}]},{\"@type\":\"ImageObject\",\"inLanguage\":\"pt-BR\",\"@id\":\"https:\\\/\\\/vidrocerto.org.br\\\/vc-novo\\\/guia-vidro-areas-comuns-condominios\\\/#primaryimage\",\"url\":\"https:\\\/\\\/vidrocerto.org.br\\\/vc-novo\\\/wp-content\\\/uploads\\\/2026\\\/07\\\/Banner-vidros-em-areas-comuns.webp\",\"contentUrl\":\"https:\\\/\\\/vidrocerto.org.br\\\/vc-novo\\\/wp-content\\\/uploads\\\/2026\\\/07\\\/Banner-vidros-em-areas-comuns.webp\",\"width\":1920,\"height\":1080},{\"@type\":\"BreadcrumbList\",\"@id\":\"https:\\\/\\\/vidrocerto.org.br\\\/vc-novo\\\/guia-vidro-areas-comuns-condominios\\\/#breadcrumb\",\"itemListElement\":[{\"@type\":\"ListItem\",\"position\":1,\"name\":\"In\u00edcio\",\"item\":\"https:\\\/\\\/vidrocerto.org.br\\\/vc-novo\\\/\"},{\"@type\":\"ListItem\",\"position\":2,\"name\":\"Guia do Vidro em \u00e1reas comuns de condom\u00ednios | Seguran\u00e7a e NBR 7199\"}]},{\"@type\":\"WebSite\",\"@id\":\"https:\\\/\\\/vidrocerto.org.br\\\/vc-novo\\\/#website\",\"url\":\"https:\\\/\\\/vidrocerto.org.br\\\/vc-novo\\\/\",\"name\":\"Vidro Certo\",\"description\":\"Seu portal do vidro plano\",\"publisher\":{\"@id\":\"https:\\\/\\\/vidrocerto.org.br\\\/vc-novo\\\/#organization\"},\"potentialAction\":[{\"@type\":\"SearchAction\",\"target\":{\"@type\":\"EntryPoint\",\"urlTemplate\":\"https:\\\/\\\/vidrocerto.org.br\\\/vc-novo\\\/?s={search_term_string}\"},\"query-input\":{\"@type\":\"PropertyValueSpecification\",\"valueRequired\":true,\"valueName\":\"search_term_string\"}}],\"inLanguage\":\"pt-BR\"},{\"@type\":\"Organization\",\"@id\":\"https:\\\/\\\/vidrocerto.org.br\\\/vc-novo\\\/#organization\",\"name\":\"Vidro Certo\",\"url\":\"https:\\\/\\\/vidrocerto.org.br\\\/vc-novo\\\/\",\"logo\":{\"@type\":\"ImageObject\",\"inLanguage\":\"pt-BR\",\"@id\":\"https:\\\/\\\/vidrocerto.org.br\\\/vc-novo\\\/#\\\/schema\\\/logo\\\/image\\\/\",\"url\":\"https:\\\/\\\/vidrocerto.org.br\\\/vc-novo\\\/wp-content\\\/uploads\\\/2023\\\/02\\\/logo_vidro_certo_150x150.png\",\"contentUrl\":\"https:\\\/\\\/vidrocerto.org.br\\\/vc-novo\\\/wp-content\\\/uploads\\\/2023\\\/02\\\/logo_vidro_certo_150x150.png\",\"width\":150,\"height\":150,\"caption\":\"Vidro Certo\"},\"image\":{\"@id\":\"https:\\\/\\\/vidrocerto.org.br\\\/vc-novo\\\/#\\\/schema\\\/logo\\\/image\\\/\"},\"sameAs\":[\"https:\\\/\\\/www.facebook.com\\\/profile.php?id=100063684271289\",\"https:\\\/\\\/www.instagram.com\\\/\"]}]}<\/script>\n<!-- \/ Yoast SEO plugin. -->","yoast_head_json":{"title":"Guia do Vidro em \u00e1reas comuns de condom\u00ednios | Seguran\u00e7a e NBR 7199 - Vidro Certo","description":"Descubra como escolher o vidro ideal para \u00e1reas comuns de condom\u00ednios e edif\u00edcios. Conhe\u00e7a os tipos de vidro de seguran\u00e7a, a ABNT NBR 7199, crit\u00e9rios de especifica\u00e7\u00e3o, manuten\u00e7\u00e3o e boas pr\u00e1ticas para garantir seguran\u00e7a, conforto e efici\u00eancia.","robots":{"index":"index","follow":"follow","max-snippet":"max-snippet:-1","max-image-preview":"max-image-preview:large","max-video-preview":"max-video-preview:-1"},"canonical":"https:\/\/vidrocerto.org.br\/vc-novo\/guia-vidro-areas-comuns-condominios\/","og_locale":"pt_BR","og_type":"article","og_title":"Guia do Vidro em \u00e1reas comuns de condom\u00ednios | Seguran\u00e7a e NBR 7199 - Vidro Certo","og_description":"Descubra como escolher o vidro ideal para \u00e1reas comuns de condom\u00ednios e edif\u00edcios. Conhe\u00e7a os tipos de vidro de seguran\u00e7a, a ABNT NBR 7199, crit\u00e9rios de especifica\u00e7\u00e3o, manuten\u00e7\u00e3o e boas pr\u00e1ticas para garantir seguran\u00e7a, conforto e efici\u00eancia.","og_url":"https:\/\/vidrocerto.org.br\/vc-novo\/guia-vidro-areas-comuns-condominios\/","og_site_name":"Vidro Certo","article_publisher":"https:\/\/www.facebook.com\/profile.php?id=100063684271289","article_modified_time":"2026-07-30T13:41:59+00:00","og_image":[{"width":1920,"height":1080,"url":"https:\/\/vidrocerto.org.br\/vc-novo\/wp-content\/uploads\/2026\/07\/Banner-vidros-em-areas-comuns.webp","type":"image\/webp"}],"twitter_card":"summary_large_image","twitter_misc":{"Est. tempo de leitura":"4 minutos"},"schema":{"@context":"https:\/\/schema.org","@graph":[{"@type":"WebPage","@id":"https:\/\/vidrocerto.org.br\/vc-novo\/guia-vidro-areas-comuns-condominios\/","url":"https:\/\/vidrocerto.org.br\/vc-novo\/guia-vidro-areas-comuns-condominios\/","name":"Guia do Vidro em \u00e1reas comuns de condom\u00ednios | Seguran\u00e7a e NBR 7199 - Vidro Certo","isPartOf":{"@id":"https:\/\/vidrocerto.org.br\/vc-novo\/#website"},"primaryImageOfPage":{"@id":"https:\/\/vidrocerto.org.br\/vc-novo\/guia-vidro-areas-comuns-condominios\/#primaryimage"},"image":{"@id":"https:\/\/vidrocerto.org.br\/vc-novo\/guia-vidro-areas-comuns-condominios\/#primaryimage"},"thumbnailUrl":"https:\/\/vidrocerto.org.br\/vc-novo\/wp-content\/uploads\/2026\/07\/Banner-vidros-em-areas-comuns.webp","datePublished":"2026-07-30T13:13:24+00:00","dateModified":"2026-07-30T13:41:59+00:00","description":"Descubra como escolher o vidro ideal para \u00e1reas comuns de condom\u00ednios e edif\u00edcios. Conhe\u00e7a os tipos de vidro de seguran\u00e7a, a ABNT NBR 7199, crit\u00e9rios de especifica\u00e7\u00e3o, manuten\u00e7\u00e3o e boas pr\u00e1ticas para garantir seguran\u00e7a, conforto e efici\u00eancia.","breadcrumb":{"@id":"https:\/\/vidrocerto.org.br\/vc-novo\/guia-vidro-areas-comuns-condominios\/#breadcrumb"},"inLanguage":"pt-BR","potentialAction":[{"@type":"ReadAction","target":["https:\/\/vidrocerto.org.br\/vc-novo\/guia-vidro-areas-comuns-condominios\/"]}]},{"@type":"ImageObject","inLanguage":"pt-BR","@id":"https:\/\/vidrocerto.org.br\/vc-novo\/guia-vidro-areas-comuns-condominios\/#primaryimage","url":"https:\/\/vidrocerto.org.br\/vc-novo\/wp-content\/uploads\/2026\/07\/Banner-vidros-em-areas-comuns.webp","contentUrl":"https:\/\/vidrocerto.org.br\/vc-novo\/wp-content\/uploads\/2026\/07\/Banner-vidros-em-areas-comuns.webp","width":1920,"height":1080},{"@type":"BreadcrumbList","@id":"https:\/\/vidrocerto.org.br\/vc-novo\/guia-vidro-areas-comuns-condominios\/#breadcrumb","itemListElement":[{"@type":"ListItem","position":1,"name":"In\u00edcio","item":"https:\/\/vidrocerto.org.br\/vc-novo\/"},{"@type":"ListItem","position":2,"name":"Guia do Vidro em \u00e1reas comuns de condom\u00ednios | Seguran\u00e7a e NBR 7199"}]},{"@type":"WebSite","@id":"https:\/\/vidrocerto.org.br\/vc-novo\/#website","url":"https:\/\/vidrocerto.org.br\/vc-novo\/","name":"Vidro Certo","description":"Seu portal do vidro plano","publisher":{"@id":"https:\/\/vidrocerto.org.br\/vc-novo\/#organization"},"potentialAction":[{"@type":"SearchAction","target":{"@type":"EntryPoint","urlTemplate":"https:\/\/vidrocerto.org.br\/vc-novo\/?s={search_term_string}"},"query-input":{"@type":"PropertyValueSpecification","valueRequired":true,"valueName":"search_term_string"}}],"inLanguage":"pt-BR"},{"@type":"Organization","@id":"https:\/\/vidrocerto.org.br\/vc-novo\/#organization","name":"Vidro Certo","url":"https:\/\/vidrocerto.org.br\/vc-novo\/","logo":{"@type":"ImageObject","inLanguage":"pt-BR","@id":"https:\/\/vidrocerto.org.br\/vc-novo\/#\/schema\/logo\/image\/","url":"https:\/\/vidrocerto.org.br\/vc-novo\/wp-content\/uploads\/2023\/02\/logo_vidro_certo_150x150.png","contentUrl":"https:\/\/vidrocerto.org.br\/vc-novo\/wp-content\/uploads\/2023\/02\/logo_vidro_certo_150x150.png","width":150,"height":150,"caption":"Vidro Certo"},"image":{"@id":"https:\/\/vidrocerto.org.br\/vc-novo\/#\/schema\/logo\/image\/"},"sameAs":["https:\/\/www.facebook.com\/profile.php?id=100063684271289","https:\/\/www.instagram.com\/"]}]}},"_links":{"self":[{"href":"https:\/\/vidrocerto.org.br\/vc-novo\/wp-json\/wp\/v2\/pages\/6212","targetHints":{"allow":["GET"]}}],"collection":[{"href":"https:\/\/vidrocerto.org.br\/vc-novo\/wp-json\/wp\/v2\/pages"}],"about":[{"href":"https:\/\/vidrocerto.org.br\/vc-novo\/wp-json\/wp\/v2\/types\/page"}],"author":[{"embeddable":true,"href":"https:\/\/vidrocerto.org.br\/vc-novo\/wp-json\/wp\/v2\/users\/1"}],"replies":[{"embeddable":true,"href":"https:\/\/vidrocerto.org.br\/vc-novo\/wp-json\/wp\/v2\/comments?post=6212"}],"version-history":[{"count":13,"href":"https:\/\/vidrocerto.org.br\/vc-novo\/wp-json\/wp\/v2\/pages\/6212\/revisions"}],"predecessor-version":[{"id":6232,"href":"https:\/\/vidrocerto.org.br\/vc-novo\/wp-json\/wp\/v2\/pages\/6212\/revisions\/6232"}],"wp:featuredmedia":[{"embeddable":true,"href":"https:\/\/vidrocerto.org.br\/vc-novo\/wp-json\/wp\/v2\/media\/6213"}],"wp:attachment":[{"href":"https:\/\/vidrocerto.org.br\/vc-novo\/wp-json\/wp\/v2\/media?parent=6212"}],"curies":[{"name":"wp","href":"https:\/\/api.w.org\/{rel}","templated":true}]}}